{"id":41452,"date":"2022-09-12T12:33:37","date_gmt":"2022-09-12T10:33:37","guid":{"rendered":"https:\/\/www.laguiadepamplona.com\/actualidad\/?post_type=tribe_events&#038;p=41452"},"modified":"2022-09-12T12:33:37","modified_gmt":"2022-09-12T10:33:37","slug":"cafeteando-con-la-asociacion-ruminahui-y-el-servicio-de-asistencia-a-victimas-de-discriminacion-racial-o-etnica","status":"publish","type":"tribe_events","link":"https:\/\/www.laguiadepamplona.com\/actualidad\/evento\/cafeteando-con-la-asociacion-ruminahui-y-el-servicio-de-asistencia-a-victimas-de-discriminacion-racial-o-etnica\/","title":{"rendered":"Cafeteando\u2026 con la Asociaci\u00f3n Rumi\u00f1ahui y el Servicio de Asistencia a V\u00edctimas de Discriminaci\u00f3n Racial o \u00c9tnica."},"content":{"rendered":"<p class=\"3Texto\">Johanna Flores y Melisa Alvarado, ambas de la Asociaci\u00f3n Rumi\u00f1ahui, presentar\u00e1n un proyecto de Convivencia Intercultural entre j\u00f3venes. Esta Asociaci\u00f3n es una organizaci\u00f3n sin \u00e1nimo de lucro que defiende y reivindica los derechos de las personas migradas desde una perspectiva de g\u00e9nero y derechos humanos. Tienen sedes en distintos lugares de Espa\u00f1a y han llegado a Navarra hace poco para hacerse cargo de un Servicio de Asistencia a V\u00edctimas de Discriminaci\u00f3n Racial o \u00c9tnica (SAVCEDRE), junto a la Fundaci\u00f3n Secretariado Gitano, y tambi\u00e9n de un proyecto de Convivencia Intercultural entre J\u00f3venes de Gobierno de Navarra, mediante el cual promocionan la convivencia y el enriquecimiento cultural mutuo a trav\u00e9s de la transculturaci\u00f3n, por medio de actividades de ocio y tiempo libre que generen espacios que incluyan la perspectiva intercultural y la participaci\u00f3n de personas migrantes.<\/p>\n<p>&nbsp;<\/p>\n<p><span style=\"font-size: 12.0pt;\">\u00a0Casa de la Juventud, 19 horas. Entrada libre hasta completar el aforo<\/span><\/p>\n","protected":false},"excerpt":{"rendered":"<p>Johanna Flores y Melisa Alvarado, ambas de la Asociaci\u00f3n Rumi\u00f1ahui, presentar\u00e1n un proyecto de Convivencia Intercultural entre j\u00f3venes. Esta Asociaci\u00f3n es una organizaci\u00f3n sin \u00e1nimo de lucro que defiende y&#8230;<\/p>\n","protected":false},"author":1,"featured_media":0,"comment_status":"open","ping_status":"closed","template":"","meta":{"_tribe_events_status":"","_tribe_events_status_reason":"","footnotes":""},"tags":[],"tribe_events_cat":[9405],"class_list":["post-41452","tribe_events","type-tribe_events","status-publish","hentry","tribe_events_cat-ayuntamiento","cat_ayuntamiento"],"yoast_head":"<!-- This site is optimized with the Yoast SEO plugin v27.3 - https:\/\/yoast.com\/product\/yoast-seo-wordpress\/ -->\n<title>Cafeteando\u2026 con la Asociaci\u00f3n Rumi\u00f1ahui y el Servicio de Asistencia a V\u00edctimas de Discriminaci\u00f3n Racial o \u00c9tnica. - La Gu\u00eda de Pamplona<\/title>\n<meta name=\"robots\" content=\"index, follow, max-snippet:-1, max-image-preview:large, max-video-preview:-1\" \/>\n<link rel=\"canonical\" href=\"https:\/\/www.laguiadepamplona.com\/actualidad\/evento\/cafeteando-con-la-asociacion-ruminahui-y-el-servicio-de-asistencia-a-victimas-de-discriminacion-racial-o-etnica\/\" \/>\n<meta property=\"og:locale\" content=\"es_ES\" \/>\n<meta property=\"og:type\" content=\"article\" \/>\n<meta property=\"og:title\" content=\"Cafeteando\u2026 con la Asociaci\u00f3n Rumi\u00f1ahui y el Servicio de Asistencia a V\u00edctimas de Discriminaci\u00f3n Racial o \u00c9tnica. - La Gu\u00eda de Pamplona\" \/>\n<meta property=\"og:description\" content=\"Johanna Flores y Melisa Alvarado, ambas de la Asociaci\u00f3n Rumi\u00f1ahui, presentar\u00e1n un proyecto de Convivencia Intercultural entre j\u00f3venes. Esta Asociaci\u00f3n es una organizaci\u00f3n sin \u00e1nimo de lucro que defiende y...\" \/>\n<meta property=\"og:url\" content=\"https:\/\/www.laguiadepamplona.com\/actualidad\/evento\/cafeteando-con-la-asociacion-ruminahui-y-el-servicio-de-asistencia-a-victimas-de-discriminacion-racial-o-etnica\/\" \/>\n<meta property=\"og:site_name\" content=\"La Gu\u00eda de Pamplona\" \/>\n<meta property=\"article:publisher\" content=\"https:\/\/www.facebook.com\/laguiadepamplonacom-133175176762273\/?ref=hl\" \/>\n<meta name=\"twitter:card\" content=\"summary_large_image\" \/>\n<meta name=\"twitter:site\" content=\"@LaGuiadPamplona\" \/>\n<meta name=\"twitter:label1\" content=\"Tiempo de lectura\" \/>\n\t<meta name=\"twitter:data1\" content=\"1 minuto\" \/>\n<script type=\"application\/ld+json\" class=\"yoast-schema-graph\">{\"@context\":\"https:\\\/\\\/schema.org\",\"@graph\":[{\"@type\":\"WebPage\",\"@id\":\"https:\\\/\\\/www.laguiadepamplona.com\\\/actualidad\\\/evento\\\/cafeteando-con-la-asociacion-ruminahui-y-el-servicio-de-asistencia-a-victimas-de-discriminacion-racial-o-etnica\\\/\",\"url\":\"https:\\\/\\\/www.laguiadepamplona.com\\\/actualidad\\\/evento\\\/cafeteando-con-la-asociacion-ruminahui-y-el-servicio-de-asistencia-a-victimas-de-discriminacion-racial-o-etnica\\\/\",\"name\":\"Cafeteando\u2026 con la Asociaci\u00f3n Rumi\u00f1ahui y el Servicio de Asistencia a V\u00edctimas de Discriminaci\u00f3n Racial o \u00c9tnica. - La Gu\u00eda de Pamplona\",\"isPartOf\":{\"@id\":\"https:\\\/\\\/www.laguiadepamplona.com\\\/actualidad\\\/#website\"},\"datePublished\":\"2022-09-12T10:33:37+00:00\",\"breadcrumb\":{\"@id\":\"https:\\\/\\\/www.laguiadepamplona.com\\\/actualidad\\\/evento\\\/cafeteando-con-la-asociacion-ruminahui-y-el-servicio-de-asistencia-a-victimas-de-discriminacion-racial-o-etnica\\\/#breadcrumb\"},\"inLanguage\":\"es\",\"potentialAction\":[{\"@type\":\"ReadAction\",\"target\":[\"https:\\\/\\\/www.laguiadepamplona.com\\\/actualidad\\\/evento\\\/cafeteando-con-la-asociacion-ruminahui-y-el-servicio-de-asistencia-a-victimas-de-discriminacion-racial-o-etnica\\\/\"]}]},{\"@type\":\"BreadcrumbList\",\"@id\":\"https:\\\/\\\/www.laguiadepamplona.com\\\/actualidad\\\/evento\\\/cafeteando-con-la-asociacion-ruminahui-y-el-servicio-de-asistencia-a-victimas-de-discriminacion-racial-o-etnica\\\/#breadcrumb\",\"itemListElement\":[{\"@type\":\"ListItem\",\"position\":1,\"name\":\"Portada\",\"item\":\"https:\\\/\\\/www.laguiadepamplona.com\\\/actualidad\\\/\"},{\"@type\":\"ListItem\",\"position\":2,\"name\":\"Eventos\",\"item\":\"https:\\\/\\\/www.laguiadepamplona.com\\\/actualidad\\\/eventos\\\/\"},{\"@type\":\"ListItem\",\"position\":3,\"name\":\"Cafeteando\u2026 con la Asociaci\u00f3n Rumi\u00f1ahui y el Servicio de Asistencia a V\u00edctimas de Discriminaci\u00f3n Racial o \u00c9tnica.\"}]},{\"@type\":\"WebSite\",\"@id\":\"https:\\\/\\\/www.laguiadepamplona.com\\\/actualidad\\\/#website\",\"url\":\"https:\\\/\\\/www.laguiadepamplona.com\\\/actualidad\\\/\",\"name\":\"La gu\u00eda de Pamplona\",\"description\":\"Noticias de Pamplona\",\"publisher\":{\"@id\":\"https:\\\/\\\/www.laguiadepamplona.com\\\/actualidad\\\/#organization\"},\"potentialAction\":[{\"@type\":\"SearchAction\",\"target\":{\"@type\":\"EntryPoint\",\"urlTemplate\":\"https:\\\/\\\/www.laguiadepamplona.com\\\/actualidad\\\/?s={search_term_string}\"},\"query-input\":{\"@type\":\"PropertyValueSpecification\",\"valueRequired\":true,\"valueName\":\"search_term_string\"}}],\"inLanguage\":\"es\"},{\"@type\":\"Organization\",\"@id\":\"https:\\\/\\\/www.laguiadepamplona.com\\\/actualidad\\\/#organization\",\"name\":\"La Gu\u00eda de Pamplona \\\/ Noticias\",\"url\":\"https:\\\/\\\/www.laguiadepamplona.com\\\/actualidad\\\/\",\"logo\":{\"@type\":\"ImageObject\",\"inLanguage\":\"es\",\"@id\":\"https:\\\/\\\/www.laguiadepamplona.com\\\/actualidad\\\/#\\\/schema\\\/logo\\\/image\\\/\",\"url\":\"https:\\\/\\\/www.laguiadepamplona.com\\\/actualidad\\\/wp-content\\\/uploads\\\/2018\\\/11\\\/logo-laguiadepamplona18-web1.png\",\"contentUrl\":\"https:\\\/\\\/www.laguiadepamplona.com\\\/actualidad\\\/wp-content\\\/uploads\\\/2018\\\/11\\\/logo-laguiadepamplona18-web1.png\",\"width\":600,\"height\":196,\"caption\":\"La Gu\u00eda de Pamplona \\\/ Noticias\"},\"image\":{\"@id\":\"https:\\\/\\\/www.laguiadepamplona.com\\\/actualidad\\\/#\\\/schema\\\/logo\\\/image\\\/\"},\"sameAs\":[\"https:\\\/\\\/www.facebook.com\\\/laguiadepamplonacom-133175176762273\\\/?ref=hl\",\"https:\\\/\\\/x.com\\\/LaGuiadPamplona\",\"https:\\\/\\\/www.instagram.com\\\/la_guia_de_pamplona\\\/\",\"https:\\\/\\\/www.youtube.com\\\/user\\\/laguiadepamplona\"]}]}<\/script>\n<!-- \/ Yoast SEO plugin. -->","yoast_head_json":{"title":"Cafeteando\u2026 con la Asociaci\u00f3n Rumi\u00f1ahui y el Servicio de Asistencia a V\u00edctimas de Discriminaci\u00f3n Racial o \u00c9tnica. - La Gu\u00eda de Pamplona","robots":{"index":"index","follow":"follow","max-snippet":"max-snippet:-1","max-image-preview":"max-image-preview:large","max-video-preview":"max-video-preview:-1"},"canonical":"https:\/\/www.laguiadepamplona.com\/actualidad\/evento\/cafeteando-con-la-asociacion-ruminahui-y-el-servicio-de-asistencia-a-victimas-de-discriminacion-racial-o-etnica\/","og_locale":"es_ES","og_type":"article","og_title":"Cafeteando\u2026 con la Asociaci\u00f3n Rumi\u00f1ahui y el Servicio de Asistencia a V\u00edctimas de Discriminaci\u00f3n Racial o \u00c9tnica. - La Gu\u00eda de Pamplona","og_description":"Johanna Flores y Melisa Alvarado, ambas de la Asociaci\u00f3n Rumi\u00f1ahui, presentar\u00e1n un proyecto de Convivencia Intercultural entre j\u00f3venes. Esta Asociaci\u00f3n es una organizaci\u00f3n sin \u00e1nimo de lucro que defiende y...","og_url":"https:\/\/www.laguiadepamplona.com\/actualidad\/evento\/cafeteando-con-la-asociacion-ruminahui-y-el-servicio-de-asistencia-a-victimas-de-discriminacion-racial-o-etnica\/","og_site_name":"La Gu\u00eda de Pamplona","article_publisher":"https:\/\/www.facebook.com\/laguiadepamplonacom-133175176762273\/?ref=hl","twitter_card":"summary_large_image","twitter_site":"@LaGuiadPamplona","twitter_misc":{"Tiempo de lectura":"1 minuto"},"schema":{"@context":"https:\/\/schema.org","@graph":[{"@type":"WebPage","@id":"https:\/\/www.laguiadepamplona.com\/actualidad\/evento\/cafeteando-con-la-asociacion-ruminahui-y-el-servicio-de-asistencia-a-victimas-de-discriminacion-racial-o-etnica\/","url":"https:\/\/www.laguiadepamplona.com\/actualidad\/evento\/cafeteando-con-la-asociacion-ruminahui-y-el-servicio-de-asistencia-a-victimas-de-discriminacion-racial-o-etnica\/","name":"Cafeteando\u2026 con la Asociaci\u00f3n Rumi\u00f1ahui y el Servicio de Asistencia a V\u00edctimas de Discriminaci\u00f3n Racial o \u00c9tnica. - La Gu\u00eda de Pamplona","isPartOf":{"@id":"https:\/\/www.laguiadepamplona.com\/actualidad\/#website"},"datePublished":"2022-09-12T10:33:37+00:00","breadcrumb":{"@id":"https:\/\/www.laguiadepamplona.com\/actualidad\/evento\/cafeteando-con-la-asociacion-ruminahui-y-el-servicio-de-asistencia-a-victimas-de-discriminacion-racial-o-etnica\/#breadcrumb"},"inLanguage":"es","potentialAction":[{"@type":"ReadAction","target":["https:\/\/www.laguiadepamplona.com\/actualidad\/evento\/cafeteando-con-la-asociacion-ruminahui-y-el-servicio-de-asistencia-a-victimas-de-discriminacion-racial-o-etnica\/"]}]},{"@type":"BreadcrumbList","@id":"https:\/\/www.laguiadepamplona.com\/actualidad\/evento\/cafeteando-con-la-asociacion-ruminahui-y-el-servicio-de-asistencia-a-victimas-de-discriminacion-racial-o-etnica\/#breadcrumb","itemListElement":[{"@type":"ListItem","position":1,"name":"Portada","item":"https:\/\/www.laguiadepamplona.com\/actualidad\/"},{"@type":"ListItem","position":2,"name":"Eventos","item":"https:\/\/www.laguiadepamplona.com\/actualidad\/eventos\/"},{"@type":"ListItem","position":3,"name":"Cafeteando\u2026 con la Asociaci\u00f3n Rumi\u00f1ahui y el Servicio de Asistencia a V\u00edctimas de Discriminaci\u00f3n Racial o \u00c9tnica."}]},{"@type":"WebSite","@id":"https:\/\/www.laguiadepamplona.com\/actualidad\/#website","url":"https:\/\/www.laguiadepamplona.com\/actualidad\/","name":"La gu\u00eda de Pamplona","description":"Noticias de Pamplona","publisher":{"@id":"https:\/\/www.laguiadepamplona.com\/actualidad\/#organization"},"potentialAction":[{"@type":"SearchAction","target":{"@type":"EntryPoint","urlTemplate":"https:\/\/www.laguiadepamplona.com\/actualidad\/?s={search_term_string}"},"query-input":{"@type":"PropertyValueSpecification","valueRequired":true,"valueName":"search_term_string"}}],"inLanguage":"es"},{"@type":"Organization","@id":"https:\/\/www.laguiadepamplona.com\/actualidad\/#organization","name":"La Gu\u00eda de Pamplona \/ Noticias","url":"https:\/\/www.laguiadepamplona.com\/actualidad\/","logo":{"@type":"ImageObject","inLanguage":"es","@id":"https:\/\/www.laguiadepamplona.com\/actualidad\/#\/schema\/logo\/image\/","url":"https:\/\/www.laguiadepamplona.com\/actualidad\/wp-content\/uploads\/2018\/11\/logo-laguiadepamplona18-web1.png","contentUrl":"https:\/\/www.laguiadepamplona.com\/actualidad\/wp-content\/uploads\/2018\/11\/logo-laguiadepamplona18-web1.png","width":600,"height":196,"caption":"La Gu\u00eda de Pamplona \/ Noticias"},"image":{"@id":"https:\/\/www.laguiadepamplona.com\/actualidad\/#\/schema\/logo\/image\/"},"sameAs":["https:\/\/www.facebook.com\/laguiadepamplonacom-133175176762273\/?ref=hl","https:\/\/x.com\/LaGuiadPamplona","https:\/\/www.instagram.com\/la_guia_de_pamplona\/","https:\/\/www.youtube.com\/user\/laguiadepamplona"]}]}},"post_mailing_queue_ids":[],"_links":{"self":[{"href":"https:\/\/www.laguiadepamplona.com\/actualidad\/wp-json\/wp\/v2\/tribe_events\/41452","targetHints":{"allow":["GET"]}}],"collection":[{"href":"https:\/\/www.laguiadepamplona.com\/actualidad\/wp-json\/wp\/v2\/tribe_events"}],"about":[{"href":"https:\/\/www.laguiadepamplona.com\/actualidad\/wp-json\/wp\/v2\/types\/tribe_events"}],"author":[{"embeddable":true,"href":"https:\/\/www.laguiadepamplona.com\/actualidad\/wp-json\/wp\/v2\/users\/1"}],"replies":[{"embeddable":true,"href":"https:\/\/www.laguiadepamplona.com\/actualidad\/wp-json\/wp\/v2\/comments?post=41452"}],"version-history":[{"count":0,"href":"https:\/\/www.laguiadepamplona.com\/actualidad\/wp-json\/wp\/v2\/tribe_events\/41452\/revisions"}],"wp:attachment":[{"href":"https:\/\/www.laguiadepamplona.com\/actualidad\/wp-json\/wp\/v2\/media?parent=41452"}],"wp:term":[{"taxonomy":"post_tag","embeddable":true,"href":"https:\/\/www.laguiadepamplona.com\/actualidad\/wp-json\/wp\/v2\/tags?post=41452"},{"taxonomy":"tribe_events_cat","embeddable":true,"href":"https:\/\/www.laguiadepamplona.com\/actualidad\/wp-json\/wp\/v2\/tribe_events_cat?post=41452"}],"curies":[{"name":"wp","href":"https:\/\/api.w.org\/{rel}","templated":true}]}}