{"id":40653,"date":"2022-06-06T17:34:04","date_gmt":"2022-06-06T15:34:04","guid":{"rendered":"https:\/\/www.laguiadepamplona.com\/actualidad\/?post_type=tribe_events&#038;p=40653"},"modified":"2022-06-06T17:34:04","modified_gmt":"2022-06-06T15:34:04","slug":"ciclo-musica-en-el-patio-conciertos-rockn-txiki-y-big-band","status":"publish","type":"tribe_events","link":"https:\/\/www.laguiadepamplona.com\/actualidad\/evento\/ciclo-musica-en-el-patio-conciertos-rockn-txiki-y-big-band\/","title":{"rendered":"Ciclo M\u00fasica en el patio. Conciertos: Rock\u00b4n txiki y Big Band."},"content":{"rendered":"<p class=\"3Texto\">La Escuela de M\u00fasica Joaqu\u00edn Maya cierra el curso lectivo con una programaci\u00f3n de conciertos que llenar\u00e1 de m\u00fasica muchos rincones de Pamplona. En colaboraci\u00f3n con la C\u00e1mara de Comercio se ha organizado el ciclo \u2018M\u00fasica en el patio\u2019. La sesi\u00f3n inaugural acoger\u00e1 a las 17.30 horas \u2018Rock\u2019n txiki\u2019, con alumnado de guitarra el\u00e9ctrica, bajo el\u00e9ctrico y bater\u00eda, y a las 20 horas la actuaci\u00f3n de la Big Band de la Escuela.<\/p>\n<p>&nbsp;<br \/>\n<script async src=\"\/\/pagead2.googlesyndication.com\/pagead\/js\/adsbygoogle.js\"><\/script><br \/>\n<!-- Noticias La Guia de Pamplona --><br \/>\n<ins class=\"adsbygoogle\"\nstyle=\"display:block\"\ndata-ad-client=\"ca-pub-6943679897239327\"\ndata-ad-slot=\"7048180777\"\ndata-ad-format=\"auto\"><\/ins><br \/>\n<script>\n(adsbygoogle = window.adsbygoogle || []).push({});\n<\/script><\/p>\n<p><span style=\"font-size: 12.0pt;\">Patio de la C\u00e1mara de Comercio, 17.30 y 20 horas. Entrada libre hasta completar el aforo<\/span><\/p>\n","protected":false},"excerpt":{"rendered":"<p>La Escuela de M\u00fasica Joaqu\u00edn Maya cierra el curso lectivo con una programaci\u00f3n de conciertos que llenar\u00e1 de m\u00fasica muchos rincones de Pamplona. En colaboraci\u00f3n con la C\u00e1mara de Comercio&#8230;<\/p>\n","protected":false},"author":1,"featured_media":40654,"comment_status":"open","ping_status":"closed","template":"","meta":{"_tribe_events_status":"","_tribe_events_status_reason":"","footnotes":""},"tags":[],"tribe_events_cat":[9405],"class_list":["post-40653","tribe_events","type-tribe_events","status-publish","has-post-thumbnail","hentry","tribe_events_cat-ayuntamiento","cat_ayuntamiento"],"yoast_head":"<!-- This site is optimized with the Yoast SEO plugin v27.5 - https:\/\/yoast.com\/product\/yoast-seo-wordpress\/ -->\n<title>Ciclo M\u00fasica en el patio. Conciertos: Rock\u00b4n txiki y Big Band. - La Gu\u00eda de Pamplona<\/title>\n<meta name=\"robots\" content=\"index, follow, max-snippet:-1, max-image-preview:large, max-video-preview:-1\" \/>\n<link rel=\"canonical\" href=\"https:\/\/www.laguiadepamplona.com\/actualidad\/evento\/ciclo-musica-en-el-patio-conciertos-rockn-txiki-y-big-band\/\" \/>\n<meta property=\"og:locale\" content=\"es_ES\" \/>\n<meta property=\"og:type\" content=\"article\" \/>\n<meta property=\"og:title\" content=\"Ciclo M\u00fasica en el patio. Conciertos: Rock\u00b4n txiki y Big Band. - La Gu\u00eda de Pamplona\" \/>\n<meta property=\"og:description\" content=\"La Escuela de M\u00fasica Joaqu\u00edn Maya cierra el curso lectivo con una programaci\u00f3n de conciertos que llenar\u00e1 de m\u00fasica muchos rincones de Pamplona. En colaboraci\u00f3n con la C\u00e1mara de Comercio...\" \/>\n<meta property=\"og:url\" content=\"https:\/\/www.laguiadepamplona.com\/actualidad\/evento\/ciclo-musica-en-el-patio-conciertos-rockn-txiki-y-big-band\/\" \/>\n<meta property=\"og:site_name\" content=\"La Gu\u00eda de Pamplona\" \/>\n<meta property=\"article:publisher\" content=\"https:\/\/www.facebook.com\/laguiadepamplonacom-133175176762273\/?ref=hl\" \/>\n<meta property=\"og:image\" content=\"https:\/\/www.laguiadepamplona.com\/actualidad\/wp-content\/uploads\/2022\/06\/bateria.webp\" \/>\n\t<meta property=\"og:image:width\" content=\"1920\" \/>\n\t<meta property=\"og:image:height\" content=\"1645\" \/>\n\t<meta property=\"og:image:type\" content=\"image\/webp\" \/>\n<meta name=\"twitter:card\" content=\"summary_large_image\" \/>\n<meta name=\"twitter:site\" content=\"@LaGuiadPamplona\" \/>\n<meta name=\"twitter:label1\" content=\"Tiempo de lectura\" \/>\n\t<meta name=\"twitter:data1\" content=\"1 minuto\" \/>\n<script type=\"application\/ld+json\" class=\"yoast-schema-graph\">{\"@context\":\"https:\\\/\\\/schema.org\",\"@graph\":[{\"@type\":\"WebPage\",\"@id\":\"https:\\\/\\\/www.laguiadepamplona.com\\\/actualidad\\\/evento\\\/ciclo-musica-en-el-patio-conciertos-rockn-txiki-y-big-band\\\/\",\"url\":\"https:\\\/\\\/www.laguiadepamplona.com\\\/actualidad\\\/evento\\\/ciclo-musica-en-el-patio-conciertos-rockn-txiki-y-big-band\\\/\",\"name\":\"Ciclo M\u00fasica en el patio. Conciertos: Rock\u00b4n txiki y Big Band. - La Gu\u00eda de Pamplona\",\"isPartOf\":{\"@id\":\"https:\\\/\\\/www.laguiadepamplona.com\\\/actualidad\\\/#website\"},\"primaryImageOfPage\":{\"@id\":\"https:\\\/\\\/www.laguiadepamplona.com\\\/actualidad\\\/evento\\\/ciclo-musica-en-el-patio-conciertos-rockn-txiki-y-big-band\\\/#primaryimage\"},\"image\":{\"@id\":\"https:\\\/\\\/www.laguiadepamplona.com\\\/actualidad\\\/evento\\\/ciclo-musica-en-el-patio-conciertos-rockn-txiki-y-big-band\\\/#primaryimage\"},\"thumbnailUrl\":\"https:\\\/\\\/www.laguiadepamplona.com\\\/actualidad\\\/wp-content\\\/uploads\\\/2022\\\/06\\\/bateria.webp\",\"datePublished\":\"2022-06-06T15:34:04+00:00\",\"breadcrumb\":{\"@id\":\"https:\\\/\\\/www.laguiadepamplona.com\\\/actualidad\\\/evento\\\/ciclo-musica-en-el-patio-conciertos-rockn-txiki-y-big-band\\\/#breadcrumb\"},\"inLanguage\":\"es\",\"potentialAction\":[{\"@type\":\"ReadAction\",\"target\":[\"https:\\\/\\\/www.laguiadepamplona.com\\\/actualidad\\\/evento\\\/ciclo-musica-en-el-patio-conciertos-rockn-txiki-y-big-band\\\/\"]}]},{\"@type\":\"ImageObject\",\"inLanguage\":\"es\",\"@id\":\"https:\\\/\\\/www.laguiadepamplona.com\\\/actualidad\\\/evento\\\/ciclo-musica-en-el-patio-conciertos-rockn-txiki-y-big-band\\\/#primaryimage\",\"url\":\"https:\\\/\\\/www.laguiadepamplona.com\\\/actualidad\\\/wp-content\\\/uploads\\\/2022\\\/06\\\/bateria.webp\",\"contentUrl\":\"https:\\\/\\\/www.laguiadepamplona.com\\\/actualidad\\\/wp-content\\\/uploads\\\/2022\\\/06\\\/bateria.webp\",\"width\":1920,\"height\":1645},{\"@type\":\"BreadcrumbList\",\"@id\":\"https:\\\/\\\/www.laguiadepamplona.com\\\/actualidad\\\/evento\\\/ciclo-musica-en-el-patio-conciertos-rockn-txiki-y-big-band\\\/#breadcrumb\",\"itemListElement\":[{\"@type\":\"ListItem\",\"position\":1,\"name\":\"Portada\",\"item\":\"https:\\\/\\\/www.laguiadepamplona.com\\\/actualidad\\\/\"},{\"@type\":\"ListItem\",\"position\":2,\"name\":\"Eventos\",\"item\":\"https:\\\/\\\/www.laguiadepamplona.com\\\/actualidad\\\/eventos\\\/\"},{\"@type\":\"ListItem\",\"position\":3,\"name\":\"Ciclo M\u00fasica en el patio. Conciertos: Rock\u00b4n txiki y Big Band.\"}]},{\"@type\":\"WebSite\",\"@id\":\"https:\\\/\\\/www.laguiadepamplona.com\\\/actualidad\\\/#website\",\"url\":\"https:\\\/\\\/www.laguiadepamplona.com\\\/actualidad\\\/\",\"name\":\"La gu\u00eda de Pamplona\",\"description\":\"Noticias de Pamplona\",\"publisher\":{\"@id\":\"https:\\\/\\\/www.laguiadepamplona.com\\\/actualidad\\\/#organization\"},\"potentialAction\":[{\"@type\":\"SearchAction\",\"target\":{\"@type\":\"EntryPoint\",\"urlTemplate\":\"https:\\\/\\\/www.laguiadepamplona.com\\\/actualidad\\\/?s={search_term_string}\"},\"query-input\":{\"@type\":\"PropertyValueSpecification\",\"valueRequired\":true,\"valueName\":\"search_term_string\"}}],\"inLanguage\":\"es\"},{\"@type\":\"Organization\",\"@id\":\"https:\\\/\\\/www.laguiadepamplona.com\\\/actualidad\\\/#organization\",\"name\":\"La Gu\u00eda de Pamplona \\\/ Noticias\",\"url\":\"https:\\\/\\\/www.laguiadepamplona.com\\\/actualidad\\\/\",\"logo\":{\"@type\":\"ImageObject\",\"inLanguage\":\"es\",\"@id\":\"https:\\\/\\\/www.laguiadepamplona.com\\\/actualidad\\\/#\\\/schema\\\/logo\\\/image\\\/\",\"url\":\"https:\\\/\\\/www.laguiadepamplona.com\\\/actualidad\\\/wp-content\\\/uploads\\\/2018\\\/11\\\/logo-laguiadepamplona18-web1.png\",\"contentUrl\":\"https:\\\/\\\/www.laguiadepamplona.com\\\/actualidad\\\/wp-content\\\/uploads\\\/2018\\\/11\\\/logo-laguiadepamplona18-web1.png\",\"width\":600,\"height\":196,\"caption\":\"La Gu\u00eda de Pamplona \\\/ Noticias\"},\"image\":{\"@id\":\"https:\\\/\\\/www.laguiadepamplona.com\\\/actualidad\\\/#\\\/schema\\\/logo\\\/image\\\/\"},\"sameAs\":[\"https:\\\/\\\/www.facebook.com\\\/laguiadepamplonacom-133175176762273\\\/?ref=hl\",\"https:\\\/\\\/x.com\\\/LaGuiadPamplona\",\"https:\\\/\\\/www.instagram.com\\\/la_guia_de_pamplona\\\/\",\"https:\\\/\\\/www.youtube.com\\\/user\\\/laguiadepamplona\"]}]}<\/script>\n<!-- \/ Yoast SEO plugin. -->","yoast_head_json":{"title":"Ciclo M\u00fasica en el patio. Conciertos: Rock\u00b4n txiki y Big Band. - La Gu\u00eda de Pamplona","robots":{"index":"index","follow":"follow","max-snippet":"max-snippet:-1","max-image-preview":"max-image-preview:large","max-video-preview":"max-video-preview:-1"},"canonical":"https:\/\/www.laguiadepamplona.com\/actualidad\/evento\/ciclo-musica-en-el-patio-conciertos-rockn-txiki-y-big-band\/","og_locale":"es_ES","og_type":"article","og_title":"Ciclo M\u00fasica en el patio. Conciertos: Rock\u00b4n txiki y Big Band. - La Gu\u00eda de Pamplona","og_description":"La Escuela de M\u00fasica Joaqu\u00edn Maya cierra el curso lectivo con una programaci\u00f3n de conciertos que llenar\u00e1 de m\u00fasica muchos rincones de Pamplona. En colaboraci\u00f3n con la C\u00e1mara de Comercio...","og_url":"https:\/\/www.laguiadepamplona.com\/actualidad\/evento\/ciclo-musica-en-el-patio-conciertos-rockn-txiki-y-big-band\/","og_site_name":"La Gu\u00eda de Pamplona","article_publisher":"https:\/\/www.facebook.com\/laguiadepamplonacom-133175176762273\/?ref=hl","og_image":[{"width":1920,"height":1645,"url":"https:\/\/www.laguiadepamplona.com\/actualidad\/wp-content\/uploads\/2022\/06\/bateria.webp","type":"image\/webp"}],"twitter_card":"summary_large_image","twitter_site":"@LaGuiadPamplona","twitter_misc":{"Tiempo de lectura":"1 minuto"},"schema":{"@context":"https:\/\/schema.org","@graph":[{"@type":"WebPage","@id":"https:\/\/www.laguiadepamplona.com\/actualidad\/evento\/ciclo-musica-en-el-patio-conciertos-rockn-txiki-y-big-band\/","url":"https:\/\/www.laguiadepamplona.com\/actualidad\/evento\/ciclo-musica-en-el-patio-conciertos-rockn-txiki-y-big-band\/","name":"Ciclo M\u00fasica en el patio. Conciertos: Rock\u00b4n txiki y Big Band. - La Gu\u00eda de Pamplona","isPartOf":{"@id":"https:\/\/www.laguiadepamplona.com\/actualidad\/#website"},"primaryImageOfPage":{"@id":"https:\/\/www.laguiadepamplona.com\/actualidad\/evento\/ciclo-musica-en-el-patio-conciertos-rockn-txiki-y-big-band\/#primaryimage"},"image":{"@id":"https:\/\/www.laguiadepamplona.com\/actualidad\/evento\/ciclo-musica-en-el-patio-conciertos-rockn-txiki-y-big-band\/#primaryimage"},"thumbnailUrl":"https:\/\/www.laguiadepamplona.com\/actualidad\/wp-content\/uploads\/2022\/06\/bateria.webp","datePublished":"2022-06-06T15:34:04+00:00","breadcrumb":{"@id":"https:\/\/www.laguiadepamplona.com\/actualidad\/evento\/ciclo-musica-en-el-patio-conciertos-rockn-txiki-y-big-band\/#breadcrumb"},"inLanguage":"es","potentialAction":[{"@type":"ReadAction","target":["https:\/\/www.laguiadepamplona.com\/actualidad\/evento\/ciclo-musica-en-el-patio-conciertos-rockn-txiki-y-big-band\/"]}]},{"@type":"ImageObject","inLanguage":"es","@id":"https:\/\/www.laguiadepamplona.com\/actualidad\/evento\/ciclo-musica-en-el-patio-conciertos-rockn-txiki-y-big-band\/#primaryimage","url":"https:\/\/www.laguiadepamplona.com\/actualidad\/wp-content\/uploads\/2022\/06\/bateria.webp","contentUrl":"https:\/\/www.laguiadepamplona.com\/actualidad\/wp-content\/uploads\/2022\/06\/bateria.webp","width":1920,"height":1645},{"@type":"BreadcrumbList","@id":"https:\/\/www.laguiadepamplona.com\/actualidad\/evento\/ciclo-musica-en-el-patio-conciertos-rockn-txiki-y-big-band\/#breadcrumb","itemListElement":[{"@type":"ListItem","position":1,"name":"Portada","item":"https:\/\/www.laguiadepamplona.com\/actualidad\/"},{"@type":"ListItem","position":2,"name":"Eventos","item":"https:\/\/www.laguiadepamplona.com\/actualidad\/eventos\/"},{"@type":"ListItem","position":3,"name":"Ciclo M\u00fasica en el patio. Conciertos: Rock\u00b4n txiki y Big Band."}]},{"@type":"WebSite","@id":"https:\/\/www.laguiadepamplona.com\/actualidad\/#website","url":"https:\/\/www.laguiadepamplona.com\/actualidad\/","name":"La gu\u00eda de Pamplona","description":"Noticias de Pamplona","publisher":{"@id":"https:\/\/www.laguiadepamplona.com\/actualidad\/#organization"},"potentialAction":[{"@type":"SearchAction","target":{"@type":"EntryPoint","urlTemplate":"https:\/\/www.laguiadepamplona.com\/actualidad\/?s={search_term_string}"},"query-input":{"@type":"PropertyValueSpecification","valueRequired":true,"valueName":"search_term_string"}}],"inLanguage":"es"},{"@type":"Organization","@id":"https:\/\/www.laguiadepamplona.com\/actualidad\/#organization","name":"La Gu\u00eda de Pamplona \/ Noticias","url":"https:\/\/www.laguiadepamplona.com\/actualidad\/","logo":{"@type":"ImageObject","inLanguage":"es","@id":"https:\/\/www.laguiadepamplona.com\/actualidad\/#\/schema\/logo\/image\/","url":"https:\/\/www.laguiadepamplona.com\/actualidad\/wp-content\/uploads\/2018\/11\/logo-laguiadepamplona18-web1.png","contentUrl":"https:\/\/www.laguiadepamplona.com\/actualidad\/wp-content\/uploads\/2018\/11\/logo-laguiadepamplona18-web1.png","width":600,"height":196,"caption":"La Gu\u00eda de Pamplona \/ Noticias"},"image":{"@id":"https:\/\/www.laguiadepamplona.com\/actualidad\/#\/schema\/logo\/image\/"},"sameAs":["https:\/\/www.facebook.com\/laguiadepamplonacom-133175176762273\/?ref=hl","https:\/\/x.com\/LaGuiadPamplona","https:\/\/www.instagram.com\/la_guia_de_pamplona\/","https:\/\/www.youtube.com\/user\/laguiadepamplona"]}]}},"post_mailing_queue_ids":[],"_links":{"self":[{"href":"https:\/\/www.laguiadepamplona.com\/actualidad\/wp-json\/wp\/v2\/tribe_events\/40653","targetHints":{"allow":["GET"]}}],"collection":[{"href":"https:\/\/www.laguiadepamplona.com\/actualidad\/wp-json\/wp\/v2\/tribe_events"}],"about":[{"href":"https:\/\/www.laguiadepamplona.com\/actualidad\/wp-json\/wp\/v2\/types\/tribe_events"}],"author":[{"embeddable":true,"href":"https:\/\/www.laguiadepamplona.com\/actualidad\/wp-json\/wp\/v2\/users\/1"}],"replies":[{"embeddable":true,"href":"https:\/\/www.laguiadepamplona.com\/actualidad\/wp-json\/wp\/v2\/comments?post=40653"}],"version-history":[{"count":0,"href":"https:\/\/www.laguiadepamplona.com\/actualidad\/wp-json\/wp\/v2\/tribe_events\/40653\/revisions"}],"wp:featuredmedia":[{"embeddable":true,"href":"https:\/\/www.laguiadepamplona.com\/actualidad\/wp-json\/wp\/v2\/media\/40654"}],"wp:attachment":[{"href":"https:\/\/www.laguiadepamplona.com\/actualidad\/wp-json\/wp\/v2\/media?parent=40653"}],"wp:term":[{"taxonomy":"post_tag","embeddable":true,"href":"https:\/\/www.laguiadepamplona.com\/actualidad\/wp-json\/wp\/v2\/tags?post=40653"},{"taxonomy":"tribe_events_cat","embeddable":true,"href":"https:\/\/www.laguiadepamplona.com\/actualidad\/wp-json\/wp\/v2\/tribe_events_cat?post=40653"}],"curies":[{"name":"wp","href":"https:\/\/api.w.org\/{rel}","templated":true}]}}