{"id":40648,"date":"2022-06-06T17:28:45","date_gmt":"2022-06-06T15:28:45","guid":{"rendered":"https:\/\/www.laguiadepamplona.com\/actualidad\/?post_type=tribe_events&#038;p=40648"},"modified":"2022-06-06T17:28:45","modified_gmt":"2022-06-06T15:28:45","slug":"iturrama-lazo-intergeneracional-encuentro-frente-a-la-soledad-de-las-personas-mayores-abrid-las-ventanas-al-griterio-alegre-de-los-ninos-y-las-ninas","status":"publish","type":"tribe_events","link":"https:\/\/www.laguiadepamplona.com\/actualidad\/evento\/iturrama-lazo-intergeneracional-encuentro-frente-a-la-soledad-de-las-personas-mayores-abrid-las-ventanas-al-griterio-alegre-de-los-ninos-y-las-ninas\/","title":{"rendered":"Iturrama lazo intergeneracional. Encuentro. Frente a la soledad de las personas mayores, abrid las ventanas al griter\u00edo alegre de los ni\u00f1os y las ni\u00f1as."},"content":{"rendered":"<p class=\"3Texto\">En un barrio envejecido como es Iturrama la soledad de las personas mayores es un escenario con el que nos encontramos con frecuencia. Los ni\u00f1os y ni\u00f1as son, por otra parte, una fuente inagotable de alegr\u00eda y vitalidad, y son el mejor ant\u00eddoto para esta soledad. Actividad vinculada a la pieza audiovisual de t\u00edteres No somos islas\u2019 de la compa\u00f1\u00eda Arena en los Bolsillos, que se proyectar\u00e1 al comienzo del encuentro. En colaboraci\u00f3n con Foro Social Iturrama, Casa de la Misericordia, Centro de Salud de Iturrama, \u2018Pacto por la Persona Mayor\u2019 y Asociaci\u00f3n de Jubilados y Pensionistas de Iturrama.<\/p>\n<p>&nbsp;<br \/>\n<script async src=\"\/\/pagead2.googlesyndication.com\/pagead\/js\/adsbygoogle.js\"><\/script><br \/>\n<!-- Noticias La Guia de Pamplona --><br \/>\n<ins class=\"adsbygoogle\"\nstyle=\"display:block\"\ndata-ad-client=\"ca-pub-6943679897239327\"\ndata-ad-slot=\"7048180777\"\ndata-ad-format=\"auto\"><\/ins><br \/>\n<script>\n(adsbygoogle = window.adsbygoogle || []).push({});\n<\/script><\/p>\n<p><span style=\"font-size: 12.0pt;\">Civivox Iturrama, 19 horas. Entrada libre, previa inscripci\u00f3n en el 010, la red Civivox y<\/span> <span style=\"font-size: 12.0pt;\"><a href=\"http:\/\/www.pamplonaescultura.es\" target=\"_blank\" rel=\"noopener\">www.pamplonaescultura.es<\/a><\/span><\/p>\n","protected":false},"excerpt":{"rendered":"<p>En un barrio envejecido como es Iturrama la soledad de las personas mayores es un escenario con el que nos encontramos con frecuencia. Los ni\u00f1os y ni\u00f1as son, por otra&#8230;<\/p>\n","protected":false},"author":1,"featured_media":40649,"comment_status":"open","ping_status":"closed","template":"","meta":{"_tribe_events_status":"","_tribe_events_status_reason":"","footnotes":""},"tags":[],"tribe_events_cat":[9405],"class_list":["post-40648","tribe_events","type-tribe_events","status-publish","has-post-thumbnail","hentry","tribe_events_cat-ayuntamiento","cat_ayuntamiento"],"yoast_head":"<!-- This site is optimized with the Yoast SEO plugin v27.5 - https:\/\/yoast.com\/product\/yoast-seo-wordpress\/ -->\n<title>Iturrama lazo intergeneracional. Encuentro. Frente a la soledad de las personas mayores, abrid las ventanas al griter\u00edo alegre de los ni\u00f1os y las ni\u00f1as. - La Gu\u00eda de Pamplona<\/title>\n<meta name=\"robots\" content=\"index, follow, max-snippet:-1, max-image-preview:large, max-video-preview:-1\" \/>\n<link rel=\"canonical\" href=\"https:\/\/www.laguiadepamplona.com\/actualidad\/evento\/iturrama-lazo-intergeneracional-encuentro-frente-a-la-soledad-de-las-personas-mayores-abrid-las-ventanas-al-griterio-alegre-de-los-ninos-y-las-ninas\/\" \/>\n<meta property=\"og:locale\" content=\"es_ES\" \/>\n<meta property=\"og:type\" content=\"article\" \/>\n<meta property=\"og:title\" content=\"Iturrama lazo intergeneracional. Encuentro. Frente a la soledad de las personas mayores, abrid las ventanas al griter\u00edo alegre de los ni\u00f1os y las ni\u00f1as. - La Gu\u00eda de Pamplona\" \/>\n<meta property=\"og:description\" content=\"En un barrio envejecido como es Iturrama la soledad de las personas mayores es un escenario con el que nos encontramos con frecuencia. Los ni\u00f1os y ni\u00f1as son, por otra...\" \/>\n<meta property=\"og:url\" content=\"https:\/\/www.laguiadepamplona.com\/actualidad\/evento\/iturrama-lazo-intergeneracional-encuentro-frente-a-la-soledad-de-las-personas-mayores-abrid-las-ventanas-al-griterio-alegre-de-los-ninos-y-las-ninas\/\" \/>\n<meta property=\"og:site_name\" content=\"La Gu\u00eda de Pamplona\" \/>\n<meta property=\"article:publisher\" content=\"https:\/\/www.facebook.com\/laguiadepamplonacom-133175176762273\/?ref=hl\" \/>\n<meta property=\"og:image\" content=\"https:\/\/www.laguiadepamplona.com\/actualidad\/wp-content\/uploads\/2022\/06\/anciano_plastilina.jpg\" \/>\n\t<meta property=\"og:image:width\" content=\"870\" \/>\n\t<meta property=\"og:image:height\" content=\"480\" \/>\n\t<meta property=\"og:image:type\" content=\"image\/jpeg\" \/>\n<meta name=\"twitter:card\" content=\"summary_large_image\" \/>\n<meta name=\"twitter:site\" content=\"@LaGuiadPamplona\" \/>\n<meta name=\"twitter:label1\" content=\"Tiempo de lectura\" \/>\n\t<meta name=\"twitter:data1\" content=\"1 minuto\" \/>\n<script type=\"application\/ld+json\" class=\"yoast-schema-graph\">{\"@context\":\"https:\\\/\\\/schema.org\",\"@graph\":[{\"@type\":\"WebPage\",\"@id\":\"https:\\\/\\\/www.laguiadepamplona.com\\\/actualidad\\\/evento\\\/iturrama-lazo-intergeneracional-encuentro-frente-a-la-soledad-de-las-personas-mayores-abrid-las-ventanas-al-griterio-alegre-de-los-ninos-y-las-ninas\\\/\",\"url\":\"https:\\\/\\\/www.laguiadepamplona.com\\\/actualidad\\\/evento\\\/iturrama-lazo-intergeneracional-encuentro-frente-a-la-soledad-de-las-personas-mayores-abrid-las-ventanas-al-griterio-alegre-de-los-ninos-y-las-ninas\\\/\",\"name\":\"Iturrama lazo intergeneracional. Encuentro. Frente a la soledad de las personas mayores, abrid las ventanas al griter\u00edo alegre de los ni\u00f1os y las ni\u00f1as. - La Gu\u00eda de Pamplona\",\"isPartOf\":{\"@id\":\"https:\\\/\\\/www.laguiadepamplona.com\\\/actualidad\\\/#website\"},\"primaryImageOfPage\":{\"@id\":\"https:\\\/\\\/www.laguiadepamplona.com\\\/actualidad\\\/evento\\\/iturrama-lazo-intergeneracional-encuentro-frente-a-la-soledad-de-las-personas-mayores-abrid-las-ventanas-al-griterio-alegre-de-los-ninos-y-las-ninas\\\/#primaryimage\"},\"image\":{\"@id\":\"https:\\\/\\\/www.laguiadepamplona.com\\\/actualidad\\\/evento\\\/iturrama-lazo-intergeneracional-encuentro-frente-a-la-soledad-de-las-personas-mayores-abrid-las-ventanas-al-griterio-alegre-de-los-ninos-y-las-ninas\\\/#primaryimage\"},\"thumbnailUrl\":\"https:\\\/\\\/www.laguiadepamplona.com\\\/actualidad\\\/wp-content\\\/uploads\\\/2022\\\/06\\\/anciano_plastilina.jpg\",\"datePublished\":\"2022-06-06T15:28:45+00:00\",\"breadcrumb\":{\"@id\":\"https:\\\/\\\/www.laguiadepamplona.com\\\/actualidad\\\/evento\\\/iturrama-lazo-intergeneracional-encuentro-frente-a-la-soledad-de-las-personas-mayores-abrid-las-ventanas-al-griterio-alegre-de-los-ninos-y-las-ninas\\\/#breadcrumb\"},\"inLanguage\":\"es\",\"potentialAction\":[{\"@type\":\"ReadAction\",\"target\":[\"https:\\\/\\\/www.laguiadepamplona.com\\\/actualidad\\\/evento\\\/iturrama-lazo-intergeneracional-encuentro-frente-a-la-soledad-de-las-personas-mayores-abrid-las-ventanas-al-griterio-alegre-de-los-ninos-y-las-ninas\\\/\"]}]},{\"@type\":\"ImageObject\",\"inLanguage\":\"es\",\"@id\":\"https:\\\/\\\/www.laguiadepamplona.com\\\/actualidad\\\/evento\\\/iturrama-lazo-intergeneracional-encuentro-frente-a-la-soledad-de-las-personas-mayores-abrid-las-ventanas-al-griterio-alegre-de-los-ninos-y-las-ninas\\\/#primaryimage\",\"url\":\"https:\\\/\\\/www.laguiadepamplona.com\\\/actualidad\\\/wp-content\\\/uploads\\\/2022\\\/06\\\/anciano_plastilina.jpg\",\"contentUrl\":\"https:\\\/\\\/www.laguiadepamplona.com\\\/actualidad\\\/wp-content\\\/uploads\\\/2022\\\/06\\\/anciano_plastilina.jpg\",\"width\":870,\"height\":480},{\"@type\":\"BreadcrumbList\",\"@id\":\"https:\\\/\\\/www.laguiadepamplona.com\\\/actualidad\\\/evento\\\/iturrama-lazo-intergeneracional-encuentro-frente-a-la-soledad-de-las-personas-mayores-abrid-las-ventanas-al-griterio-alegre-de-los-ninos-y-las-ninas\\\/#breadcrumb\",\"itemListElement\":[{\"@type\":\"ListItem\",\"position\":1,\"name\":\"Portada\",\"item\":\"https:\\\/\\\/www.laguiadepamplona.com\\\/actualidad\\\/\"},{\"@type\":\"ListItem\",\"position\":2,\"name\":\"Eventos\",\"item\":\"https:\\\/\\\/www.laguiadepamplona.com\\\/actualidad\\\/eventos\\\/\"},{\"@type\":\"ListItem\",\"position\":3,\"name\":\"Iturrama lazo intergeneracional. Encuentro. Frente a la soledad de las personas mayores, abrid las ventanas al griter\u00edo alegre de los ni\u00f1os y las ni\u00f1as.\"}]},{\"@type\":\"WebSite\",\"@id\":\"https:\\\/\\\/www.laguiadepamplona.com\\\/actualidad\\\/#website\",\"url\":\"https:\\\/\\\/www.laguiadepamplona.com\\\/actualidad\\\/\",\"name\":\"La gu\u00eda de Pamplona\",\"description\":\"Noticias de Pamplona\",\"publisher\":{\"@id\":\"https:\\\/\\\/www.laguiadepamplona.com\\\/actualidad\\\/#organization\"},\"potentialAction\":[{\"@type\":\"SearchAction\",\"target\":{\"@type\":\"EntryPoint\",\"urlTemplate\":\"https:\\\/\\\/www.laguiadepamplona.com\\\/actualidad\\\/?s={search_term_string}\"},\"query-input\":{\"@type\":\"PropertyValueSpecification\",\"valueRequired\":true,\"valueName\":\"search_term_string\"}}],\"inLanguage\":\"es\"},{\"@type\":\"Organization\",\"@id\":\"https:\\\/\\\/www.laguiadepamplona.com\\\/actualidad\\\/#organization\",\"name\":\"La Gu\u00eda de Pamplona \\\/ Noticias\",\"url\":\"https:\\\/\\\/www.laguiadepamplona.com\\\/actualidad\\\/\",\"logo\":{\"@type\":\"ImageObject\",\"inLanguage\":\"es\",\"@id\":\"https:\\\/\\\/www.laguiadepamplona.com\\\/actualidad\\\/#\\\/schema\\\/logo\\\/image\\\/\",\"url\":\"https:\\\/\\\/www.laguiadepamplona.com\\\/actualidad\\\/wp-content\\\/uploads\\\/2018\\\/11\\\/logo-laguiadepamplona18-web1.png\",\"contentUrl\":\"https:\\\/\\\/www.laguiadepamplona.com\\\/actualidad\\\/wp-content\\\/uploads\\\/2018\\\/11\\\/logo-laguiadepamplona18-web1.png\",\"width\":600,\"height\":196,\"caption\":\"La Gu\u00eda de Pamplona \\\/ Noticias\"},\"image\":{\"@id\":\"https:\\\/\\\/www.laguiadepamplona.com\\\/actualidad\\\/#\\\/schema\\\/logo\\\/image\\\/\"},\"sameAs\":[\"https:\\\/\\\/www.facebook.com\\\/laguiadepamplonacom-133175176762273\\\/?ref=hl\",\"https:\\\/\\\/x.com\\\/LaGuiadPamplona\",\"https:\\\/\\\/www.instagram.com\\\/la_guia_de_pamplona\\\/\",\"https:\\\/\\\/www.youtube.com\\\/user\\\/laguiadepamplona\"]}]}<\/script>\n<!-- \/ Yoast SEO plugin. -->","yoast_head_json":{"title":"Iturrama lazo intergeneracional. Encuentro. Frente a la soledad de las personas mayores, abrid las ventanas al griter\u00edo alegre de los ni\u00f1os y las ni\u00f1as. - La Gu\u00eda de Pamplona","robots":{"index":"index","follow":"follow","max-snippet":"max-snippet:-1","max-image-preview":"max-image-preview:large","max-video-preview":"max-video-preview:-1"},"canonical":"https:\/\/www.laguiadepamplona.com\/actualidad\/evento\/iturrama-lazo-intergeneracional-encuentro-frente-a-la-soledad-de-las-personas-mayores-abrid-las-ventanas-al-griterio-alegre-de-los-ninos-y-las-ninas\/","og_locale":"es_ES","og_type":"article","og_title":"Iturrama lazo intergeneracional. Encuentro. Frente a la soledad de las personas mayores, abrid las ventanas al griter\u00edo alegre de los ni\u00f1os y las ni\u00f1as. - La Gu\u00eda de Pamplona","og_description":"En un barrio envejecido como es Iturrama la soledad de las personas mayores es un escenario con el que nos encontramos con frecuencia. Los ni\u00f1os y ni\u00f1as son, por otra...","og_url":"https:\/\/www.laguiadepamplona.com\/actualidad\/evento\/iturrama-lazo-intergeneracional-encuentro-frente-a-la-soledad-de-las-personas-mayores-abrid-las-ventanas-al-griterio-alegre-de-los-ninos-y-las-ninas\/","og_site_name":"La Gu\u00eda de Pamplona","article_publisher":"https:\/\/www.facebook.com\/laguiadepamplonacom-133175176762273\/?ref=hl","og_image":[{"width":870,"height":480,"url":"https:\/\/www.laguiadepamplona.com\/actualidad\/wp-content\/uploads\/2022\/06\/anciano_plastilina.jpg","type":"image\/jpeg"}],"twitter_card":"summary_large_image","twitter_site":"@LaGuiadPamplona","twitter_misc":{"Tiempo de lectura":"1 minuto"},"schema":{"@context":"https:\/\/schema.org","@graph":[{"@type":"WebPage","@id":"https:\/\/www.laguiadepamplona.com\/actualidad\/evento\/iturrama-lazo-intergeneracional-encuentro-frente-a-la-soledad-de-las-personas-mayores-abrid-las-ventanas-al-griterio-alegre-de-los-ninos-y-las-ninas\/","url":"https:\/\/www.laguiadepamplona.com\/actualidad\/evento\/iturrama-lazo-intergeneracional-encuentro-frente-a-la-soledad-de-las-personas-mayores-abrid-las-ventanas-al-griterio-alegre-de-los-ninos-y-las-ninas\/","name":"Iturrama lazo intergeneracional. Encuentro. Frente a la soledad de las personas mayores, abrid las ventanas al griter\u00edo alegre de los ni\u00f1os y las ni\u00f1as. - La Gu\u00eda de Pamplona","isPartOf":{"@id":"https:\/\/www.laguiadepamplona.com\/actualidad\/#website"},"primaryImageOfPage":{"@id":"https:\/\/www.laguiadepamplona.com\/actualidad\/evento\/iturrama-lazo-intergeneracional-encuentro-frente-a-la-soledad-de-las-personas-mayores-abrid-las-ventanas-al-griterio-alegre-de-los-ninos-y-las-ninas\/#primaryimage"},"image":{"@id":"https:\/\/www.laguiadepamplona.com\/actualidad\/evento\/iturrama-lazo-intergeneracional-encuentro-frente-a-la-soledad-de-las-personas-mayores-abrid-las-ventanas-al-griterio-alegre-de-los-ninos-y-las-ninas\/#primaryimage"},"thumbnailUrl":"https:\/\/www.laguiadepamplona.com\/actualidad\/wp-content\/uploads\/2022\/06\/anciano_plastilina.jpg","datePublished":"2022-06-06T15:28:45+00:00","breadcrumb":{"@id":"https:\/\/www.laguiadepamplona.com\/actualidad\/evento\/iturrama-lazo-intergeneracional-encuentro-frente-a-la-soledad-de-las-personas-mayores-abrid-las-ventanas-al-griterio-alegre-de-los-ninos-y-las-ninas\/#breadcrumb"},"inLanguage":"es","potentialAction":[{"@type":"ReadAction","target":["https:\/\/www.laguiadepamplona.com\/actualidad\/evento\/iturrama-lazo-intergeneracional-encuentro-frente-a-la-soledad-de-las-personas-mayores-abrid-las-ventanas-al-griterio-alegre-de-los-ninos-y-las-ninas\/"]}]},{"@type":"ImageObject","inLanguage":"es","@id":"https:\/\/www.laguiadepamplona.com\/actualidad\/evento\/iturrama-lazo-intergeneracional-encuentro-frente-a-la-soledad-de-las-personas-mayores-abrid-las-ventanas-al-griterio-alegre-de-los-ninos-y-las-ninas\/#primaryimage","url":"https:\/\/www.laguiadepamplona.com\/actualidad\/wp-content\/uploads\/2022\/06\/anciano_plastilina.jpg","contentUrl":"https:\/\/www.laguiadepamplona.com\/actualidad\/wp-content\/uploads\/2022\/06\/anciano_plastilina.jpg","width":870,"height":480},{"@type":"BreadcrumbList","@id":"https:\/\/www.laguiadepamplona.com\/actualidad\/evento\/iturrama-lazo-intergeneracional-encuentro-frente-a-la-soledad-de-las-personas-mayores-abrid-las-ventanas-al-griterio-alegre-de-los-ninos-y-las-ninas\/#breadcrumb","itemListElement":[{"@type":"ListItem","position":1,"name":"Portada","item":"https:\/\/www.laguiadepamplona.com\/actualidad\/"},{"@type":"ListItem","position":2,"name":"Eventos","item":"https:\/\/www.laguiadepamplona.com\/actualidad\/eventos\/"},{"@type":"ListItem","position":3,"name":"Iturrama lazo intergeneracional. Encuentro. Frente a la soledad de las personas mayores, abrid las ventanas al griter\u00edo alegre de los ni\u00f1os y las ni\u00f1as."}]},{"@type":"WebSite","@id":"https:\/\/www.laguiadepamplona.com\/actualidad\/#website","url":"https:\/\/www.laguiadepamplona.com\/actualidad\/","name":"La gu\u00eda de Pamplona","description":"Noticias de Pamplona","publisher":{"@id":"https:\/\/www.laguiadepamplona.com\/actualidad\/#organization"},"potentialAction":[{"@type":"SearchAction","target":{"@type":"EntryPoint","urlTemplate":"https:\/\/www.laguiadepamplona.com\/actualidad\/?s={search_term_string}"},"query-input":{"@type":"PropertyValueSpecification","valueRequired":true,"valueName":"search_term_string"}}],"inLanguage":"es"},{"@type":"Organization","@id":"https:\/\/www.laguiadepamplona.com\/actualidad\/#organization","name":"La Gu\u00eda de Pamplona \/ Noticias","url":"https:\/\/www.laguiadepamplona.com\/actualidad\/","logo":{"@type":"ImageObject","inLanguage":"es","@id":"https:\/\/www.laguiadepamplona.com\/actualidad\/#\/schema\/logo\/image\/","url":"https:\/\/www.laguiadepamplona.com\/actualidad\/wp-content\/uploads\/2018\/11\/logo-laguiadepamplona18-web1.png","contentUrl":"https:\/\/www.laguiadepamplona.com\/actualidad\/wp-content\/uploads\/2018\/11\/logo-laguiadepamplona18-web1.png","width":600,"height":196,"caption":"La Gu\u00eda de Pamplona \/ Noticias"},"image":{"@id":"https:\/\/www.laguiadepamplona.com\/actualidad\/#\/schema\/logo\/image\/"},"sameAs":["https:\/\/www.facebook.com\/laguiadepamplonacom-133175176762273\/?ref=hl","https:\/\/x.com\/LaGuiadPamplona","https:\/\/www.instagram.com\/la_guia_de_pamplona\/","https:\/\/www.youtube.com\/user\/laguiadepamplona"]}]}},"post_mailing_queue_ids":[],"_links":{"self":[{"href":"https:\/\/www.laguiadepamplona.com\/actualidad\/wp-json\/wp\/v2\/tribe_events\/40648","targetHints":{"allow":["GET"]}}],"collection":[{"href":"https:\/\/www.laguiadepamplona.com\/actualidad\/wp-json\/wp\/v2\/tribe_events"}],"about":[{"href":"https:\/\/www.laguiadepamplona.com\/actualidad\/wp-json\/wp\/v2\/types\/tribe_events"}],"author":[{"embeddable":true,"href":"https:\/\/www.laguiadepamplona.com\/actualidad\/wp-json\/wp\/v2\/users\/1"}],"replies":[{"embeddable":true,"href":"https:\/\/www.laguiadepamplona.com\/actualidad\/wp-json\/wp\/v2\/comments?post=40648"}],"version-history":[{"count":0,"href":"https:\/\/www.laguiadepamplona.com\/actualidad\/wp-json\/wp\/v2\/tribe_events\/40648\/revisions"}],"wp:featuredmedia":[{"embeddable":true,"href":"https:\/\/www.laguiadepamplona.com\/actualidad\/wp-json\/wp\/v2\/media\/40649"}],"wp:attachment":[{"href":"https:\/\/www.laguiadepamplona.com\/actualidad\/wp-json\/wp\/v2\/media?parent=40648"}],"wp:term":[{"taxonomy":"post_tag","embeddable":true,"href":"https:\/\/www.laguiadepamplona.com\/actualidad\/wp-json\/wp\/v2\/tags?post=40648"},{"taxonomy":"tribe_events_cat","embeddable":true,"href":"https:\/\/www.laguiadepamplona.com\/actualidad\/wp-json\/wp\/v2\/tribe_events_cat?post=40648"}],"curies":[{"name":"wp","href":"https:\/\/api.w.org\/{rel}","templated":true}]}}