{"id":39909,"date":"2022-04-07T17:41:19","date_gmt":"2022-04-07T15:41:19","guid":{"rendered":"https:\/\/www.laguiadepamplona.com\/actualidad\/?post_type=tribe_events&#038;p=39909"},"modified":"2022-04-07T17:41:42","modified_gmt":"2022-04-07T15:41:42","slug":"visita-guiada-biblioteca-de-semillas-visita-guiada-volar-por-el-parque-del-mundo-y-conocer-sus-arboles","status":"publish","type":"tribe_events","link":"https:\/\/www.laguiadepamplona.com\/actualidad\/evento\/visita-guiada-biblioteca-de-semillas-visita-guiada-volar-por-el-parque-del-mundo-y-conocer-sus-arboles\/","title":{"rendered":"Visita guiada. Biblioteca de semillas. Visita guiada \u2018Volar por el parque del mundo y conocer sus \u00e1rboles."},"content":{"rendered":"<p class=\"3Texto\"><strong><span style=\"font-family: 'Arial',sans-serif; font-weight: normal;\">La v<\/span><\/strong>isita guiada la realizar\u00e1 F\u00e9lix Rey, que tal y como comentar\u00e1 el d\u00eda anterior en la conferencia prevista tambi\u00e9n en la Biblioteca P\u00fablica Txantrea, ha publicado un trabajo original con informaci\u00f3n sobre los \u00e1rboles, su nombre castellano, en euskera, bot\u00e1nico, verlos en foto&#8230; e incluso \u2018volar\u2019 sobre \u00e9l.<\/p>\n<p>&nbsp;<br \/>\n<script async src=\"\/\/pagead2.googlesyndication.com\/pagead\/js\/adsbygoogle.js\"><\/script><br \/>\n<!-- Noticias La Guia de Pamplona --><br \/>\n<ins class=\"adsbygoogle\"\nstyle=\"display:block\"\ndata-ad-client=\"ca-pub-6943679897239327\"\ndata-ad-slot=\"7048180777\"\ndata-ad-format=\"auto\"><\/ins><br \/>\n<script>\n(adsbygoogle = window.adsbygoogle || []).push({});\n<\/script><\/p>\n<p><strong><span style=\"font-size: 12.0pt; font-family: 'Arial',sans-serif; font-weight: normal;\">Biblioteca P\u00fablica Txantrea, 10 horas<\/span><\/strong><span style=\"font-size: 12.0pt;\">. Entrada libre, previa inscripci\u00f3n en la propia biblioteca<\/span><\/p>\n","protected":false},"excerpt":{"rendered":"<p>La visita guiada la realizar\u00e1 F\u00e9lix Rey, que tal y como comentar\u00e1 el d\u00eda anterior en la conferencia prevista tambi\u00e9n en la Biblioteca P\u00fablica Txantrea, ha publicado un trabajo original&#8230;<\/p>\n","protected":false},"author":1,"featured_media":39903,"comment_status":"open","ping_status":"closed","template":"","meta":{"_tribe_events_status":"","_tribe_events_status_reason":"","footnotes":""},"tags":[],"tribe_events_cat":[9405],"class_list":["post-39909","tribe_events","type-tribe_events","status-publish","has-post-thumbnail","hentry","tribe_events_cat-ayuntamiento","cat_ayuntamiento"],"yoast_head":"<!-- This site is optimized with the Yoast SEO plugin v27.5 - https:\/\/yoast.com\/product\/yoast-seo-wordpress\/ -->\n<title>Visita guiada. Biblioteca de semillas. Visita guiada \u2018Volar por el parque del mundo y conocer sus \u00e1rboles. - La Gu\u00eda de Pamplona<\/title>\n<meta name=\"robots\" content=\"index, follow, max-snippet:-1, max-image-preview:large, max-video-preview:-1\" \/>\n<link rel=\"canonical\" href=\"https:\/\/www.laguiadepamplona.com\/actualidad\/evento\/visita-guiada-biblioteca-de-semillas-visita-guiada-volar-por-el-parque-del-mundo-y-conocer-sus-arboles\/\" \/>\n<meta property=\"og:locale\" content=\"es_ES\" \/>\n<meta property=\"og:type\" content=\"article\" \/>\n<meta property=\"og:title\" content=\"Visita guiada. Biblioteca de semillas. Visita guiada \u2018Volar por el parque del mundo y conocer sus \u00e1rboles. - La Gu\u00eda de Pamplona\" \/>\n<meta property=\"og:description\" content=\"La visita guiada la realizar\u00e1 F\u00e9lix Rey, que tal y como comentar\u00e1 el d\u00eda anterior en la conferencia prevista tambi\u00e9n en la Biblioteca P\u00fablica Txantrea, ha publicado un trabajo original...\" \/>\n<meta property=\"og:url\" content=\"https:\/\/www.laguiadepamplona.com\/actualidad\/evento\/visita-guiada-biblioteca-de-semillas-visita-guiada-volar-por-el-parque-del-mundo-y-conocer-sus-arboles\/\" \/>\n<meta property=\"og:site_name\" content=\"La Gu\u00eda de Pamplona\" \/>\n<meta property=\"article:publisher\" content=\"https:\/\/www.facebook.com\/laguiadepamplonacom-133175176762273\/?ref=hl\" \/>\n<meta property=\"article:modified_time\" content=\"2022-04-07T15:41:42+00:00\" \/>\n<meta property=\"og:image\" content=\"https:\/\/www.laguiadepamplona.com\/actualidad\/wp-content\/uploads\/2022\/04\/BIBLIO-TXANTREA_VOLAR-SOBRE-EL-PARQUE-DEL-MUNDO-870x480-1.jpg\" \/>\n\t<meta property=\"og:image:width\" content=\"870\" \/>\n\t<meta property=\"og:image:height\" content=\"480\" \/>\n\t<meta property=\"og:image:type\" content=\"image\/jpeg\" \/>\n<meta name=\"twitter:card\" content=\"summary_large_image\" \/>\n<meta name=\"twitter:site\" content=\"@LaGuiadPamplona\" \/>\n<meta name=\"twitter:label1\" content=\"Tiempo de lectura\" \/>\n\t<meta name=\"twitter:data1\" content=\"1 minuto\" \/>\n<script type=\"application\/ld+json\" class=\"yoast-schema-graph\">{\"@context\":\"https:\\\/\\\/schema.org\",\"@graph\":[{\"@type\":\"WebPage\",\"@id\":\"https:\\\/\\\/www.laguiadepamplona.com\\\/actualidad\\\/evento\\\/visita-guiada-biblioteca-de-semillas-visita-guiada-volar-por-el-parque-del-mundo-y-conocer-sus-arboles\\\/\",\"url\":\"https:\\\/\\\/www.laguiadepamplona.com\\\/actualidad\\\/evento\\\/visita-guiada-biblioteca-de-semillas-visita-guiada-volar-por-el-parque-del-mundo-y-conocer-sus-arboles\\\/\",\"name\":\"Visita guiada. Biblioteca de semillas. Visita guiada \u2018Volar por el parque del mundo y conocer sus \u00e1rboles. - La Gu\u00eda de Pamplona\",\"isPartOf\":{\"@id\":\"https:\\\/\\\/www.laguiadepamplona.com\\\/actualidad\\\/#website\"},\"primaryImageOfPage\":{\"@id\":\"https:\\\/\\\/www.laguiadepamplona.com\\\/actualidad\\\/evento\\\/visita-guiada-biblioteca-de-semillas-visita-guiada-volar-por-el-parque-del-mundo-y-conocer-sus-arboles\\\/#primaryimage\"},\"image\":{\"@id\":\"https:\\\/\\\/www.laguiadepamplona.com\\\/actualidad\\\/evento\\\/visita-guiada-biblioteca-de-semillas-visita-guiada-volar-por-el-parque-del-mundo-y-conocer-sus-arboles\\\/#primaryimage\"},\"thumbnailUrl\":\"https:\\\/\\\/www.laguiadepamplona.com\\\/actualidad\\\/wp-content\\\/uploads\\\/2022\\\/04\\\/BIBLIO-TXANTREA_VOLAR-SOBRE-EL-PARQUE-DEL-MUNDO-870x480-1.jpg\",\"datePublished\":\"2022-04-07T15:41:19+00:00\",\"dateModified\":\"2022-04-07T15:41:42+00:00\",\"breadcrumb\":{\"@id\":\"https:\\\/\\\/www.laguiadepamplona.com\\\/actualidad\\\/evento\\\/visita-guiada-biblioteca-de-semillas-visita-guiada-volar-por-el-parque-del-mundo-y-conocer-sus-arboles\\\/#breadcrumb\"},\"inLanguage\":\"es\",\"potentialAction\":[{\"@type\":\"ReadAction\",\"target\":[\"https:\\\/\\\/www.laguiadepamplona.com\\\/actualidad\\\/evento\\\/visita-guiada-biblioteca-de-semillas-visita-guiada-volar-por-el-parque-del-mundo-y-conocer-sus-arboles\\\/\"]}]},{\"@type\":\"ImageObject\",\"inLanguage\":\"es\",\"@id\":\"https:\\\/\\\/www.laguiadepamplona.com\\\/actualidad\\\/evento\\\/visita-guiada-biblioteca-de-semillas-visita-guiada-volar-por-el-parque-del-mundo-y-conocer-sus-arboles\\\/#primaryimage\",\"url\":\"https:\\\/\\\/www.laguiadepamplona.com\\\/actualidad\\\/wp-content\\\/uploads\\\/2022\\\/04\\\/BIBLIO-TXANTREA_VOLAR-SOBRE-EL-PARQUE-DEL-MUNDO-870x480-1.jpg\",\"contentUrl\":\"https:\\\/\\\/www.laguiadepamplona.com\\\/actualidad\\\/wp-content\\\/uploads\\\/2022\\\/04\\\/BIBLIO-TXANTREA_VOLAR-SOBRE-EL-PARQUE-DEL-MUNDO-870x480-1.jpg\",\"width\":870,\"height\":480},{\"@type\":\"BreadcrumbList\",\"@id\":\"https:\\\/\\\/www.laguiadepamplona.com\\\/actualidad\\\/evento\\\/visita-guiada-biblioteca-de-semillas-visita-guiada-volar-por-el-parque-del-mundo-y-conocer-sus-arboles\\\/#breadcrumb\",\"itemListElement\":[{\"@type\":\"ListItem\",\"position\":1,\"name\":\"Portada\",\"item\":\"https:\\\/\\\/www.laguiadepamplona.com\\\/actualidad\\\/\"},{\"@type\":\"ListItem\",\"position\":2,\"name\":\"Eventos\",\"item\":\"https:\\\/\\\/www.laguiadepamplona.com\\\/actualidad\\\/eventos\\\/\"},{\"@type\":\"ListItem\",\"position\":3,\"name\":\"Visita guiada. Biblioteca de semillas. Visita guiada \u2018Volar por el parque del mundo y conocer sus \u00e1rboles.\"}]},{\"@type\":\"WebSite\",\"@id\":\"https:\\\/\\\/www.laguiadepamplona.com\\\/actualidad\\\/#website\",\"url\":\"https:\\\/\\\/www.laguiadepamplona.com\\\/actualidad\\\/\",\"name\":\"La gu\u00eda de Pamplona\",\"description\":\"Noticias de Pamplona\",\"publisher\":{\"@id\":\"https:\\\/\\\/www.laguiadepamplona.com\\\/actualidad\\\/#organization\"},\"potentialAction\":[{\"@type\":\"SearchAction\",\"target\":{\"@type\":\"EntryPoint\",\"urlTemplate\":\"https:\\\/\\\/www.laguiadepamplona.com\\\/actualidad\\\/?s={search_term_string}\"},\"query-input\":{\"@type\":\"PropertyValueSpecification\",\"valueRequired\":true,\"valueName\":\"search_term_string\"}}],\"inLanguage\":\"es\"},{\"@type\":\"Organization\",\"@id\":\"https:\\\/\\\/www.laguiadepamplona.com\\\/actualidad\\\/#organization\",\"name\":\"La Gu\u00eda de Pamplona \\\/ Noticias\",\"url\":\"https:\\\/\\\/www.laguiadepamplona.com\\\/actualidad\\\/\",\"logo\":{\"@type\":\"ImageObject\",\"inLanguage\":\"es\",\"@id\":\"https:\\\/\\\/www.laguiadepamplona.com\\\/actualidad\\\/#\\\/schema\\\/logo\\\/image\\\/\",\"url\":\"https:\\\/\\\/www.laguiadepamplona.com\\\/actualidad\\\/wp-content\\\/uploads\\\/2018\\\/11\\\/logo-laguiadepamplona18-web1.png\",\"contentUrl\":\"https:\\\/\\\/www.laguiadepamplona.com\\\/actualidad\\\/wp-content\\\/uploads\\\/2018\\\/11\\\/logo-laguiadepamplona18-web1.png\",\"width\":600,\"height\":196,\"caption\":\"La Gu\u00eda de Pamplona \\\/ Noticias\"},\"image\":{\"@id\":\"https:\\\/\\\/www.laguiadepamplona.com\\\/actualidad\\\/#\\\/schema\\\/logo\\\/image\\\/\"},\"sameAs\":[\"https:\\\/\\\/www.facebook.com\\\/laguiadepamplonacom-133175176762273\\\/?ref=hl\",\"https:\\\/\\\/x.com\\\/LaGuiadPamplona\",\"https:\\\/\\\/www.instagram.com\\\/la_guia_de_pamplona\\\/\",\"https:\\\/\\\/www.youtube.com\\\/user\\\/laguiadepamplona\"]}]}<\/script>\n<!-- \/ Yoast SEO plugin. -->","yoast_head_json":{"title":"Visita guiada. Biblioteca de semillas. Visita guiada \u2018Volar por el parque del mundo y conocer sus \u00e1rboles. - La Gu\u00eda de Pamplona","robots":{"index":"index","follow":"follow","max-snippet":"max-snippet:-1","max-image-preview":"max-image-preview:large","max-video-preview":"max-video-preview:-1"},"canonical":"https:\/\/www.laguiadepamplona.com\/actualidad\/evento\/visita-guiada-biblioteca-de-semillas-visita-guiada-volar-por-el-parque-del-mundo-y-conocer-sus-arboles\/","og_locale":"es_ES","og_type":"article","og_title":"Visita guiada. Biblioteca de semillas. Visita guiada \u2018Volar por el parque del mundo y conocer sus \u00e1rboles. - La Gu\u00eda de Pamplona","og_description":"La visita guiada la realizar\u00e1 F\u00e9lix Rey, que tal y como comentar\u00e1 el d\u00eda anterior en la conferencia prevista tambi\u00e9n en la Biblioteca P\u00fablica Txantrea, ha publicado un trabajo original...","og_url":"https:\/\/www.laguiadepamplona.com\/actualidad\/evento\/visita-guiada-biblioteca-de-semillas-visita-guiada-volar-por-el-parque-del-mundo-y-conocer-sus-arboles\/","og_site_name":"La Gu\u00eda de Pamplona","article_publisher":"https:\/\/www.facebook.com\/laguiadepamplonacom-133175176762273\/?ref=hl","article_modified_time":"2022-04-07T15:41:42+00:00","og_image":[{"width":870,"height":480,"url":"https:\/\/www.laguiadepamplona.com\/actualidad\/wp-content\/uploads\/2022\/04\/BIBLIO-TXANTREA_VOLAR-SOBRE-EL-PARQUE-DEL-MUNDO-870x480-1.jpg","type":"image\/jpeg"}],"twitter_card":"summary_large_image","twitter_site":"@LaGuiadPamplona","twitter_misc":{"Tiempo de lectura":"1 minuto"},"schema":{"@context":"https:\/\/schema.org","@graph":[{"@type":"WebPage","@id":"https:\/\/www.laguiadepamplona.com\/actualidad\/evento\/visita-guiada-biblioteca-de-semillas-visita-guiada-volar-por-el-parque-del-mundo-y-conocer-sus-arboles\/","url":"https:\/\/www.laguiadepamplona.com\/actualidad\/evento\/visita-guiada-biblioteca-de-semillas-visita-guiada-volar-por-el-parque-del-mundo-y-conocer-sus-arboles\/","name":"Visita guiada. Biblioteca de semillas. Visita guiada \u2018Volar por el parque del mundo y conocer sus \u00e1rboles. - La Gu\u00eda de Pamplona","isPartOf":{"@id":"https:\/\/www.laguiadepamplona.com\/actualidad\/#website"},"primaryImageOfPage":{"@id":"https:\/\/www.laguiadepamplona.com\/actualidad\/evento\/visita-guiada-biblioteca-de-semillas-visita-guiada-volar-por-el-parque-del-mundo-y-conocer-sus-arboles\/#primaryimage"},"image":{"@id":"https:\/\/www.laguiadepamplona.com\/actualidad\/evento\/visita-guiada-biblioteca-de-semillas-visita-guiada-volar-por-el-parque-del-mundo-y-conocer-sus-arboles\/#primaryimage"},"thumbnailUrl":"https:\/\/www.laguiadepamplona.com\/actualidad\/wp-content\/uploads\/2022\/04\/BIBLIO-TXANTREA_VOLAR-SOBRE-EL-PARQUE-DEL-MUNDO-870x480-1.jpg","datePublished":"2022-04-07T15:41:19+00:00","dateModified":"2022-04-07T15:41:42+00:00","breadcrumb":{"@id":"https:\/\/www.laguiadepamplona.com\/actualidad\/evento\/visita-guiada-biblioteca-de-semillas-visita-guiada-volar-por-el-parque-del-mundo-y-conocer-sus-arboles\/#breadcrumb"},"inLanguage":"es","potentialAction":[{"@type":"ReadAction","target":["https:\/\/www.laguiadepamplona.com\/actualidad\/evento\/visita-guiada-biblioteca-de-semillas-visita-guiada-volar-por-el-parque-del-mundo-y-conocer-sus-arboles\/"]}]},{"@type":"ImageObject","inLanguage":"es","@id":"https:\/\/www.laguiadepamplona.com\/actualidad\/evento\/visita-guiada-biblioteca-de-semillas-visita-guiada-volar-por-el-parque-del-mundo-y-conocer-sus-arboles\/#primaryimage","url":"https:\/\/www.laguiadepamplona.com\/actualidad\/wp-content\/uploads\/2022\/04\/BIBLIO-TXANTREA_VOLAR-SOBRE-EL-PARQUE-DEL-MUNDO-870x480-1.jpg","contentUrl":"https:\/\/www.laguiadepamplona.com\/actualidad\/wp-content\/uploads\/2022\/04\/BIBLIO-TXANTREA_VOLAR-SOBRE-EL-PARQUE-DEL-MUNDO-870x480-1.jpg","width":870,"height":480},{"@type":"BreadcrumbList","@id":"https:\/\/www.laguiadepamplona.com\/actualidad\/evento\/visita-guiada-biblioteca-de-semillas-visita-guiada-volar-por-el-parque-del-mundo-y-conocer-sus-arboles\/#breadcrumb","itemListElement":[{"@type":"ListItem","position":1,"name":"Portada","item":"https:\/\/www.laguiadepamplona.com\/actualidad\/"},{"@type":"ListItem","position":2,"name":"Eventos","item":"https:\/\/www.laguiadepamplona.com\/actualidad\/eventos\/"},{"@type":"ListItem","position":3,"name":"Visita guiada. Biblioteca de semillas. Visita guiada \u2018Volar por el parque del mundo y conocer sus \u00e1rboles."}]},{"@type":"WebSite","@id":"https:\/\/www.laguiadepamplona.com\/actualidad\/#website","url":"https:\/\/www.laguiadepamplona.com\/actualidad\/","name":"La gu\u00eda de Pamplona","description":"Noticias de Pamplona","publisher":{"@id":"https:\/\/www.laguiadepamplona.com\/actualidad\/#organization"},"potentialAction":[{"@type":"SearchAction","target":{"@type":"EntryPoint","urlTemplate":"https:\/\/www.laguiadepamplona.com\/actualidad\/?s={search_term_string}"},"query-input":{"@type":"PropertyValueSpecification","valueRequired":true,"valueName":"search_term_string"}}],"inLanguage":"es"},{"@type":"Organization","@id":"https:\/\/www.laguiadepamplona.com\/actualidad\/#organization","name":"La Gu\u00eda de Pamplona \/ Noticias","url":"https:\/\/www.laguiadepamplona.com\/actualidad\/","logo":{"@type":"ImageObject","inLanguage":"es","@id":"https:\/\/www.laguiadepamplona.com\/actualidad\/#\/schema\/logo\/image\/","url":"https:\/\/www.laguiadepamplona.com\/actualidad\/wp-content\/uploads\/2018\/11\/logo-laguiadepamplona18-web1.png","contentUrl":"https:\/\/www.laguiadepamplona.com\/actualidad\/wp-content\/uploads\/2018\/11\/logo-laguiadepamplona18-web1.png","width":600,"height":196,"caption":"La Gu\u00eda de Pamplona \/ Noticias"},"image":{"@id":"https:\/\/www.laguiadepamplona.com\/actualidad\/#\/schema\/logo\/image\/"},"sameAs":["https:\/\/www.facebook.com\/laguiadepamplonacom-133175176762273\/?ref=hl","https:\/\/x.com\/LaGuiadPamplona","https:\/\/www.instagram.com\/la_guia_de_pamplona\/","https:\/\/www.youtube.com\/user\/laguiadepamplona"]}]}},"post_mailing_queue_ids":[],"_links":{"self":[{"href":"https:\/\/www.laguiadepamplona.com\/actualidad\/wp-json\/wp\/v2\/tribe_events\/39909","targetHints":{"allow":["GET"]}}],"collection":[{"href":"https:\/\/www.laguiadepamplona.com\/actualidad\/wp-json\/wp\/v2\/tribe_events"}],"about":[{"href":"https:\/\/www.laguiadepamplona.com\/actualidad\/wp-json\/wp\/v2\/types\/tribe_events"}],"author":[{"embeddable":true,"href":"https:\/\/www.laguiadepamplona.com\/actualidad\/wp-json\/wp\/v2\/users\/1"}],"replies":[{"embeddable":true,"href":"https:\/\/www.laguiadepamplona.com\/actualidad\/wp-json\/wp\/v2\/comments?post=39909"}],"version-history":[{"count":0,"href":"https:\/\/www.laguiadepamplona.com\/actualidad\/wp-json\/wp\/v2\/tribe_events\/39909\/revisions"}],"wp:featuredmedia":[{"embeddable":true,"href":"https:\/\/www.laguiadepamplona.com\/actualidad\/wp-json\/wp\/v2\/media\/39903"}],"wp:attachment":[{"href":"https:\/\/www.laguiadepamplona.com\/actualidad\/wp-json\/wp\/v2\/media?parent=39909"}],"wp:term":[{"taxonomy":"post_tag","embeddable":true,"href":"https:\/\/www.laguiadepamplona.com\/actualidad\/wp-json\/wp\/v2\/tags?post=39909"},{"taxonomy":"tribe_events_cat","embeddable":true,"href":"https:\/\/www.laguiadepamplona.com\/actualidad\/wp-json\/wp\/v2\/tribe_events_cat?post=39909"}],"curies":[{"name":"wp","href":"https:\/\/api.w.org\/{rel}","templated":true}]}}