{"id":39836,"date":"2022-04-04T18:33:32","date_gmt":"2022-04-04T16:33:32","guid":{"rendered":"https:\/\/www.laguiadepamplona.com\/actualidad\/?post_type=tribe_events&#038;p=39836"},"modified":"2022-04-04T18:33:32","modified_gmt":"2022-04-04T16:33:32","slug":"ciclo-sobre-educacion-nutricional-conferencia-taller-sobre-etiquetado-nutricional-sabes-realmente-lo-que-estas-comprando","status":"publish","type":"tribe_events","link":"https:\/\/www.laguiadepamplona.com\/actualidad\/evento\/ciclo-sobre-educacion-nutricional-conferencia-taller-sobre-etiquetado-nutricional-sabes-realmente-lo-que-estas-comprando\/","title":{"rendered":"Ciclo sobre educaci\u00f3n nutricional. Conferencia \u2013 taller sobre etiquetado nutricional. \u2018\u00bfSabes realmente lo que est\u00e1s comprando?\u2019"},"content":{"rendered":"<p>\u00bfTe resulta dif\u00edcil leer las etiquetas nutricionales? Con este taller conseguir\u00e1s comprender las etiquetas nutricionales, y elegir productos procesados saludables y sostenibles en poco tiempo. Aprender\u00e1s a llenar tu carro de la compra con productos de calidad, que har\u00e1n mejorar tu salud y la de tu familia con sencillos conceptos te\u00f3ricos y pr\u00e1cticos. Imparten la sesi\u00f3n Silvia Uriarte y Mar\u00eda Garc\u00e9s, de GUT Nutrici\u00f3n\u2026<\/p>\n<p>&nbsp;<br \/>\n<script async src=\"\/\/pagead2.googlesyndication.com\/pagead\/js\/adsbygoogle.js\"><\/script><br \/>\n<!-- Noticias La Guia de Pamplona --><br \/>\n<ins class=\"adsbygoogle\"\nstyle=\"display:block\"\ndata-ad-client=\"ca-pub-6943679897239327\"\ndata-ad-slot=\"7048180777\"\ndata-ad-format=\"auto\"><\/ins><br \/>\n<script>\n(adsbygoogle = window.adsbygoogle || []).push({});\n<\/script><\/p>\n<p>Civivox Milagrosa, 19.30 horas. Entrada libre, previa inscripci\u00f3n a trav\u00e9s del 010, red Civivox o <a href=\"http:\/\/www.pamplonaescultura.es\">www.pamplonaescultura.es<\/a><\/p>\n","protected":false},"excerpt":{"rendered":"<p>\u00bfTe resulta dif\u00edcil leer las etiquetas nutricionales? Con este taller conseguir\u00e1s comprender las etiquetas nutricionales, y elegir productos procesados saludables y sostenibles en poco tiempo. Aprender\u00e1s a llenar tu carro&#8230;<\/p>\n","protected":false},"author":1,"featured_media":11074,"comment_status":"open","ping_status":"closed","template":"","meta":{"_tribe_events_status":"","_tribe_events_status_reason":"","footnotes":""},"tags":[],"tribe_events_cat":[9405],"class_list":["post-39836","tribe_events","type-tribe_events","status-publish","has-post-thumbnail","hentry","tribe_events_cat-ayuntamiento","cat_ayuntamiento"],"yoast_head":"<!-- This site is optimized with the Yoast SEO plugin v27.5 - https:\/\/yoast.com\/product\/yoast-seo-wordpress\/ -->\n<title>Ciclo sobre educaci\u00f3n nutricional. Conferencia \u2013 taller sobre etiquetado nutricional. \u2018\u00bfSabes realmente lo que est\u00e1s comprando?\u2019 - La Gu\u00eda de Pamplona<\/title>\n<meta name=\"robots\" content=\"index, follow, max-snippet:-1, max-image-preview:large, max-video-preview:-1\" \/>\n<link rel=\"canonical\" href=\"https:\/\/www.laguiadepamplona.com\/actualidad\/evento\/ciclo-sobre-educacion-nutricional-conferencia-taller-sobre-etiquetado-nutricional-sabes-realmente-lo-que-estas-comprando\/\" \/>\n<meta property=\"og:locale\" content=\"es_ES\" \/>\n<meta property=\"og:type\" content=\"article\" \/>\n<meta property=\"og:title\" content=\"Ciclo sobre educaci\u00f3n nutricional. Conferencia \u2013 taller sobre etiquetado nutricional. \u2018\u00bfSabes realmente lo que est\u00e1s comprando?\u2019 - La Gu\u00eda de Pamplona\" \/>\n<meta property=\"og:description\" content=\"\u00bfTe resulta dif\u00edcil leer las etiquetas nutricionales? Con este taller conseguir\u00e1s comprender las etiquetas nutricionales, y elegir productos procesados saludables y sostenibles en poco tiempo. Aprender\u00e1s a llenar tu carro...\" \/>\n<meta property=\"og:url\" content=\"https:\/\/www.laguiadepamplona.com\/actualidad\/evento\/ciclo-sobre-educacion-nutricional-conferencia-taller-sobre-etiquetado-nutricional-sabes-realmente-lo-que-estas-comprando\/\" \/>\n<meta property=\"og:site_name\" content=\"La Gu\u00eda de Pamplona\" \/>\n<meta property=\"article:publisher\" content=\"https:\/\/www.facebook.com\/laguiadepamplonacom-133175176762273\/?ref=hl\" \/>\n<meta property=\"og:image\" content=\"https:\/\/www.laguiadepamplona.com\/actualidad\/wp-content\/uploads\/2016\/12\/civivox-milagrosa-900x598.jpg\" \/>\n\t<meta property=\"og:image:width\" content=\"900\" \/>\n\t<meta property=\"og:image:height\" content=\"598\" \/>\n\t<meta property=\"og:image:type\" content=\"image\/jpeg\" \/>\n<meta name=\"twitter:card\" content=\"summary_large_image\" \/>\n<meta name=\"twitter:site\" content=\"@LaGuiadPamplona\" \/>\n<meta name=\"twitter:label1\" content=\"Tiempo de lectura\" \/>\n\t<meta name=\"twitter:data1\" content=\"1 minuto\" \/>\n<script type=\"application\/ld+json\" class=\"yoast-schema-graph\">{\"@context\":\"https:\\\/\\\/schema.org\",\"@graph\":[{\"@type\":\"WebPage\",\"@id\":\"https:\\\/\\\/www.laguiadepamplona.com\\\/actualidad\\\/evento\\\/ciclo-sobre-educacion-nutricional-conferencia-taller-sobre-etiquetado-nutricional-sabes-realmente-lo-que-estas-comprando\\\/\",\"url\":\"https:\\\/\\\/www.laguiadepamplona.com\\\/actualidad\\\/evento\\\/ciclo-sobre-educacion-nutricional-conferencia-taller-sobre-etiquetado-nutricional-sabes-realmente-lo-que-estas-comprando\\\/\",\"name\":\"Ciclo sobre educaci\u00f3n nutricional. Conferencia \u2013 taller sobre etiquetado nutricional. \u2018\u00bfSabes realmente lo que est\u00e1s comprando?\u2019 - La Gu\u00eda de Pamplona\",\"isPartOf\":{\"@id\":\"https:\\\/\\\/www.laguiadepamplona.com\\\/actualidad\\\/#website\"},\"primaryImageOfPage\":{\"@id\":\"https:\\\/\\\/www.laguiadepamplona.com\\\/actualidad\\\/evento\\\/ciclo-sobre-educacion-nutricional-conferencia-taller-sobre-etiquetado-nutricional-sabes-realmente-lo-que-estas-comprando\\\/#primaryimage\"},\"image\":{\"@id\":\"https:\\\/\\\/www.laguiadepamplona.com\\\/actualidad\\\/evento\\\/ciclo-sobre-educacion-nutricional-conferencia-taller-sobre-etiquetado-nutricional-sabes-realmente-lo-que-estas-comprando\\\/#primaryimage\"},\"thumbnailUrl\":\"https:\\\/\\\/www.laguiadepamplona.com\\\/actualidad\\\/wp-content\\\/uploads\\\/2016\\\/12\\\/civivox-milagrosa-900x598.jpg\",\"datePublished\":\"2022-04-04T16:33:32+00:00\",\"breadcrumb\":{\"@id\":\"https:\\\/\\\/www.laguiadepamplona.com\\\/actualidad\\\/evento\\\/ciclo-sobre-educacion-nutricional-conferencia-taller-sobre-etiquetado-nutricional-sabes-realmente-lo-que-estas-comprando\\\/#breadcrumb\"},\"inLanguage\":\"es\",\"potentialAction\":[{\"@type\":\"ReadAction\",\"target\":[\"https:\\\/\\\/www.laguiadepamplona.com\\\/actualidad\\\/evento\\\/ciclo-sobre-educacion-nutricional-conferencia-taller-sobre-etiquetado-nutricional-sabes-realmente-lo-que-estas-comprando\\\/\"]}]},{\"@type\":\"ImageObject\",\"inLanguage\":\"es\",\"@id\":\"https:\\\/\\\/www.laguiadepamplona.com\\\/actualidad\\\/evento\\\/ciclo-sobre-educacion-nutricional-conferencia-taller-sobre-etiquetado-nutricional-sabes-realmente-lo-que-estas-comprando\\\/#primaryimage\",\"url\":\"https:\\\/\\\/www.laguiadepamplona.com\\\/actualidad\\\/wp-content\\\/uploads\\\/2016\\\/12\\\/civivox-milagrosa-900x598.jpg\",\"contentUrl\":\"https:\\\/\\\/www.laguiadepamplona.com\\\/actualidad\\\/wp-content\\\/uploads\\\/2016\\\/12\\\/civivox-milagrosa-900x598.jpg\",\"width\":900,\"height\":598},{\"@type\":\"BreadcrumbList\",\"@id\":\"https:\\\/\\\/www.laguiadepamplona.com\\\/actualidad\\\/evento\\\/ciclo-sobre-educacion-nutricional-conferencia-taller-sobre-etiquetado-nutricional-sabes-realmente-lo-que-estas-comprando\\\/#breadcrumb\",\"itemListElement\":[{\"@type\":\"ListItem\",\"position\":1,\"name\":\"Portada\",\"item\":\"https:\\\/\\\/www.laguiadepamplona.com\\\/actualidad\\\/\"},{\"@type\":\"ListItem\",\"position\":2,\"name\":\"Eventos\",\"item\":\"https:\\\/\\\/www.laguiadepamplona.com\\\/actualidad\\\/eventos\\\/\"},{\"@type\":\"ListItem\",\"position\":3,\"name\":\"Ciclo sobre educaci\u00f3n nutricional. Conferencia \u2013 taller sobre etiquetado nutricional. \u2018\u00bfSabes realmente lo que est\u00e1s comprando?\u2019\"}]},{\"@type\":\"WebSite\",\"@id\":\"https:\\\/\\\/www.laguiadepamplona.com\\\/actualidad\\\/#website\",\"url\":\"https:\\\/\\\/www.laguiadepamplona.com\\\/actualidad\\\/\",\"name\":\"La gu\u00eda de Pamplona\",\"description\":\"Noticias de Pamplona\",\"publisher\":{\"@id\":\"https:\\\/\\\/www.laguiadepamplona.com\\\/actualidad\\\/#organization\"},\"potentialAction\":[{\"@type\":\"SearchAction\",\"target\":{\"@type\":\"EntryPoint\",\"urlTemplate\":\"https:\\\/\\\/www.laguiadepamplona.com\\\/actualidad\\\/?s={search_term_string}\"},\"query-input\":{\"@type\":\"PropertyValueSpecification\",\"valueRequired\":true,\"valueName\":\"search_term_string\"}}],\"inLanguage\":\"es\"},{\"@type\":\"Organization\",\"@id\":\"https:\\\/\\\/www.laguiadepamplona.com\\\/actualidad\\\/#organization\",\"name\":\"La Gu\u00eda de Pamplona \\\/ Noticias\",\"url\":\"https:\\\/\\\/www.laguiadepamplona.com\\\/actualidad\\\/\",\"logo\":{\"@type\":\"ImageObject\",\"inLanguage\":\"es\",\"@id\":\"https:\\\/\\\/www.laguiadepamplona.com\\\/actualidad\\\/#\\\/schema\\\/logo\\\/image\\\/\",\"url\":\"https:\\\/\\\/www.laguiadepamplona.com\\\/actualidad\\\/wp-content\\\/uploads\\\/2018\\\/11\\\/logo-laguiadepamplona18-web1.png\",\"contentUrl\":\"https:\\\/\\\/www.laguiadepamplona.com\\\/actualidad\\\/wp-content\\\/uploads\\\/2018\\\/11\\\/logo-laguiadepamplona18-web1.png\",\"width\":600,\"height\":196,\"caption\":\"La Gu\u00eda de Pamplona \\\/ Noticias\"},\"image\":{\"@id\":\"https:\\\/\\\/www.laguiadepamplona.com\\\/actualidad\\\/#\\\/schema\\\/logo\\\/image\\\/\"},\"sameAs\":[\"https:\\\/\\\/www.facebook.com\\\/laguiadepamplonacom-133175176762273\\\/?ref=hl\",\"https:\\\/\\\/x.com\\\/LaGuiadPamplona\",\"https:\\\/\\\/www.instagram.com\\\/la_guia_de_pamplona\\\/\",\"https:\\\/\\\/www.youtube.com\\\/user\\\/laguiadepamplona\"]}]}<\/script>\n<!-- \/ Yoast SEO plugin. -->","yoast_head_json":{"title":"Ciclo sobre educaci\u00f3n nutricional. Conferencia \u2013 taller sobre etiquetado nutricional. \u2018\u00bfSabes realmente lo que est\u00e1s comprando?\u2019 - La Gu\u00eda de Pamplona","robots":{"index":"index","follow":"follow","max-snippet":"max-snippet:-1","max-image-preview":"max-image-preview:large","max-video-preview":"max-video-preview:-1"},"canonical":"https:\/\/www.laguiadepamplona.com\/actualidad\/evento\/ciclo-sobre-educacion-nutricional-conferencia-taller-sobre-etiquetado-nutricional-sabes-realmente-lo-que-estas-comprando\/","og_locale":"es_ES","og_type":"article","og_title":"Ciclo sobre educaci\u00f3n nutricional. Conferencia \u2013 taller sobre etiquetado nutricional. \u2018\u00bfSabes realmente lo que est\u00e1s comprando?\u2019 - La Gu\u00eda de Pamplona","og_description":"\u00bfTe resulta dif\u00edcil leer las etiquetas nutricionales? Con este taller conseguir\u00e1s comprender las etiquetas nutricionales, y elegir productos procesados saludables y sostenibles en poco tiempo. Aprender\u00e1s a llenar tu carro...","og_url":"https:\/\/www.laguiadepamplona.com\/actualidad\/evento\/ciclo-sobre-educacion-nutricional-conferencia-taller-sobre-etiquetado-nutricional-sabes-realmente-lo-que-estas-comprando\/","og_site_name":"La Gu\u00eda de Pamplona","article_publisher":"https:\/\/www.facebook.com\/laguiadepamplonacom-133175176762273\/?ref=hl","og_image":[{"width":900,"height":598,"url":"https:\/\/www.laguiadepamplona.com\/actualidad\/wp-content\/uploads\/2016\/12\/civivox-milagrosa-900x598.jpg","type":"image\/jpeg"}],"twitter_card":"summary_large_image","twitter_site":"@LaGuiadPamplona","twitter_misc":{"Tiempo de lectura":"1 minuto"},"schema":{"@context":"https:\/\/schema.org","@graph":[{"@type":"WebPage","@id":"https:\/\/www.laguiadepamplona.com\/actualidad\/evento\/ciclo-sobre-educacion-nutricional-conferencia-taller-sobre-etiquetado-nutricional-sabes-realmente-lo-que-estas-comprando\/","url":"https:\/\/www.laguiadepamplona.com\/actualidad\/evento\/ciclo-sobre-educacion-nutricional-conferencia-taller-sobre-etiquetado-nutricional-sabes-realmente-lo-que-estas-comprando\/","name":"Ciclo sobre educaci\u00f3n nutricional. Conferencia \u2013 taller sobre etiquetado nutricional. \u2018\u00bfSabes realmente lo que est\u00e1s comprando?\u2019 - La Gu\u00eda de Pamplona","isPartOf":{"@id":"https:\/\/www.laguiadepamplona.com\/actualidad\/#website"},"primaryImageOfPage":{"@id":"https:\/\/www.laguiadepamplona.com\/actualidad\/evento\/ciclo-sobre-educacion-nutricional-conferencia-taller-sobre-etiquetado-nutricional-sabes-realmente-lo-que-estas-comprando\/#primaryimage"},"image":{"@id":"https:\/\/www.laguiadepamplona.com\/actualidad\/evento\/ciclo-sobre-educacion-nutricional-conferencia-taller-sobre-etiquetado-nutricional-sabes-realmente-lo-que-estas-comprando\/#primaryimage"},"thumbnailUrl":"https:\/\/www.laguiadepamplona.com\/actualidad\/wp-content\/uploads\/2016\/12\/civivox-milagrosa-900x598.jpg","datePublished":"2022-04-04T16:33:32+00:00","breadcrumb":{"@id":"https:\/\/www.laguiadepamplona.com\/actualidad\/evento\/ciclo-sobre-educacion-nutricional-conferencia-taller-sobre-etiquetado-nutricional-sabes-realmente-lo-que-estas-comprando\/#breadcrumb"},"inLanguage":"es","potentialAction":[{"@type":"ReadAction","target":["https:\/\/www.laguiadepamplona.com\/actualidad\/evento\/ciclo-sobre-educacion-nutricional-conferencia-taller-sobre-etiquetado-nutricional-sabes-realmente-lo-que-estas-comprando\/"]}]},{"@type":"ImageObject","inLanguage":"es","@id":"https:\/\/www.laguiadepamplona.com\/actualidad\/evento\/ciclo-sobre-educacion-nutricional-conferencia-taller-sobre-etiquetado-nutricional-sabes-realmente-lo-que-estas-comprando\/#primaryimage","url":"https:\/\/www.laguiadepamplona.com\/actualidad\/wp-content\/uploads\/2016\/12\/civivox-milagrosa-900x598.jpg","contentUrl":"https:\/\/www.laguiadepamplona.com\/actualidad\/wp-content\/uploads\/2016\/12\/civivox-milagrosa-900x598.jpg","width":900,"height":598},{"@type":"BreadcrumbList","@id":"https:\/\/www.laguiadepamplona.com\/actualidad\/evento\/ciclo-sobre-educacion-nutricional-conferencia-taller-sobre-etiquetado-nutricional-sabes-realmente-lo-que-estas-comprando\/#breadcrumb","itemListElement":[{"@type":"ListItem","position":1,"name":"Portada","item":"https:\/\/www.laguiadepamplona.com\/actualidad\/"},{"@type":"ListItem","position":2,"name":"Eventos","item":"https:\/\/www.laguiadepamplona.com\/actualidad\/eventos\/"},{"@type":"ListItem","position":3,"name":"Ciclo sobre educaci\u00f3n nutricional. Conferencia \u2013 taller sobre etiquetado nutricional. \u2018\u00bfSabes realmente lo que est\u00e1s comprando?\u2019"}]},{"@type":"WebSite","@id":"https:\/\/www.laguiadepamplona.com\/actualidad\/#website","url":"https:\/\/www.laguiadepamplona.com\/actualidad\/","name":"La gu\u00eda de Pamplona","description":"Noticias de Pamplona","publisher":{"@id":"https:\/\/www.laguiadepamplona.com\/actualidad\/#organization"},"potentialAction":[{"@type":"SearchAction","target":{"@type":"EntryPoint","urlTemplate":"https:\/\/www.laguiadepamplona.com\/actualidad\/?s={search_term_string}"},"query-input":{"@type":"PropertyValueSpecification","valueRequired":true,"valueName":"search_term_string"}}],"inLanguage":"es"},{"@type":"Organization","@id":"https:\/\/www.laguiadepamplona.com\/actualidad\/#organization","name":"La Gu\u00eda de Pamplona \/ Noticias","url":"https:\/\/www.laguiadepamplona.com\/actualidad\/","logo":{"@type":"ImageObject","inLanguage":"es","@id":"https:\/\/www.laguiadepamplona.com\/actualidad\/#\/schema\/logo\/image\/","url":"https:\/\/www.laguiadepamplona.com\/actualidad\/wp-content\/uploads\/2018\/11\/logo-laguiadepamplona18-web1.png","contentUrl":"https:\/\/www.laguiadepamplona.com\/actualidad\/wp-content\/uploads\/2018\/11\/logo-laguiadepamplona18-web1.png","width":600,"height":196,"caption":"La Gu\u00eda de Pamplona \/ Noticias"},"image":{"@id":"https:\/\/www.laguiadepamplona.com\/actualidad\/#\/schema\/logo\/image\/"},"sameAs":["https:\/\/www.facebook.com\/laguiadepamplonacom-133175176762273\/?ref=hl","https:\/\/x.com\/LaGuiadPamplona","https:\/\/www.instagram.com\/la_guia_de_pamplona\/","https:\/\/www.youtube.com\/user\/laguiadepamplona"]}]}},"post_mailing_queue_ids":[],"_links":{"self":[{"href":"https:\/\/www.laguiadepamplona.com\/actualidad\/wp-json\/wp\/v2\/tribe_events\/39836","targetHints":{"allow":["GET"]}}],"collection":[{"href":"https:\/\/www.laguiadepamplona.com\/actualidad\/wp-json\/wp\/v2\/tribe_events"}],"about":[{"href":"https:\/\/www.laguiadepamplona.com\/actualidad\/wp-json\/wp\/v2\/types\/tribe_events"}],"author":[{"embeddable":true,"href":"https:\/\/www.laguiadepamplona.com\/actualidad\/wp-json\/wp\/v2\/users\/1"}],"replies":[{"embeddable":true,"href":"https:\/\/www.laguiadepamplona.com\/actualidad\/wp-json\/wp\/v2\/comments?post=39836"}],"version-history":[{"count":0,"href":"https:\/\/www.laguiadepamplona.com\/actualidad\/wp-json\/wp\/v2\/tribe_events\/39836\/revisions"}],"wp:featuredmedia":[{"embeddable":true,"href":"https:\/\/www.laguiadepamplona.com\/actualidad\/wp-json\/wp\/v2\/media\/11074"}],"wp:attachment":[{"href":"https:\/\/www.laguiadepamplona.com\/actualidad\/wp-json\/wp\/v2\/media?parent=39836"}],"wp:term":[{"taxonomy":"post_tag","embeddable":true,"href":"https:\/\/www.laguiadepamplona.com\/actualidad\/wp-json\/wp\/v2\/tags?post=39836"},{"taxonomy":"tribe_events_cat","embeddable":true,"href":"https:\/\/www.laguiadepamplona.com\/actualidad\/wp-json\/wp\/v2\/tribe_events_cat?post=39836"}],"curies":[{"name":"wp","href":"https:\/\/api.w.org\/{rel}","templated":true}]}}