{"id":39777,"date":"2022-03-31T11:57:27","date_gmt":"2022-03-31T09:57:27","guid":{"rendered":"https:\/\/www.laguiadepamplona.com\/actualidad\/?post_type=tribe_events&#038;p=39777"},"modified":"2022-03-31T11:57:27","modified_gmt":"2022-03-31T09:57:27","slug":"festival-de-musica-sacra-concierto-aleph-con-la-capilla-renacentista-michael-navarrus-de-la-coral-de-camara-de-navarra","status":"publish","type":"tribe_events","link":"https:\/\/www.laguiadepamplona.com\/actualidad\/evento\/festival-de-musica-sacra-concierto-aleph-con-la-capilla-renacentista-michael-navarrus-de-la-coral-de-camara-de-navarra\/","title":{"rendered":"Festival de M\u00fasica Sacra. Concierto. \u2018Aleph!\u2019, con la Capilla renacentista Michael Navarrus de la Coral de C\u00e1mara de Navarra."},"content":{"rendered":"<p class=\"3Texto\">Segundo concierto del Festival de M\u00fasica Sacra que organiza el Ayuntamiento de Pamplona. La actuaci\u00f3n se centra en la tradici\u00f3n polif\u00f3nica hispana del canto polif\u00f3nico de las Lamentaciones de Jerem\u00edas en el Renacimiento. Esta formaci\u00f3n busca sobre todo investigar en la interpretaci\u00f3n y en la t\u00e9cnica vocal precisa para recrear la creaci\u00f3n musical de los maestros del Renacimiento ib\u00e9rico e hispanoamericano.<\/p>\n<p>&nbsp;<br \/>\n<script async src=\"\/\/pagead2.googlesyndication.com\/pagead\/js\/adsbygoogle.js\"><\/script><br \/>\n<!-- Noticias La Guia de Pamplona --><br \/>\n<ins class=\"adsbygoogle\"\nstyle=\"display:block\"\ndata-ad-client=\"ca-pub-6943679897239327\"\ndata-ad-slot=\"7048180777\"\ndata-ad-format=\"auto\"><\/ins><br \/>\n<script>\n(adsbygoogle = window.adsbygoogle || []).push({});\n<\/script><\/p>\n<p><span style=\"font-size: 12.0pt;\">Iglesia de los PP Carmelitas, 20 horas. Entrada libre hasta completar el aforo<\/span><\/p>\n","protected":false},"excerpt":{"rendered":"<p>Segundo concierto del Festival de M\u00fasica Sacra que organiza el Ayuntamiento de Pamplona. La actuaci\u00f3n se centra en la tradici\u00f3n polif\u00f3nica hispana del canto polif\u00f3nico de las Lamentaciones de Jerem\u00edas&#8230;<\/p>\n","protected":false},"author":1,"featured_media":33786,"comment_status":"open","ping_status":"closed","template":"","meta":{"_tribe_events_status":"","_tribe_events_status_reason":"","footnotes":""},"tags":[],"tribe_events_cat":[9405],"class_list":["post-39777","tribe_events","type-tribe_events","status-publish","has-post-thumbnail","hentry","tribe_events_cat-ayuntamiento","cat_ayuntamiento"],"yoast_head":"<!-- This site is optimized with the Yoast SEO plugin v27.5 - https:\/\/yoast.com\/product\/yoast-seo-wordpress\/ -->\n<title>Festival de M\u00fasica Sacra. Concierto. \u2018Aleph!\u2019, con la Capilla renacentista Michael Navarrus de la Coral de C\u00e1mara de Navarra. - La Gu\u00eda de Pamplona<\/title>\n<meta name=\"robots\" content=\"index, follow, max-snippet:-1, max-image-preview:large, max-video-preview:-1\" \/>\n<link rel=\"canonical\" href=\"https:\/\/www.laguiadepamplona.com\/actualidad\/evento\/festival-de-musica-sacra-concierto-aleph-con-la-capilla-renacentista-michael-navarrus-de-la-coral-de-camara-de-navarra\/\" \/>\n<meta property=\"og:locale\" content=\"es_ES\" \/>\n<meta property=\"og:type\" content=\"article\" \/>\n<meta property=\"og:title\" content=\"Festival de M\u00fasica Sacra. Concierto. \u2018Aleph!\u2019, con la Capilla renacentista Michael Navarrus de la Coral de C\u00e1mara de Navarra. - La Gu\u00eda de Pamplona\" \/>\n<meta property=\"og:description\" content=\"Segundo concierto del Festival de M\u00fasica Sacra que organiza el Ayuntamiento de Pamplona. La actuaci\u00f3n se centra en la tradici\u00f3n polif\u00f3nica hispana del canto polif\u00f3nico de las Lamentaciones de Jerem\u00edas...\" \/>\n<meta property=\"og:url\" content=\"https:\/\/www.laguiadepamplona.com\/actualidad\/evento\/festival-de-musica-sacra-concierto-aleph-con-la-capilla-renacentista-michael-navarrus-de-la-coral-de-camara-de-navarra\/\" \/>\n<meta property=\"og:site_name\" content=\"La Gu\u00eda de Pamplona\" \/>\n<meta property=\"article:publisher\" content=\"https:\/\/www.facebook.com\/laguiadepamplonacom-133175176762273\/?ref=hl\" \/>\n<meta property=\"og:image\" content=\"https:\/\/www.laguiadepamplona.com\/actualidad\/wp-content\/uploads\/2021\/03\/festival-musica-sacra-web.jpg\" \/>\n\t<meta property=\"og:image:width\" content=\"1920\" \/>\n\t<meta property=\"og:image:height\" content=\"1060\" \/>\n\t<meta property=\"og:image:type\" content=\"image\/jpeg\" \/>\n<meta name=\"twitter:card\" content=\"summary_large_image\" \/>\n<meta name=\"twitter:site\" content=\"@LaGuiadPamplona\" \/>\n<meta name=\"twitter:label1\" content=\"Tiempo de lectura\" \/>\n\t<meta name=\"twitter:data1\" content=\"1 minuto\" \/>\n<script type=\"application\/ld+json\" class=\"yoast-schema-graph\">{\"@context\":\"https:\\\/\\\/schema.org\",\"@graph\":[{\"@type\":\"WebPage\",\"@id\":\"https:\\\/\\\/www.laguiadepamplona.com\\\/actualidad\\\/evento\\\/festival-de-musica-sacra-concierto-aleph-con-la-capilla-renacentista-michael-navarrus-de-la-coral-de-camara-de-navarra\\\/\",\"url\":\"https:\\\/\\\/www.laguiadepamplona.com\\\/actualidad\\\/evento\\\/festival-de-musica-sacra-concierto-aleph-con-la-capilla-renacentista-michael-navarrus-de-la-coral-de-camara-de-navarra\\\/\",\"name\":\"Festival de M\u00fasica Sacra. Concierto. \u2018Aleph!\u2019, con la Capilla renacentista Michael Navarrus de la Coral de C\u00e1mara de Navarra. - La Gu\u00eda de Pamplona\",\"isPartOf\":{\"@id\":\"https:\\\/\\\/www.laguiadepamplona.com\\\/actualidad\\\/#website\"},\"primaryImageOfPage\":{\"@id\":\"https:\\\/\\\/www.laguiadepamplona.com\\\/actualidad\\\/evento\\\/festival-de-musica-sacra-concierto-aleph-con-la-capilla-renacentista-michael-navarrus-de-la-coral-de-camara-de-navarra\\\/#primaryimage\"},\"image\":{\"@id\":\"https:\\\/\\\/www.laguiadepamplona.com\\\/actualidad\\\/evento\\\/festival-de-musica-sacra-concierto-aleph-con-la-capilla-renacentista-michael-navarrus-de-la-coral-de-camara-de-navarra\\\/#primaryimage\"},\"thumbnailUrl\":\"https:\\\/\\\/www.laguiadepamplona.com\\\/actualidad\\\/wp-content\\\/uploads\\\/2021\\\/03\\\/festival-musica-sacra-web.jpg\",\"datePublished\":\"2022-03-31T09:57:27+00:00\",\"breadcrumb\":{\"@id\":\"https:\\\/\\\/www.laguiadepamplona.com\\\/actualidad\\\/evento\\\/festival-de-musica-sacra-concierto-aleph-con-la-capilla-renacentista-michael-navarrus-de-la-coral-de-camara-de-navarra\\\/#breadcrumb\"},\"inLanguage\":\"es\",\"potentialAction\":[{\"@type\":\"ReadAction\",\"target\":[\"https:\\\/\\\/www.laguiadepamplona.com\\\/actualidad\\\/evento\\\/festival-de-musica-sacra-concierto-aleph-con-la-capilla-renacentista-michael-navarrus-de-la-coral-de-camara-de-navarra\\\/\"]}]},{\"@type\":\"ImageObject\",\"inLanguage\":\"es\",\"@id\":\"https:\\\/\\\/www.laguiadepamplona.com\\\/actualidad\\\/evento\\\/festival-de-musica-sacra-concierto-aleph-con-la-capilla-renacentista-michael-navarrus-de-la-coral-de-camara-de-navarra\\\/#primaryimage\",\"url\":\"https:\\\/\\\/www.laguiadepamplona.com\\\/actualidad\\\/wp-content\\\/uploads\\\/2021\\\/03\\\/festival-musica-sacra-web.jpg\",\"contentUrl\":\"https:\\\/\\\/www.laguiadepamplona.com\\\/actualidad\\\/wp-content\\\/uploads\\\/2021\\\/03\\\/festival-musica-sacra-web.jpg\",\"width\":1920,\"height\":1060},{\"@type\":\"BreadcrumbList\",\"@id\":\"https:\\\/\\\/www.laguiadepamplona.com\\\/actualidad\\\/evento\\\/festival-de-musica-sacra-concierto-aleph-con-la-capilla-renacentista-michael-navarrus-de-la-coral-de-camara-de-navarra\\\/#breadcrumb\",\"itemListElement\":[{\"@type\":\"ListItem\",\"position\":1,\"name\":\"Portada\",\"item\":\"https:\\\/\\\/www.laguiadepamplona.com\\\/actualidad\\\/\"},{\"@type\":\"ListItem\",\"position\":2,\"name\":\"Eventos\",\"item\":\"https:\\\/\\\/www.laguiadepamplona.com\\\/actualidad\\\/eventos\\\/\"},{\"@type\":\"ListItem\",\"position\":3,\"name\":\"Festival de M\u00fasica Sacra. Concierto. \u2018Aleph!\u2019, con la Capilla renacentista Michael Navarrus de la Coral de C\u00e1mara de Navarra.\"}]},{\"@type\":\"WebSite\",\"@id\":\"https:\\\/\\\/www.laguiadepamplona.com\\\/actualidad\\\/#website\",\"url\":\"https:\\\/\\\/www.laguiadepamplona.com\\\/actualidad\\\/\",\"name\":\"La gu\u00eda de Pamplona\",\"description\":\"Noticias de Pamplona\",\"publisher\":{\"@id\":\"https:\\\/\\\/www.laguiadepamplona.com\\\/actualidad\\\/#organization\"},\"potentialAction\":[{\"@type\":\"SearchAction\",\"target\":{\"@type\":\"EntryPoint\",\"urlTemplate\":\"https:\\\/\\\/www.laguiadepamplona.com\\\/actualidad\\\/?s={search_term_string}\"},\"query-input\":{\"@type\":\"PropertyValueSpecification\",\"valueRequired\":true,\"valueName\":\"search_term_string\"}}],\"inLanguage\":\"es\"},{\"@type\":\"Organization\",\"@id\":\"https:\\\/\\\/www.laguiadepamplona.com\\\/actualidad\\\/#organization\",\"name\":\"La Gu\u00eda de Pamplona \\\/ Noticias\",\"url\":\"https:\\\/\\\/www.laguiadepamplona.com\\\/actualidad\\\/\",\"logo\":{\"@type\":\"ImageObject\",\"inLanguage\":\"es\",\"@id\":\"https:\\\/\\\/www.laguiadepamplona.com\\\/actualidad\\\/#\\\/schema\\\/logo\\\/image\\\/\",\"url\":\"https:\\\/\\\/www.laguiadepamplona.com\\\/actualidad\\\/wp-content\\\/uploads\\\/2018\\\/11\\\/logo-laguiadepamplona18-web1.png\",\"contentUrl\":\"https:\\\/\\\/www.laguiadepamplona.com\\\/actualidad\\\/wp-content\\\/uploads\\\/2018\\\/11\\\/logo-laguiadepamplona18-web1.png\",\"width\":600,\"height\":196,\"caption\":\"La Gu\u00eda de Pamplona \\\/ Noticias\"},\"image\":{\"@id\":\"https:\\\/\\\/www.laguiadepamplona.com\\\/actualidad\\\/#\\\/schema\\\/logo\\\/image\\\/\"},\"sameAs\":[\"https:\\\/\\\/www.facebook.com\\\/laguiadepamplonacom-133175176762273\\\/?ref=hl\",\"https:\\\/\\\/x.com\\\/LaGuiadPamplona\",\"https:\\\/\\\/www.instagram.com\\\/la_guia_de_pamplona\\\/\",\"https:\\\/\\\/www.youtube.com\\\/user\\\/laguiadepamplona\"]}]}<\/script>\n<!-- \/ Yoast SEO plugin. -->","yoast_head_json":{"title":"Festival de M\u00fasica Sacra. Concierto. \u2018Aleph!\u2019, con la Capilla renacentista Michael Navarrus de la Coral de C\u00e1mara de Navarra. - La Gu\u00eda de Pamplona","robots":{"index":"index","follow":"follow","max-snippet":"max-snippet:-1","max-image-preview":"max-image-preview:large","max-video-preview":"max-video-preview:-1"},"canonical":"https:\/\/www.laguiadepamplona.com\/actualidad\/evento\/festival-de-musica-sacra-concierto-aleph-con-la-capilla-renacentista-michael-navarrus-de-la-coral-de-camara-de-navarra\/","og_locale":"es_ES","og_type":"article","og_title":"Festival de M\u00fasica Sacra. Concierto. \u2018Aleph!\u2019, con la Capilla renacentista Michael Navarrus de la Coral de C\u00e1mara de Navarra. - La Gu\u00eda de Pamplona","og_description":"Segundo concierto del Festival de M\u00fasica Sacra que organiza el Ayuntamiento de Pamplona. La actuaci\u00f3n se centra en la tradici\u00f3n polif\u00f3nica hispana del canto polif\u00f3nico de las Lamentaciones de Jerem\u00edas...","og_url":"https:\/\/www.laguiadepamplona.com\/actualidad\/evento\/festival-de-musica-sacra-concierto-aleph-con-la-capilla-renacentista-michael-navarrus-de-la-coral-de-camara-de-navarra\/","og_site_name":"La Gu\u00eda de Pamplona","article_publisher":"https:\/\/www.facebook.com\/laguiadepamplonacom-133175176762273\/?ref=hl","og_image":[{"width":1920,"height":1060,"url":"https:\/\/www.laguiadepamplona.com\/actualidad\/wp-content\/uploads\/2021\/03\/festival-musica-sacra-web.jpg","type":"image\/jpeg"}],"twitter_card":"summary_large_image","twitter_site":"@LaGuiadPamplona","twitter_misc":{"Tiempo de lectura":"1 minuto"},"schema":{"@context":"https:\/\/schema.org","@graph":[{"@type":"WebPage","@id":"https:\/\/www.laguiadepamplona.com\/actualidad\/evento\/festival-de-musica-sacra-concierto-aleph-con-la-capilla-renacentista-michael-navarrus-de-la-coral-de-camara-de-navarra\/","url":"https:\/\/www.laguiadepamplona.com\/actualidad\/evento\/festival-de-musica-sacra-concierto-aleph-con-la-capilla-renacentista-michael-navarrus-de-la-coral-de-camara-de-navarra\/","name":"Festival de M\u00fasica Sacra. Concierto. \u2018Aleph!\u2019, con la Capilla renacentista Michael Navarrus de la Coral de C\u00e1mara de Navarra. - La Gu\u00eda de Pamplona","isPartOf":{"@id":"https:\/\/www.laguiadepamplona.com\/actualidad\/#website"},"primaryImageOfPage":{"@id":"https:\/\/www.laguiadepamplona.com\/actualidad\/evento\/festival-de-musica-sacra-concierto-aleph-con-la-capilla-renacentista-michael-navarrus-de-la-coral-de-camara-de-navarra\/#primaryimage"},"image":{"@id":"https:\/\/www.laguiadepamplona.com\/actualidad\/evento\/festival-de-musica-sacra-concierto-aleph-con-la-capilla-renacentista-michael-navarrus-de-la-coral-de-camara-de-navarra\/#primaryimage"},"thumbnailUrl":"https:\/\/www.laguiadepamplona.com\/actualidad\/wp-content\/uploads\/2021\/03\/festival-musica-sacra-web.jpg","datePublished":"2022-03-31T09:57:27+00:00","breadcrumb":{"@id":"https:\/\/www.laguiadepamplona.com\/actualidad\/evento\/festival-de-musica-sacra-concierto-aleph-con-la-capilla-renacentista-michael-navarrus-de-la-coral-de-camara-de-navarra\/#breadcrumb"},"inLanguage":"es","potentialAction":[{"@type":"ReadAction","target":["https:\/\/www.laguiadepamplona.com\/actualidad\/evento\/festival-de-musica-sacra-concierto-aleph-con-la-capilla-renacentista-michael-navarrus-de-la-coral-de-camara-de-navarra\/"]}]},{"@type":"ImageObject","inLanguage":"es","@id":"https:\/\/www.laguiadepamplona.com\/actualidad\/evento\/festival-de-musica-sacra-concierto-aleph-con-la-capilla-renacentista-michael-navarrus-de-la-coral-de-camara-de-navarra\/#primaryimage","url":"https:\/\/www.laguiadepamplona.com\/actualidad\/wp-content\/uploads\/2021\/03\/festival-musica-sacra-web.jpg","contentUrl":"https:\/\/www.laguiadepamplona.com\/actualidad\/wp-content\/uploads\/2021\/03\/festival-musica-sacra-web.jpg","width":1920,"height":1060},{"@type":"BreadcrumbList","@id":"https:\/\/www.laguiadepamplona.com\/actualidad\/evento\/festival-de-musica-sacra-concierto-aleph-con-la-capilla-renacentista-michael-navarrus-de-la-coral-de-camara-de-navarra\/#breadcrumb","itemListElement":[{"@type":"ListItem","position":1,"name":"Portada","item":"https:\/\/www.laguiadepamplona.com\/actualidad\/"},{"@type":"ListItem","position":2,"name":"Eventos","item":"https:\/\/www.laguiadepamplona.com\/actualidad\/eventos\/"},{"@type":"ListItem","position":3,"name":"Festival de M\u00fasica Sacra. Concierto. \u2018Aleph!\u2019, con la Capilla renacentista Michael Navarrus de la Coral de C\u00e1mara de Navarra."}]},{"@type":"WebSite","@id":"https:\/\/www.laguiadepamplona.com\/actualidad\/#website","url":"https:\/\/www.laguiadepamplona.com\/actualidad\/","name":"La gu\u00eda de Pamplona","description":"Noticias de Pamplona","publisher":{"@id":"https:\/\/www.laguiadepamplona.com\/actualidad\/#organization"},"potentialAction":[{"@type":"SearchAction","target":{"@type":"EntryPoint","urlTemplate":"https:\/\/www.laguiadepamplona.com\/actualidad\/?s={search_term_string}"},"query-input":{"@type":"PropertyValueSpecification","valueRequired":true,"valueName":"search_term_string"}}],"inLanguage":"es"},{"@type":"Organization","@id":"https:\/\/www.laguiadepamplona.com\/actualidad\/#organization","name":"La Gu\u00eda de Pamplona \/ Noticias","url":"https:\/\/www.laguiadepamplona.com\/actualidad\/","logo":{"@type":"ImageObject","inLanguage":"es","@id":"https:\/\/www.laguiadepamplona.com\/actualidad\/#\/schema\/logo\/image\/","url":"https:\/\/www.laguiadepamplona.com\/actualidad\/wp-content\/uploads\/2018\/11\/logo-laguiadepamplona18-web1.png","contentUrl":"https:\/\/www.laguiadepamplona.com\/actualidad\/wp-content\/uploads\/2018\/11\/logo-laguiadepamplona18-web1.png","width":600,"height":196,"caption":"La Gu\u00eda de Pamplona \/ Noticias"},"image":{"@id":"https:\/\/www.laguiadepamplona.com\/actualidad\/#\/schema\/logo\/image\/"},"sameAs":["https:\/\/www.facebook.com\/laguiadepamplonacom-133175176762273\/?ref=hl","https:\/\/x.com\/LaGuiadPamplona","https:\/\/www.instagram.com\/la_guia_de_pamplona\/","https:\/\/www.youtube.com\/user\/laguiadepamplona"]}]}},"post_mailing_queue_ids":[],"_links":{"self":[{"href":"https:\/\/www.laguiadepamplona.com\/actualidad\/wp-json\/wp\/v2\/tribe_events\/39777","targetHints":{"allow":["GET"]}}],"collection":[{"href":"https:\/\/www.laguiadepamplona.com\/actualidad\/wp-json\/wp\/v2\/tribe_events"}],"about":[{"href":"https:\/\/www.laguiadepamplona.com\/actualidad\/wp-json\/wp\/v2\/types\/tribe_events"}],"author":[{"embeddable":true,"href":"https:\/\/www.laguiadepamplona.com\/actualidad\/wp-json\/wp\/v2\/users\/1"}],"replies":[{"embeddable":true,"href":"https:\/\/www.laguiadepamplona.com\/actualidad\/wp-json\/wp\/v2\/comments?post=39777"}],"version-history":[{"count":0,"href":"https:\/\/www.laguiadepamplona.com\/actualidad\/wp-json\/wp\/v2\/tribe_events\/39777\/revisions"}],"wp:featuredmedia":[{"embeddable":true,"href":"https:\/\/www.laguiadepamplona.com\/actualidad\/wp-json\/wp\/v2\/media\/33786"}],"wp:attachment":[{"href":"https:\/\/www.laguiadepamplona.com\/actualidad\/wp-json\/wp\/v2\/media?parent=39777"}],"wp:term":[{"taxonomy":"post_tag","embeddable":true,"href":"https:\/\/www.laguiadepamplona.com\/actualidad\/wp-json\/wp\/v2\/tags?post=39777"},{"taxonomy":"tribe_events_cat","embeddable":true,"href":"https:\/\/www.laguiadepamplona.com\/actualidad\/wp-json\/wp\/v2\/tribe_events_cat?post=39777"}],"curies":[{"name":"wp","href":"https:\/\/api.w.org\/{rel}","templated":true}]}}