{"id":39761,"date":"2022-03-31T11:49:56","date_gmt":"2022-03-31T09:49:56","guid":{"rendered":"https:\/\/www.laguiadepamplona.com\/actualidad\/?post_type=tribe_events&#038;p=39761"},"modified":"2022-03-31T11:49:56","modified_gmt":"2022-03-31T09:49:56","slug":"festival-de-musica-sacra-concierto-en-una-catedral-gotica-rincones-de-polifonia-itinerante-con-comentarios-al-organo","status":"publish","type":"tribe_events","link":"https:\/\/www.laguiadepamplona.com\/actualidad\/evento\/festival-de-musica-sacra-concierto-en-una-catedral-gotica-rincones-de-polifonia-itinerante-con-comentarios-al-organo\/","title":{"rendered":"Festival de M\u00fasica Sacra. Concierto. \u2018En una catedral g\u00f3tica. Rincones de polifon\u00eda itinerante con comentarios al \u00f3rgano\u2019."},"content":{"rendered":"<p class=\"3Texto\">Comienza el Festival de M\u00fasica Sacra con el concierto de la Capilla de M\u00fasica de la Catedral. El coro de c\u00e1mara estar\u00e1 acompa\u00f1ado por Jos\u00e9 Luis Echechip\u00eda como organista concierto, Juli\u00e1n Ayesa como organista acompa\u00f1ante, Javier Navascu\u00e9s al chelo y Francisco Fern\u00e1ndez al contrabajo. Dirigida el concierto Aurelio Sagasate con Ricardo Zoco como director adjunto. Se interpretar\u00e1n obras del propio Aurelio Sagasate, Jean Langlais, Walter Chinaglia, Pau Casals, Eduardo Torres, Antonio de Cabez\u00f3n, Jos\u00e9 Antonio de Donostia o an\u00f3nimos del siclo XVII y XVIII.<\/p>\n<p>&nbsp;<br \/>\n<script async src=\"\/\/pagead2.googlesyndication.com\/pagead\/js\/adsbygoogle.js\"><\/script><br \/>\n<!-- Noticias La Guia de Pamplona --><br \/>\n<ins class=\"adsbygoogle\"\nstyle=\"display:block\"\ndata-ad-client=\"ca-pub-6943679897239327\"\ndata-ad-slot=\"7048180777\"\ndata-ad-format=\"auto\"><\/ins><br \/>\n<script>\n(adsbygoogle = window.adsbygoogle || []).push({});\n<\/script><\/p>\n<p><span style=\"font-size: 12.0pt;\">\u00a0Capilla de M\u00fasica de la Catedral de Pamplona. Catedral de Santa Mar\u00eda, 20 horas. Entrada libre hasta completar el aforo<\/span><\/p>\n","protected":false},"excerpt":{"rendered":"<p>Comienza el Festival de M\u00fasica Sacra con el concierto de la Capilla de M\u00fasica de la Catedral. El coro de c\u00e1mara estar\u00e1 acompa\u00f1ado por Jos\u00e9 Luis Echechip\u00eda como organista concierto,&#8230;<\/p>\n","protected":false},"author":1,"featured_media":33786,"comment_status":"open","ping_status":"closed","template":"","meta":{"_tribe_events_status":"","_tribe_events_status_reason":"","footnotes":""},"tags":[],"tribe_events_cat":[9405],"class_list":["post-39761","tribe_events","type-tribe_events","status-publish","has-post-thumbnail","hentry","tribe_events_cat-ayuntamiento","cat_ayuntamiento"],"yoast_head":"<!-- This site is optimized with the Yoast SEO plugin v27.5 - https:\/\/yoast.com\/product\/yoast-seo-wordpress\/ -->\n<title>Festival de M\u00fasica Sacra. Concierto. \u2018En una catedral g\u00f3tica. Rincones de polifon\u00eda itinerante con comentarios al \u00f3rgano\u2019. - La Gu\u00eda de Pamplona<\/title>\n<meta name=\"robots\" content=\"index, follow, max-snippet:-1, max-image-preview:large, max-video-preview:-1\" \/>\n<link rel=\"canonical\" href=\"https:\/\/www.laguiadepamplona.com\/actualidad\/evento\/festival-de-musica-sacra-concierto-en-una-catedral-gotica-rincones-de-polifonia-itinerante-con-comentarios-al-organo\/\" \/>\n<meta property=\"og:locale\" content=\"es_ES\" \/>\n<meta property=\"og:type\" content=\"article\" \/>\n<meta property=\"og:title\" content=\"Festival de M\u00fasica Sacra. Concierto. \u2018En una catedral g\u00f3tica. Rincones de polifon\u00eda itinerante con comentarios al \u00f3rgano\u2019. - La Gu\u00eda de Pamplona\" \/>\n<meta property=\"og:description\" content=\"Comienza el Festival de M\u00fasica Sacra con el concierto de la Capilla de M\u00fasica de la Catedral. El coro de c\u00e1mara estar\u00e1 acompa\u00f1ado por Jos\u00e9 Luis Echechip\u00eda como organista concierto,...\" \/>\n<meta property=\"og:url\" content=\"https:\/\/www.laguiadepamplona.com\/actualidad\/evento\/festival-de-musica-sacra-concierto-en-una-catedral-gotica-rincones-de-polifonia-itinerante-con-comentarios-al-organo\/\" \/>\n<meta property=\"og:site_name\" content=\"La Gu\u00eda de Pamplona\" \/>\n<meta property=\"article:publisher\" content=\"https:\/\/www.facebook.com\/laguiadepamplonacom-133175176762273\/?ref=hl\" \/>\n<meta property=\"og:image\" content=\"https:\/\/www.laguiadepamplona.com\/actualidad\/wp-content\/uploads\/2021\/03\/festival-musica-sacra-web.jpg\" \/>\n\t<meta property=\"og:image:width\" content=\"1920\" \/>\n\t<meta property=\"og:image:height\" content=\"1060\" \/>\n\t<meta property=\"og:image:type\" content=\"image\/jpeg\" \/>\n<meta name=\"twitter:card\" content=\"summary_large_image\" \/>\n<meta name=\"twitter:site\" content=\"@LaGuiadPamplona\" \/>\n<meta name=\"twitter:label1\" content=\"Tiempo de lectura\" \/>\n\t<meta name=\"twitter:data1\" content=\"1 minuto\" \/>\n<script type=\"application\/ld+json\" class=\"yoast-schema-graph\">{\"@context\":\"https:\\\/\\\/schema.org\",\"@graph\":[{\"@type\":\"WebPage\",\"@id\":\"https:\\\/\\\/www.laguiadepamplona.com\\\/actualidad\\\/evento\\\/festival-de-musica-sacra-concierto-en-una-catedral-gotica-rincones-de-polifonia-itinerante-con-comentarios-al-organo\\\/\",\"url\":\"https:\\\/\\\/www.laguiadepamplona.com\\\/actualidad\\\/evento\\\/festival-de-musica-sacra-concierto-en-una-catedral-gotica-rincones-de-polifonia-itinerante-con-comentarios-al-organo\\\/\",\"name\":\"Festival de M\u00fasica Sacra. Concierto. \u2018En una catedral g\u00f3tica. Rincones de polifon\u00eda itinerante con comentarios al \u00f3rgano\u2019. - La Gu\u00eda de Pamplona\",\"isPartOf\":{\"@id\":\"https:\\\/\\\/www.laguiadepamplona.com\\\/actualidad\\\/#website\"},\"primaryImageOfPage\":{\"@id\":\"https:\\\/\\\/www.laguiadepamplona.com\\\/actualidad\\\/evento\\\/festival-de-musica-sacra-concierto-en-una-catedral-gotica-rincones-de-polifonia-itinerante-con-comentarios-al-organo\\\/#primaryimage\"},\"image\":{\"@id\":\"https:\\\/\\\/www.laguiadepamplona.com\\\/actualidad\\\/evento\\\/festival-de-musica-sacra-concierto-en-una-catedral-gotica-rincones-de-polifonia-itinerante-con-comentarios-al-organo\\\/#primaryimage\"},\"thumbnailUrl\":\"https:\\\/\\\/www.laguiadepamplona.com\\\/actualidad\\\/wp-content\\\/uploads\\\/2021\\\/03\\\/festival-musica-sacra-web.jpg\",\"datePublished\":\"2022-03-31T09:49:56+00:00\",\"breadcrumb\":{\"@id\":\"https:\\\/\\\/www.laguiadepamplona.com\\\/actualidad\\\/evento\\\/festival-de-musica-sacra-concierto-en-una-catedral-gotica-rincones-de-polifonia-itinerante-con-comentarios-al-organo\\\/#breadcrumb\"},\"inLanguage\":\"es\",\"potentialAction\":[{\"@type\":\"ReadAction\",\"target\":[\"https:\\\/\\\/www.laguiadepamplona.com\\\/actualidad\\\/evento\\\/festival-de-musica-sacra-concierto-en-una-catedral-gotica-rincones-de-polifonia-itinerante-con-comentarios-al-organo\\\/\"]}]},{\"@type\":\"ImageObject\",\"inLanguage\":\"es\",\"@id\":\"https:\\\/\\\/www.laguiadepamplona.com\\\/actualidad\\\/evento\\\/festival-de-musica-sacra-concierto-en-una-catedral-gotica-rincones-de-polifonia-itinerante-con-comentarios-al-organo\\\/#primaryimage\",\"url\":\"https:\\\/\\\/www.laguiadepamplona.com\\\/actualidad\\\/wp-content\\\/uploads\\\/2021\\\/03\\\/festival-musica-sacra-web.jpg\",\"contentUrl\":\"https:\\\/\\\/www.laguiadepamplona.com\\\/actualidad\\\/wp-content\\\/uploads\\\/2021\\\/03\\\/festival-musica-sacra-web.jpg\",\"width\":1920,\"height\":1060},{\"@type\":\"BreadcrumbList\",\"@id\":\"https:\\\/\\\/www.laguiadepamplona.com\\\/actualidad\\\/evento\\\/festival-de-musica-sacra-concierto-en-una-catedral-gotica-rincones-de-polifonia-itinerante-con-comentarios-al-organo\\\/#breadcrumb\",\"itemListElement\":[{\"@type\":\"ListItem\",\"position\":1,\"name\":\"Portada\",\"item\":\"https:\\\/\\\/www.laguiadepamplona.com\\\/actualidad\\\/\"},{\"@type\":\"ListItem\",\"position\":2,\"name\":\"Eventos\",\"item\":\"https:\\\/\\\/www.laguiadepamplona.com\\\/actualidad\\\/eventos\\\/\"},{\"@type\":\"ListItem\",\"position\":3,\"name\":\"Festival de M\u00fasica Sacra. Concierto. \u2018En una catedral g\u00f3tica. Rincones de polifon\u00eda itinerante con comentarios al \u00f3rgano\u2019.\"}]},{\"@type\":\"WebSite\",\"@id\":\"https:\\\/\\\/www.laguiadepamplona.com\\\/actualidad\\\/#website\",\"url\":\"https:\\\/\\\/www.laguiadepamplona.com\\\/actualidad\\\/\",\"name\":\"La gu\u00eda de Pamplona\",\"description\":\"Noticias de Pamplona\",\"publisher\":{\"@id\":\"https:\\\/\\\/www.laguiadepamplona.com\\\/actualidad\\\/#organization\"},\"potentialAction\":[{\"@type\":\"SearchAction\",\"target\":{\"@type\":\"EntryPoint\",\"urlTemplate\":\"https:\\\/\\\/www.laguiadepamplona.com\\\/actualidad\\\/?s={search_term_string}\"},\"query-input\":{\"@type\":\"PropertyValueSpecification\",\"valueRequired\":true,\"valueName\":\"search_term_string\"}}],\"inLanguage\":\"es\"},{\"@type\":\"Organization\",\"@id\":\"https:\\\/\\\/www.laguiadepamplona.com\\\/actualidad\\\/#organization\",\"name\":\"La Gu\u00eda de Pamplona \\\/ Noticias\",\"url\":\"https:\\\/\\\/www.laguiadepamplona.com\\\/actualidad\\\/\",\"logo\":{\"@type\":\"ImageObject\",\"inLanguage\":\"es\",\"@id\":\"https:\\\/\\\/www.laguiadepamplona.com\\\/actualidad\\\/#\\\/schema\\\/logo\\\/image\\\/\",\"url\":\"https:\\\/\\\/www.laguiadepamplona.com\\\/actualidad\\\/wp-content\\\/uploads\\\/2018\\\/11\\\/logo-laguiadepamplona18-web1.png\",\"contentUrl\":\"https:\\\/\\\/www.laguiadepamplona.com\\\/actualidad\\\/wp-content\\\/uploads\\\/2018\\\/11\\\/logo-laguiadepamplona18-web1.png\",\"width\":600,\"height\":196,\"caption\":\"La Gu\u00eda de Pamplona \\\/ Noticias\"},\"image\":{\"@id\":\"https:\\\/\\\/www.laguiadepamplona.com\\\/actualidad\\\/#\\\/schema\\\/logo\\\/image\\\/\"},\"sameAs\":[\"https:\\\/\\\/www.facebook.com\\\/laguiadepamplonacom-133175176762273\\\/?ref=hl\",\"https:\\\/\\\/x.com\\\/LaGuiadPamplona\",\"https:\\\/\\\/www.instagram.com\\\/la_guia_de_pamplona\\\/\",\"https:\\\/\\\/www.youtube.com\\\/user\\\/laguiadepamplona\"]}]}<\/script>\n<!-- \/ Yoast SEO plugin. -->","yoast_head_json":{"title":"Festival de M\u00fasica Sacra. Concierto. \u2018En una catedral g\u00f3tica. Rincones de polifon\u00eda itinerante con comentarios al \u00f3rgano\u2019. - La Gu\u00eda de Pamplona","robots":{"index":"index","follow":"follow","max-snippet":"max-snippet:-1","max-image-preview":"max-image-preview:large","max-video-preview":"max-video-preview:-1"},"canonical":"https:\/\/www.laguiadepamplona.com\/actualidad\/evento\/festival-de-musica-sacra-concierto-en-una-catedral-gotica-rincones-de-polifonia-itinerante-con-comentarios-al-organo\/","og_locale":"es_ES","og_type":"article","og_title":"Festival de M\u00fasica Sacra. Concierto. \u2018En una catedral g\u00f3tica. Rincones de polifon\u00eda itinerante con comentarios al \u00f3rgano\u2019. - La Gu\u00eda de Pamplona","og_description":"Comienza el Festival de M\u00fasica Sacra con el concierto de la Capilla de M\u00fasica de la Catedral. El coro de c\u00e1mara estar\u00e1 acompa\u00f1ado por Jos\u00e9 Luis Echechip\u00eda como organista concierto,...","og_url":"https:\/\/www.laguiadepamplona.com\/actualidad\/evento\/festival-de-musica-sacra-concierto-en-una-catedral-gotica-rincones-de-polifonia-itinerante-con-comentarios-al-organo\/","og_site_name":"La Gu\u00eda de Pamplona","article_publisher":"https:\/\/www.facebook.com\/laguiadepamplonacom-133175176762273\/?ref=hl","og_image":[{"width":1920,"height":1060,"url":"https:\/\/www.laguiadepamplona.com\/actualidad\/wp-content\/uploads\/2021\/03\/festival-musica-sacra-web.jpg","type":"image\/jpeg"}],"twitter_card":"summary_large_image","twitter_site":"@LaGuiadPamplona","twitter_misc":{"Tiempo de lectura":"1 minuto"},"schema":{"@context":"https:\/\/schema.org","@graph":[{"@type":"WebPage","@id":"https:\/\/www.laguiadepamplona.com\/actualidad\/evento\/festival-de-musica-sacra-concierto-en-una-catedral-gotica-rincones-de-polifonia-itinerante-con-comentarios-al-organo\/","url":"https:\/\/www.laguiadepamplona.com\/actualidad\/evento\/festival-de-musica-sacra-concierto-en-una-catedral-gotica-rincones-de-polifonia-itinerante-con-comentarios-al-organo\/","name":"Festival de M\u00fasica Sacra. Concierto. \u2018En una catedral g\u00f3tica. Rincones de polifon\u00eda itinerante con comentarios al \u00f3rgano\u2019. - La Gu\u00eda de Pamplona","isPartOf":{"@id":"https:\/\/www.laguiadepamplona.com\/actualidad\/#website"},"primaryImageOfPage":{"@id":"https:\/\/www.laguiadepamplona.com\/actualidad\/evento\/festival-de-musica-sacra-concierto-en-una-catedral-gotica-rincones-de-polifonia-itinerante-con-comentarios-al-organo\/#primaryimage"},"image":{"@id":"https:\/\/www.laguiadepamplona.com\/actualidad\/evento\/festival-de-musica-sacra-concierto-en-una-catedral-gotica-rincones-de-polifonia-itinerante-con-comentarios-al-organo\/#primaryimage"},"thumbnailUrl":"https:\/\/www.laguiadepamplona.com\/actualidad\/wp-content\/uploads\/2021\/03\/festival-musica-sacra-web.jpg","datePublished":"2022-03-31T09:49:56+00:00","breadcrumb":{"@id":"https:\/\/www.laguiadepamplona.com\/actualidad\/evento\/festival-de-musica-sacra-concierto-en-una-catedral-gotica-rincones-de-polifonia-itinerante-con-comentarios-al-organo\/#breadcrumb"},"inLanguage":"es","potentialAction":[{"@type":"ReadAction","target":["https:\/\/www.laguiadepamplona.com\/actualidad\/evento\/festival-de-musica-sacra-concierto-en-una-catedral-gotica-rincones-de-polifonia-itinerante-con-comentarios-al-organo\/"]}]},{"@type":"ImageObject","inLanguage":"es","@id":"https:\/\/www.laguiadepamplona.com\/actualidad\/evento\/festival-de-musica-sacra-concierto-en-una-catedral-gotica-rincones-de-polifonia-itinerante-con-comentarios-al-organo\/#primaryimage","url":"https:\/\/www.laguiadepamplona.com\/actualidad\/wp-content\/uploads\/2021\/03\/festival-musica-sacra-web.jpg","contentUrl":"https:\/\/www.laguiadepamplona.com\/actualidad\/wp-content\/uploads\/2021\/03\/festival-musica-sacra-web.jpg","width":1920,"height":1060},{"@type":"BreadcrumbList","@id":"https:\/\/www.laguiadepamplona.com\/actualidad\/evento\/festival-de-musica-sacra-concierto-en-una-catedral-gotica-rincones-de-polifonia-itinerante-con-comentarios-al-organo\/#breadcrumb","itemListElement":[{"@type":"ListItem","position":1,"name":"Portada","item":"https:\/\/www.laguiadepamplona.com\/actualidad\/"},{"@type":"ListItem","position":2,"name":"Eventos","item":"https:\/\/www.laguiadepamplona.com\/actualidad\/eventos\/"},{"@type":"ListItem","position":3,"name":"Festival de M\u00fasica Sacra. Concierto. \u2018En una catedral g\u00f3tica. Rincones de polifon\u00eda itinerante con comentarios al \u00f3rgano\u2019."}]},{"@type":"WebSite","@id":"https:\/\/www.laguiadepamplona.com\/actualidad\/#website","url":"https:\/\/www.laguiadepamplona.com\/actualidad\/","name":"La gu\u00eda de Pamplona","description":"Noticias de Pamplona","publisher":{"@id":"https:\/\/www.laguiadepamplona.com\/actualidad\/#organization"},"potentialAction":[{"@type":"SearchAction","target":{"@type":"EntryPoint","urlTemplate":"https:\/\/www.laguiadepamplona.com\/actualidad\/?s={search_term_string}"},"query-input":{"@type":"PropertyValueSpecification","valueRequired":true,"valueName":"search_term_string"}}],"inLanguage":"es"},{"@type":"Organization","@id":"https:\/\/www.laguiadepamplona.com\/actualidad\/#organization","name":"La Gu\u00eda de Pamplona \/ Noticias","url":"https:\/\/www.laguiadepamplona.com\/actualidad\/","logo":{"@type":"ImageObject","inLanguage":"es","@id":"https:\/\/www.laguiadepamplona.com\/actualidad\/#\/schema\/logo\/image\/","url":"https:\/\/www.laguiadepamplona.com\/actualidad\/wp-content\/uploads\/2018\/11\/logo-laguiadepamplona18-web1.png","contentUrl":"https:\/\/www.laguiadepamplona.com\/actualidad\/wp-content\/uploads\/2018\/11\/logo-laguiadepamplona18-web1.png","width":600,"height":196,"caption":"La Gu\u00eda de Pamplona \/ Noticias"},"image":{"@id":"https:\/\/www.laguiadepamplona.com\/actualidad\/#\/schema\/logo\/image\/"},"sameAs":["https:\/\/www.facebook.com\/laguiadepamplonacom-133175176762273\/?ref=hl","https:\/\/x.com\/LaGuiadPamplona","https:\/\/www.instagram.com\/la_guia_de_pamplona\/","https:\/\/www.youtube.com\/user\/laguiadepamplona"]}]}},"post_mailing_queue_ids":[],"_links":{"self":[{"href":"https:\/\/www.laguiadepamplona.com\/actualidad\/wp-json\/wp\/v2\/tribe_events\/39761","targetHints":{"allow":["GET"]}}],"collection":[{"href":"https:\/\/www.laguiadepamplona.com\/actualidad\/wp-json\/wp\/v2\/tribe_events"}],"about":[{"href":"https:\/\/www.laguiadepamplona.com\/actualidad\/wp-json\/wp\/v2\/types\/tribe_events"}],"author":[{"embeddable":true,"href":"https:\/\/www.laguiadepamplona.com\/actualidad\/wp-json\/wp\/v2\/users\/1"}],"replies":[{"embeddable":true,"href":"https:\/\/www.laguiadepamplona.com\/actualidad\/wp-json\/wp\/v2\/comments?post=39761"}],"version-history":[{"count":0,"href":"https:\/\/www.laguiadepamplona.com\/actualidad\/wp-json\/wp\/v2\/tribe_events\/39761\/revisions"}],"wp:featuredmedia":[{"embeddable":true,"href":"https:\/\/www.laguiadepamplona.com\/actualidad\/wp-json\/wp\/v2\/media\/33786"}],"wp:attachment":[{"href":"https:\/\/www.laguiadepamplona.com\/actualidad\/wp-json\/wp\/v2\/media?parent=39761"}],"wp:term":[{"taxonomy":"post_tag","embeddable":true,"href":"https:\/\/www.laguiadepamplona.com\/actualidad\/wp-json\/wp\/v2\/tags?post=39761"},{"taxonomy":"tribe_events_cat","embeddable":true,"href":"https:\/\/www.laguiadepamplona.com\/actualidad\/wp-json\/wp\/v2\/tribe_events_cat?post=39761"}],"curies":[{"name":"wp","href":"https:\/\/api.w.org\/{rel}","templated":true}]}}