{"id":39640,"date":"2022-03-24T12:48:48","date_gmt":"2022-03-24T10:48:48","guid":{"rendered":"https:\/\/www.laguiadepamplona.com\/actualidad\/?post_type=tribe_events&#038;p=39640"},"modified":"2022-03-24T12:48:48","modified_gmt":"2022-03-24T10:48:48","slug":"marzo-poetico-encuentro-soyuz-viaje-al-lado-oscuro-de-la-mente","status":"publish","type":"tribe_events","link":"https:\/\/www.laguiadepamplona.com\/actualidad\/evento\/marzo-poetico-encuentro-soyuz-viaje-al-lado-oscuro-de-la-mente\/","title":{"rendered":"Marzo po\u00e9tico. Encuentro. \u2018Soyuz, viaje al lado oscuro de la mente\u2019."},"content":{"rendered":"<p class=\"3Texto\">Encuentro con grupos que investigan en las diferentes formas de expresar lo po\u00e9tico. Esta actividad est\u00e1 en marcada en el ciclo \u2018Marzo po\u00e9tico\u2019, que se desarrolla durante este mes en la Biblioteca P\u00fablica Txantrea.<\/p>\n<p>&nbsp;<br \/>\n<script async src=\"\/\/pagead2.googlesyndication.com\/pagead\/js\/adsbygoogle.js\"><\/script><br \/>\n<!-- Noticias La Guia de Pamplona --><br \/>\n<ins class=\"adsbygoogle\"\nstyle=\"display:block\"\ndata-ad-client=\"ca-pub-6943679897239327\"\ndata-ad-slot=\"7048180777\"\ndata-ad-format=\"auto\"><\/ins><br \/>\n<script>\n(adsbygoogle = window.adsbygoogle || []).push({});\n<\/script><\/p>\n<p><span style=\"font-size: 12.0pt;\">Biblioteca P\u00fablica Txantrea, 18.30 horas. Entrada libre, previa retirada de invitaciones en la propia biblioteca<\/span><\/p>\n","protected":false},"excerpt":{"rendered":"<p>Encuentro con grupos que investigan en las diferentes formas de expresar lo po\u00e9tico. Esta actividad est\u00e1 en marcada en el ciclo \u2018Marzo po\u00e9tico\u2019, que se desarrolla durante este mes en&#8230;<\/p>\n","protected":false},"author":1,"featured_media":39268,"comment_status":"open","ping_status":"closed","template":"","meta":{"_tribe_events_status":"","_tribe_events_status_reason":"","footnotes":""},"tags":[],"tribe_events_cat":[9405],"class_list":["post-39640","tribe_events","type-tribe_events","status-publish","has-post-thumbnail","hentry","tribe_events_cat-ayuntamiento","cat_ayuntamiento"],"yoast_head":"<!-- This site is optimized with the Yoast SEO plugin v27.5 - https:\/\/yoast.com\/product\/yoast-seo-wordpress\/ -->\n<title>Marzo po\u00e9tico. Encuentro. \u2018Soyuz, viaje al lado oscuro de la mente\u2019. - La Gu\u00eda de Pamplona<\/title>\n<meta name=\"robots\" content=\"index, follow, max-snippet:-1, max-image-preview:large, max-video-preview:-1\" \/>\n<link rel=\"canonical\" href=\"https:\/\/www.laguiadepamplona.com\/actualidad\/evento\/marzo-poetico-encuentro-soyuz-viaje-al-lado-oscuro-de-la-mente\/\" \/>\n<meta property=\"og:locale\" content=\"es_ES\" \/>\n<meta property=\"og:type\" content=\"article\" \/>\n<meta property=\"og:title\" content=\"Marzo po\u00e9tico. Encuentro. \u2018Soyuz, viaje al lado oscuro de la mente\u2019. - La Gu\u00eda de Pamplona\" \/>\n<meta property=\"og:description\" content=\"Encuentro con grupos que investigan en las diferentes formas de expresar lo po\u00e9tico. Esta actividad est\u00e1 en marcada en el ciclo \u2018Marzo po\u00e9tico\u2019, que se desarrolla durante este mes en...\" \/>\n<meta property=\"og:url\" content=\"https:\/\/www.laguiadepamplona.com\/actualidad\/evento\/marzo-poetico-encuentro-soyuz-viaje-al-lado-oscuro-de-la-mente\/\" \/>\n<meta property=\"og:site_name\" content=\"La Gu\u00eda de Pamplona\" \/>\n<meta property=\"article:publisher\" content=\"https:\/\/www.facebook.com\/laguiadepamplonacom-133175176762273\/?ref=hl\" \/>\n<meta property=\"og:image\" content=\"https:\/\/www.laguiadepamplona.com\/actualidad\/wp-content\/uploads\/2022\/03\/poesia-libro-flores-web.jpg\" \/>\n\t<meta property=\"og:image:width\" content=\"1726\" \/>\n\t<meta property=\"og:image:height\" content=\"1150\" \/>\n\t<meta property=\"og:image:type\" content=\"image\/jpeg\" \/>\n<meta name=\"twitter:card\" content=\"summary_large_image\" \/>\n<meta name=\"twitter:site\" content=\"@LaGuiadPamplona\" \/>\n<meta name=\"twitter:label1\" content=\"Tiempo de lectura\" \/>\n\t<meta name=\"twitter:data1\" content=\"1 minuto\" \/>\n<script type=\"application\/ld+json\" class=\"yoast-schema-graph\">{\"@context\":\"https:\\\/\\\/schema.org\",\"@graph\":[{\"@type\":\"WebPage\",\"@id\":\"https:\\\/\\\/www.laguiadepamplona.com\\\/actualidad\\\/evento\\\/marzo-poetico-encuentro-soyuz-viaje-al-lado-oscuro-de-la-mente\\\/\",\"url\":\"https:\\\/\\\/www.laguiadepamplona.com\\\/actualidad\\\/evento\\\/marzo-poetico-encuentro-soyuz-viaje-al-lado-oscuro-de-la-mente\\\/\",\"name\":\"Marzo po\u00e9tico. Encuentro. \u2018Soyuz, viaje al lado oscuro de la mente\u2019. - La Gu\u00eda de Pamplona\",\"isPartOf\":{\"@id\":\"https:\\\/\\\/www.laguiadepamplona.com\\\/actualidad\\\/#website\"},\"primaryImageOfPage\":{\"@id\":\"https:\\\/\\\/www.laguiadepamplona.com\\\/actualidad\\\/evento\\\/marzo-poetico-encuentro-soyuz-viaje-al-lado-oscuro-de-la-mente\\\/#primaryimage\"},\"image\":{\"@id\":\"https:\\\/\\\/www.laguiadepamplona.com\\\/actualidad\\\/evento\\\/marzo-poetico-encuentro-soyuz-viaje-al-lado-oscuro-de-la-mente\\\/#primaryimage\"},\"thumbnailUrl\":\"https:\\\/\\\/www.laguiadepamplona.com\\\/actualidad\\\/wp-content\\\/uploads\\\/2022\\\/03\\\/poesia-libro-flores-web.jpg\",\"datePublished\":\"2022-03-24T10:48:48+00:00\",\"breadcrumb\":{\"@id\":\"https:\\\/\\\/www.laguiadepamplona.com\\\/actualidad\\\/evento\\\/marzo-poetico-encuentro-soyuz-viaje-al-lado-oscuro-de-la-mente\\\/#breadcrumb\"},\"inLanguage\":\"es\",\"potentialAction\":[{\"@type\":\"ReadAction\",\"target\":[\"https:\\\/\\\/www.laguiadepamplona.com\\\/actualidad\\\/evento\\\/marzo-poetico-encuentro-soyuz-viaje-al-lado-oscuro-de-la-mente\\\/\"]}]},{\"@type\":\"ImageObject\",\"inLanguage\":\"es\",\"@id\":\"https:\\\/\\\/www.laguiadepamplona.com\\\/actualidad\\\/evento\\\/marzo-poetico-encuentro-soyuz-viaje-al-lado-oscuro-de-la-mente\\\/#primaryimage\",\"url\":\"https:\\\/\\\/www.laguiadepamplona.com\\\/actualidad\\\/wp-content\\\/uploads\\\/2022\\\/03\\\/poesia-libro-flores-web.jpg\",\"contentUrl\":\"https:\\\/\\\/www.laguiadepamplona.com\\\/actualidad\\\/wp-content\\\/uploads\\\/2022\\\/03\\\/poesia-libro-flores-web.jpg\",\"width\":1726,\"height\":1150,\"caption\":\"poes\u00eda libro flores\"},{\"@type\":\"BreadcrumbList\",\"@id\":\"https:\\\/\\\/www.laguiadepamplona.com\\\/actualidad\\\/evento\\\/marzo-poetico-encuentro-soyuz-viaje-al-lado-oscuro-de-la-mente\\\/#breadcrumb\",\"itemListElement\":[{\"@type\":\"ListItem\",\"position\":1,\"name\":\"Portada\",\"item\":\"https:\\\/\\\/www.laguiadepamplona.com\\\/actualidad\\\/\"},{\"@type\":\"ListItem\",\"position\":2,\"name\":\"Eventos\",\"item\":\"https:\\\/\\\/www.laguiadepamplona.com\\\/actualidad\\\/eventos\\\/\"},{\"@type\":\"ListItem\",\"position\":3,\"name\":\"Marzo po\u00e9tico. Encuentro. \u2018Soyuz, viaje al lado oscuro de la mente\u2019.\"}]},{\"@type\":\"WebSite\",\"@id\":\"https:\\\/\\\/www.laguiadepamplona.com\\\/actualidad\\\/#website\",\"url\":\"https:\\\/\\\/www.laguiadepamplona.com\\\/actualidad\\\/\",\"name\":\"La gu\u00eda de Pamplona\",\"description\":\"Noticias de Pamplona\",\"publisher\":{\"@id\":\"https:\\\/\\\/www.laguiadepamplona.com\\\/actualidad\\\/#organization\"},\"potentialAction\":[{\"@type\":\"SearchAction\",\"target\":{\"@type\":\"EntryPoint\",\"urlTemplate\":\"https:\\\/\\\/www.laguiadepamplona.com\\\/actualidad\\\/?s={search_term_string}\"},\"query-input\":{\"@type\":\"PropertyValueSpecification\",\"valueRequired\":true,\"valueName\":\"search_term_string\"}}],\"inLanguage\":\"es\"},{\"@type\":\"Organization\",\"@id\":\"https:\\\/\\\/www.laguiadepamplona.com\\\/actualidad\\\/#organization\",\"name\":\"La Gu\u00eda de Pamplona \\\/ Noticias\",\"url\":\"https:\\\/\\\/www.laguiadepamplona.com\\\/actualidad\\\/\",\"logo\":{\"@type\":\"ImageObject\",\"inLanguage\":\"es\",\"@id\":\"https:\\\/\\\/www.laguiadepamplona.com\\\/actualidad\\\/#\\\/schema\\\/logo\\\/image\\\/\",\"url\":\"https:\\\/\\\/www.laguiadepamplona.com\\\/actualidad\\\/wp-content\\\/uploads\\\/2018\\\/11\\\/logo-laguiadepamplona18-web1.png\",\"contentUrl\":\"https:\\\/\\\/www.laguiadepamplona.com\\\/actualidad\\\/wp-content\\\/uploads\\\/2018\\\/11\\\/logo-laguiadepamplona18-web1.png\",\"width\":600,\"height\":196,\"caption\":\"La Gu\u00eda de Pamplona \\\/ Noticias\"},\"image\":{\"@id\":\"https:\\\/\\\/www.laguiadepamplona.com\\\/actualidad\\\/#\\\/schema\\\/logo\\\/image\\\/\"},\"sameAs\":[\"https:\\\/\\\/www.facebook.com\\\/laguiadepamplonacom-133175176762273\\\/?ref=hl\",\"https:\\\/\\\/x.com\\\/LaGuiadPamplona\",\"https:\\\/\\\/www.instagram.com\\\/la_guia_de_pamplona\\\/\",\"https:\\\/\\\/www.youtube.com\\\/user\\\/laguiadepamplona\"]}]}<\/script>\n<!-- \/ Yoast SEO plugin. -->","yoast_head_json":{"title":"Marzo po\u00e9tico. Encuentro. \u2018Soyuz, viaje al lado oscuro de la mente\u2019. - La Gu\u00eda de Pamplona","robots":{"index":"index","follow":"follow","max-snippet":"max-snippet:-1","max-image-preview":"max-image-preview:large","max-video-preview":"max-video-preview:-1"},"canonical":"https:\/\/www.laguiadepamplona.com\/actualidad\/evento\/marzo-poetico-encuentro-soyuz-viaje-al-lado-oscuro-de-la-mente\/","og_locale":"es_ES","og_type":"article","og_title":"Marzo po\u00e9tico. Encuentro. \u2018Soyuz, viaje al lado oscuro de la mente\u2019. - La Gu\u00eda de Pamplona","og_description":"Encuentro con grupos que investigan en las diferentes formas de expresar lo po\u00e9tico. Esta actividad est\u00e1 en marcada en el ciclo \u2018Marzo po\u00e9tico\u2019, que se desarrolla durante este mes en...","og_url":"https:\/\/www.laguiadepamplona.com\/actualidad\/evento\/marzo-poetico-encuentro-soyuz-viaje-al-lado-oscuro-de-la-mente\/","og_site_name":"La Gu\u00eda de Pamplona","article_publisher":"https:\/\/www.facebook.com\/laguiadepamplonacom-133175176762273\/?ref=hl","og_image":[{"width":1726,"height":1150,"url":"https:\/\/www.laguiadepamplona.com\/actualidad\/wp-content\/uploads\/2022\/03\/poesia-libro-flores-web.jpg","type":"image\/jpeg"}],"twitter_card":"summary_large_image","twitter_site":"@LaGuiadPamplona","twitter_misc":{"Tiempo de lectura":"1 minuto"},"schema":{"@context":"https:\/\/schema.org","@graph":[{"@type":"WebPage","@id":"https:\/\/www.laguiadepamplona.com\/actualidad\/evento\/marzo-poetico-encuentro-soyuz-viaje-al-lado-oscuro-de-la-mente\/","url":"https:\/\/www.laguiadepamplona.com\/actualidad\/evento\/marzo-poetico-encuentro-soyuz-viaje-al-lado-oscuro-de-la-mente\/","name":"Marzo po\u00e9tico. Encuentro. \u2018Soyuz, viaje al lado oscuro de la mente\u2019. - La Gu\u00eda de Pamplona","isPartOf":{"@id":"https:\/\/www.laguiadepamplona.com\/actualidad\/#website"},"primaryImageOfPage":{"@id":"https:\/\/www.laguiadepamplona.com\/actualidad\/evento\/marzo-poetico-encuentro-soyuz-viaje-al-lado-oscuro-de-la-mente\/#primaryimage"},"image":{"@id":"https:\/\/www.laguiadepamplona.com\/actualidad\/evento\/marzo-poetico-encuentro-soyuz-viaje-al-lado-oscuro-de-la-mente\/#primaryimage"},"thumbnailUrl":"https:\/\/www.laguiadepamplona.com\/actualidad\/wp-content\/uploads\/2022\/03\/poesia-libro-flores-web.jpg","datePublished":"2022-03-24T10:48:48+00:00","breadcrumb":{"@id":"https:\/\/www.laguiadepamplona.com\/actualidad\/evento\/marzo-poetico-encuentro-soyuz-viaje-al-lado-oscuro-de-la-mente\/#breadcrumb"},"inLanguage":"es","potentialAction":[{"@type":"ReadAction","target":["https:\/\/www.laguiadepamplona.com\/actualidad\/evento\/marzo-poetico-encuentro-soyuz-viaje-al-lado-oscuro-de-la-mente\/"]}]},{"@type":"ImageObject","inLanguage":"es","@id":"https:\/\/www.laguiadepamplona.com\/actualidad\/evento\/marzo-poetico-encuentro-soyuz-viaje-al-lado-oscuro-de-la-mente\/#primaryimage","url":"https:\/\/www.laguiadepamplona.com\/actualidad\/wp-content\/uploads\/2022\/03\/poesia-libro-flores-web.jpg","contentUrl":"https:\/\/www.laguiadepamplona.com\/actualidad\/wp-content\/uploads\/2022\/03\/poesia-libro-flores-web.jpg","width":1726,"height":1150,"caption":"poes\u00eda libro flores"},{"@type":"BreadcrumbList","@id":"https:\/\/www.laguiadepamplona.com\/actualidad\/evento\/marzo-poetico-encuentro-soyuz-viaje-al-lado-oscuro-de-la-mente\/#breadcrumb","itemListElement":[{"@type":"ListItem","position":1,"name":"Portada","item":"https:\/\/www.laguiadepamplona.com\/actualidad\/"},{"@type":"ListItem","position":2,"name":"Eventos","item":"https:\/\/www.laguiadepamplona.com\/actualidad\/eventos\/"},{"@type":"ListItem","position":3,"name":"Marzo po\u00e9tico. Encuentro. \u2018Soyuz, viaje al lado oscuro de la mente\u2019."}]},{"@type":"WebSite","@id":"https:\/\/www.laguiadepamplona.com\/actualidad\/#website","url":"https:\/\/www.laguiadepamplona.com\/actualidad\/","name":"La gu\u00eda de Pamplona","description":"Noticias de Pamplona","publisher":{"@id":"https:\/\/www.laguiadepamplona.com\/actualidad\/#organization"},"potentialAction":[{"@type":"SearchAction","target":{"@type":"EntryPoint","urlTemplate":"https:\/\/www.laguiadepamplona.com\/actualidad\/?s={search_term_string}"},"query-input":{"@type":"PropertyValueSpecification","valueRequired":true,"valueName":"search_term_string"}}],"inLanguage":"es"},{"@type":"Organization","@id":"https:\/\/www.laguiadepamplona.com\/actualidad\/#organization","name":"La Gu\u00eda de Pamplona \/ Noticias","url":"https:\/\/www.laguiadepamplona.com\/actualidad\/","logo":{"@type":"ImageObject","inLanguage":"es","@id":"https:\/\/www.laguiadepamplona.com\/actualidad\/#\/schema\/logo\/image\/","url":"https:\/\/www.laguiadepamplona.com\/actualidad\/wp-content\/uploads\/2018\/11\/logo-laguiadepamplona18-web1.png","contentUrl":"https:\/\/www.laguiadepamplona.com\/actualidad\/wp-content\/uploads\/2018\/11\/logo-laguiadepamplona18-web1.png","width":600,"height":196,"caption":"La Gu\u00eda de Pamplona \/ Noticias"},"image":{"@id":"https:\/\/www.laguiadepamplona.com\/actualidad\/#\/schema\/logo\/image\/"},"sameAs":["https:\/\/www.facebook.com\/laguiadepamplonacom-133175176762273\/?ref=hl","https:\/\/x.com\/LaGuiadPamplona","https:\/\/www.instagram.com\/la_guia_de_pamplona\/","https:\/\/www.youtube.com\/user\/laguiadepamplona"]}]}},"post_mailing_queue_ids":[],"_links":{"self":[{"href":"https:\/\/www.laguiadepamplona.com\/actualidad\/wp-json\/wp\/v2\/tribe_events\/39640","targetHints":{"allow":["GET"]}}],"collection":[{"href":"https:\/\/www.laguiadepamplona.com\/actualidad\/wp-json\/wp\/v2\/tribe_events"}],"about":[{"href":"https:\/\/www.laguiadepamplona.com\/actualidad\/wp-json\/wp\/v2\/types\/tribe_events"}],"author":[{"embeddable":true,"href":"https:\/\/www.laguiadepamplona.com\/actualidad\/wp-json\/wp\/v2\/users\/1"}],"replies":[{"embeddable":true,"href":"https:\/\/www.laguiadepamplona.com\/actualidad\/wp-json\/wp\/v2\/comments?post=39640"}],"version-history":[{"count":0,"href":"https:\/\/www.laguiadepamplona.com\/actualidad\/wp-json\/wp\/v2\/tribe_events\/39640\/revisions"}],"wp:featuredmedia":[{"embeddable":true,"href":"https:\/\/www.laguiadepamplona.com\/actualidad\/wp-json\/wp\/v2\/media\/39268"}],"wp:attachment":[{"href":"https:\/\/www.laguiadepamplona.com\/actualidad\/wp-json\/wp\/v2\/media?parent=39640"}],"wp:term":[{"taxonomy":"post_tag","embeddable":true,"href":"https:\/\/www.laguiadepamplona.com\/actualidad\/wp-json\/wp\/v2\/tags?post=39640"},{"taxonomy":"tribe_events_cat","embeddable":true,"href":"https:\/\/www.laguiadepamplona.com\/actualidad\/wp-json\/wp\/v2\/tribe_events_cat?post=39640"}],"curies":[{"name":"wp","href":"https:\/\/api.w.org\/{rel}","templated":true}]}}