{"id":39554,"date":"2022-03-22T13:39:38","date_gmt":"2022-03-22T11:39:38","guid":{"rendered":"https:\/\/www.laguiadepamplona.com\/actualidad\/?post_type=tribe_events&#038;p=39554"},"modified":"2022-03-22T13:39:38","modified_gmt":"2022-03-22T11:39:38","slug":"dia-mundial-de-la-poesia-encuentro-con-poetas-escribir-imagenes-dibujas-poemas","status":"publish","type":"tribe_events","link":"https:\/\/www.laguiadepamplona.com\/actualidad\/evento\/dia-mundial-de-la-poesia-encuentro-con-poetas-escribir-imagenes-dibujas-poemas\/","title":{"rendered":"D\u00eda Mundial de la Poes\u00eda. Encuentro con poetas. \u2018Escribir im\u00e1genes, dibujas poemas\u2019."},"content":{"rendered":"<p>Imagen y experimentaci\u00f3n visual en \u201cPanor\u00e1mica\u201d. Algunas conjeturas, m\u00e1s o menos justificadas, sobre la expresi\u00f3n po\u00e9tica en el terreno de la ilustraci\u00f3n literaria en comparaci\u00f3n con la expresi\u00f3n pl\u00e1stica en el terreno de la escritura. Con To\u00f1o Benavides, Premio Ciudad de Pamplona de Poes\u00eda 2021 en la modalidad de castellano. Es colaborador de prensa y editoriales en diversos medios de \u00e1mbito nacional, y ha recibido diversos premios como ilustrador. Ha publicado varios libros y poemarios como Gran Sur, distinguido con el Premio de Poes\u00eda Eladio Caballero. En colaboraci\u00f3n con el Ateneo Navarro.<\/p>\n<p>&nbsp;<br \/>\n<script async src=\"\/\/pagead2.googlesyndication.com\/pagead\/js\/adsbygoogle.js\"><\/script><br \/>\n<!-- Noticias La Guia de Pamplona --><br \/>\n<ins class=\"adsbygoogle\"\nstyle=\"display:block\"\ndata-ad-client=\"ca-pub-6943679897239327\"\ndata-ad-slot=\"7048180777\"\ndata-ad-format=\"auto\"><\/ins><br \/>\n<script>\n(adsbygoogle = window.adsbygoogle || []).push({});\n<\/script><\/p>\n<p>Civivox Condestable, 19 horas. Entrada libre, previa inscripci\u00f3n a trav\u00e9s del 010, red Civivox o <a href=\"http:\/\/www.pamplonaescultura.es\">www.pamplonaescultura.es<\/a><\/p>\n","protected":false},"excerpt":{"rendered":"<p>Imagen y experimentaci\u00f3n visual en \u201cPanor\u00e1mica\u201d. Algunas conjeturas, m\u00e1s o menos justificadas, sobre la expresi\u00f3n po\u00e9tica en el terreno de la ilustraci\u00f3n literaria en comparaci\u00f3n con la expresi\u00f3n pl\u00e1stica en&#8230;<\/p>\n","protected":false},"author":1,"featured_media":39555,"comment_status":"open","ping_status":"closed","template":"","meta":{"_tribe_events_status":"","_tribe_events_status_reason":"","footnotes":""},"tags":[],"tribe_events_cat":[9405],"class_list":["post-39554","tribe_events","type-tribe_events","status-publish","has-post-thumbnail","hentry","tribe_events_cat-ayuntamiento","cat_ayuntamiento"],"yoast_head":"<!-- This site is optimized with the Yoast SEO plugin v27.3 - https:\/\/yoast.com\/product\/yoast-seo-wordpress\/ -->\n<title>D\u00eda Mundial de la Poes\u00eda. Encuentro con poetas. \u2018Escribir im\u00e1genes, dibujas poemas\u2019. - La Gu\u00eda de Pamplona<\/title>\n<meta name=\"robots\" content=\"index, follow, max-snippet:-1, max-image-preview:large, max-video-preview:-1\" \/>\n<link rel=\"canonical\" href=\"https:\/\/www.laguiadepamplona.com\/actualidad\/evento\/dia-mundial-de-la-poesia-encuentro-con-poetas-escribir-imagenes-dibujas-poemas\/\" \/>\n<meta property=\"og:locale\" content=\"es_ES\" \/>\n<meta property=\"og:type\" content=\"article\" \/>\n<meta property=\"og:title\" content=\"D\u00eda Mundial de la Poes\u00eda. Encuentro con poetas. \u2018Escribir im\u00e1genes, dibujas poemas\u2019. - La Gu\u00eda de Pamplona\" \/>\n<meta property=\"og:description\" content=\"Imagen y experimentaci\u00f3n visual en \u201cPanor\u00e1mica\u201d. Algunas conjeturas, m\u00e1s o menos justificadas, sobre la expresi\u00f3n po\u00e9tica en el terreno de la ilustraci\u00f3n literaria en comparaci\u00f3n con la expresi\u00f3n pl\u00e1stica en...\" \/>\n<meta property=\"og:url\" content=\"https:\/\/www.laguiadepamplona.com\/actualidad\/evento\/dia-mundial-de-la-poesia-encuentro-con-poetas-escribir-imagenes-dibujas-poemas\/\" \/>\n<meta property=\"og:site_name\" content=\"La Gu\u00eda de Pamplona\" \/>\n<meta property=\"article:publisher\" content=\"https:\/\/www.facebook.com\/laguiadepamplonacom-133175176762273\/?ref=hl\" \/>\n<meta property=\"og:image\" content=\"https:\/\/www.laguiadepamplona.com\/actualidad\/wp-content\/uploads\/2022\/03\/tono-benavides.jpg\" \/>\n\t<meta property=\"og:image:width\" content=\"870\" \/>\n\t<meta property=\"og:image:height\" content=\"480\" \/>\n\t<meta property=\"og:image:type\" content=\"image\/jpeg\" \/>\n<meta name=\"twitter:card\" content=\"summary_large_image\" \/>\n<meta name=\"twitter:site\" content=\"@LaGuiadPamplona\" \/>\n<meta name=\"twitter:label1\" content=\"Tiempo de lectura\" \/>\n\t<meta name=\"twitter:data1\" content=\"1 minuto\" \/>\n<script type=\"application\/ld+json\" class=\"yoast-schema-graph\">{\"@context\":\"https:\\\/\\\/schema.org\",\"@graph\":[{\"@type\":\"WebPage\",\"@id\":\"https:\\\/\\\/www.laguiadepamplona.com\\\/actualidad\\\/evento\\\/dia-mundial-de-la-poesia-encuentro-con-poetas-escribir-imagenes-dibujas-poemas\\\/\",\"url\":\"https:\\\/\\\/www.laguiadepamplona.com\\\/actualidad\\\/evento\\\/dia-mundial-de-la-poesia-encuentro-con-poetas-escribir-imagenes-dibujas-poemas\\\/\",\"name\":\"D\u00eda Mundial de la Poes\u00eda. Encuentro con poetas. \u2018Escribir im\u00e1genes, dibujas poemas\u2019. - La Gu\u00eda de Pamplona\",\"isPartOf\":{\"@id\":\"https:\\\/\\\/www.laguiadepamplona.com\\\/actualidad\\\/#website\"},\"primaryImageOfPage\":{\"@id\":\"https:\\\/\\\/www.laguiadepamplona.com\\\/actualidad\\\/evento\\\/dia-mundial-de-la-poesia-encuentro-con-poetas-escribir-imagenes-dibujas-poemas\\\/#primaryimage\"},\"image\":{\"@id\":\"https:\\\/\\\/www.laguiadepamplona.com\\\/actualidad\\\/evento\\\/dia-mundial-de-la-poesia-encuentro-con-poetas-escribir-imagenes-dibujas-poemas\\\/#primaryimage\"},\"thumbnailUrl\":\"https:\\\/\\\/www.laguiadepamplona.com\\\/actualidad\\\/wp-content\\\/uploads\\\/2022\\\/03\\\/tono-benavides.jpg\",\"datePublished\":\"2022-03-22T11:39:38+00:00\",\"breadcrumb\":{\"@id\":\"https:\\\/\\\/www.laguiadepamplona.com\\\/actualidad\\\/evento\\\/dia-mundial-de-la-poesia-encuentro-con-poetas-escribir-imagenes-dibujas-poemas\\\/#breadcrumb\"},\"inLanguage\":\"es\",\"potentialAction\":[{\"@type\":\"ReadAction\",\"target\":[\"https:\\\/\\\/www.laguiadepamplona.com\\\/actualidad\\\/evento\\\/dia-mundial-de-la-poesia-encuentro-con-poetas-escribir-imagenes-dibujas-poemas\\\/\"]}]},{\"@type\":\"ImageObject\",\"inLanguage\":\"es\",\"@id\":\"https:\\\/\\\/www.laguiadepamplona.com\\\/actualidad\\\/evento\\\/dia-mundial-de-la-poesia-encuentro-con-poetas-escribir-imagenes-dibujas-poemas\\\/#primaryimage\",\"url\":\"https:\\\/\\\/www.laguiadepamplona.com\\\/actualidad\\\/wp-content\\\/uploads\\\/2022\\\/03\\\/tono-benavides.jpg\",\"contentUrl\":\"https:\\\/\\\/www.laguiadepamplona.com\\\/actualidad\\\/wp-content\\\/uploads\\\/2022\\\/03\\\/tono-benavides.jpg\",\"width\":870,\"height\":480},{\"@type\":\"BreadcrumbList\",\"@id\":\"https:\\\/\\\/www.laguiadepamplona.com\\\/actualidad\\\/evento\\\/dia-mundial-de-la-poesia-encuentro-con-poetas-escribir-imagenes-dibujas-poemas\\\/#breadcrumb\",\"itemListElement\":[{\"@type\":\"ListItem\",\"position\":1,\"name\":\"Portada\",\"item\":\"https:\\\/\\\/www.laguiadepamplona.com\\\/actualidad\\\/\"},{\"@type\":\"ListItem\",\"position\":2,\"name\":\"Eventos\",\"item\":\"https:\\\/\\\/www.laguiadepamplona.com\\\/actualidad\\\/eventos\\\/\"},{\"@type\":\"ListItem\",\"position\":3,\"name\":\"D\u00eda Mundial de la Poes\u00eda. Encuentro con poetas. \u2018Escribir im\u00e1genes, dibujas poemas\u2019.\"}]},{\"@type\":\"WebSite\",\"@id\":\"https:\\\/\\\/www.laguiadepamplona.com\\\/actualidad\\\/#website\",\"url\":\"https:\\\/\\\/www.laguiadepamplona.com\\\/actualidad\\\/\",\"name\":\"La gu\u00eda de Pamplona\",\"description\":\"Noticias de Pamplona\",\"publisher\":{\"@id\":\"https:\\\/\\\/www.laguiadepamplona.com\\\/actualidad\\\/#organization\"},\"potentialAction\":[{\"@type\":\"SearchAction\",\"target\":{\"@type\":\"EntryPoint\",\"urlTemplate\":\"https:\\\/\\\/www.laguiadepamplona.com\\\/actualidad\\\/?s={search_term_string}\"},\"query-input\":{\"@type\":\"PropertyValueSpecification\",\"valueRequired\":true,\"valueName\":\"search_term_string\"}}],\"inLanguage\":\"es\"},{\"@type\":\"Organization\",\"@id\":\"https:\\\/\\\/www.laguiadepamplona.com\\\/actualidad\\\/#organization\",\"name\":\"La Gu\u00eda de Pamplona \\\/ Noticias\",\"url\":\"https:\\\/\\\/www.laguiadepamplona.com\\\/actualidad\\\/\",\"logo\":{\"@type\":\"ImageObject\",\"inLanguage\":\"es\",\"@id\":\"https:\\\/\\\/www.laguiadepamplona.com\\\/actualidad\\\/#\\\/schema\\\/logo\\\/image\\\/\",\"url\":\"https:\\\/\\\/www.laguiadepamplona.com\\\/actualidad\\\/wp-content\\\/uploads\\\/2018\\\/11\\\/logo-laguiadepamplona18-web1.png\",\"contentUrl\":\"https:\\\/\\\/www.laguiadepamplona.com\\\/actualidad\\\/wp-content\\\/uploads\\\/2018\\\/11\\\/logo-laguiadepamplona18-web1.png\",\"width\":600,\"height\":196,\"caption\":\"La Gu\u00eda de Pamplona \\\/ Noticias\"},\"image\":{\"@id\":\"https:\\\/\\\/www.laguiadepamplona.com\\\/actualidad\\\/#\\\/schema\\\/logo\\\/image\\\/\"},\"sameAs\":[\"https:\\\/\\\/www.facebook.com\\\/laguiadepamplonacom-133175176762273\\\/?ref=hl\",\"https:\\\/\\\/x.com\\\/LaGuiadPamplona\",\"https:\\\/\\\/www.instagram.com\\\/la_guia_de_pamplona\\\/\",\"https:\\\/\\\/www.youtube.com\\\/user\\\/laguiadepamplona\"]}]}<\/script>\n<!-- \/ Yoast SEO plugin. -->","yoast_head_json":{"title":"D\u00eda Mundial de la Poes\u00eda. Encuentro con poetas. \u2018Escribir im\u00e1genes, dibujas poemas\u2019. - La Gu\u00eda de Pamplona","robots":{"index":"index","follow":"follow","max-snippet":"max-snippet:-1","max-image-preview":"max-image-preview:large","max-video-preview":"max-video-preview:-1"},"canonical":"https:\/\/www.laguiadepamplona.com\/actualidad\/evento\/dia-mundial-de-la-poesia-encuentro-con-poetas-escribir-imagenes-dibujas-poemas\/","og_locale":"es_ES","og_type":"article","og_title":"D\u00eda Mundial de la Poes\u00eda. Encuentro con poetas. \u2018Escribir im\u00e1genes, dibujas poemas\u2019. - La Gu\u00eda de Pamplona","og_description":"Imagen y experimentaci\u00f3n visual en \u201cPanor\u00e1mica\u201d. Algunas conjeturas, m\u00e1s o menos justificadas, sobre la expresi\u00f3n po\u00e9tica en el terreno de la ilustraci\u00f3n literaria en comparaci\u00f3n con la expresi\u00f3n pl\u00e1stica en...","og_url":"https:\/\/www.laguiadepamplona.com\/actualidad\/evento\/dia-mundial-de-la-poesia-encuentro-con-poetas-escribir-imagenes-dibujas-poemas\/","og_site_name":"La Gu\u00eda de Pamplona","article_publisher":"https:\/\/www.facebook.com\/laguiadepamplonacom-133175176762273\/?ref=hl","og_image":[{"width":870,"height":480,"url":"https:\/\/www.laguiadepamplona.com\/actualidad\/wp-content\/uploads\/2022\/03\/tono-benavides.jpg","type":"image\/jpeg"}],"twitter_card":"summary_large_image","twitter_site":"@LaGuiadPamplona","twitter_misc":{"Tiempo de lectura":"1 minuto"},"schema":{"@context":"https:\/\/schema.org","@graph":[{"@type":"WebPage","@id":"https:\/\/www.laguiadepamplona.com\/actualidad\/evento\/dia-mundial-de-la-poesia-encuentro-con-poetas-escribir-imagenes-dibujas-poemas\/","url":"https:\/\/www.laguiadepamplona.com\/actualidad\/evento\/dia-mundial-de-la-poesia-encuentro-con-poetas-escribir-imagenes-dibujas-poemas\/","name":"D\u00eda Mundial de la Poes\u00eda. Encuentro con poetas. \u2018Escribir im\u00e1genes, dibujas poemas\u2019. - La Gu\u00eda de Pamplona","isPartOf":{"@id":"https:\/\/www.laguiadepamplona.com\/actualidad\/#website"},"primaryImageOfPage":{"@id":"https:\/\/www.laguiadepamplona.com\/actualidad\/evento\/dia-mundial-de-la-poesia-encuentro-con-poetas-escribir-imagenes-dibujas-poemas\/#primaryimage"},"image":{"@id":"https:\/\/www.laguiadepamplona.com\/actualidad\/evento\/dia-mundial-de-la-poesia-encuentro-con-poetas-escribir-imagenes-dibujas-poemas\/#primaryimage"},"thumbnailUrl":"https:\/\/www.laguiadepamplona.com\/actualidad\/wp-content\/uploads\/2022\/03\/tono-benavides.jpg","datePublished":"2022-03-22T11:39:38+00:00","breadcrumb":{"@id":"https:\/\/www.laguiadepamplona.com\/actualidad\/evento\/dia-mundial-de-la-poesia-encuentro-con-poetas-escribir-imagenes-dibujas-poemas\/#breadcrumb"},"inLanguage":"es","potentialAction":[{"@type":"ReadAction","target":["https:\/\/www.laguiadepamplona.com\/actualidad\/evento\/dia-mundial-de-la-poesia-encuentro-con-poetas-escribir-imagenes-dibujas-poemas\/"]}]},{"@type":"ImageObject","inLanguage":"es","@id":"https:\/\/www.laguiadepamplona.com\/actualidad\/evento\/dia-mundial-de-la-poesia-encuentro-con-poetas-escribir-imagenes-dibujas-poemas\/#primaryimage","url":"https:\/\/www.laguiadepamplona.com\/actualidad\/wp-content\/uploads\/2022\/03\/tono-benavides.jpg","contentUrl":"https:\/\/www.laguiadepamplona.com\/actualidad\/wp-content\/uploads\/2022\/03\/tono-benavides.jpg","width":870,"height":480},{"@type":"BreadcrumbList","@id":"https:\/\/www.laguiadepamplona.com\/actualidad\/evento\/dia-mundial-de-la-poesia-encuentro-con-poetas-escribir-imagenes-dibujas-poemas\/#breadcrumb","itemListElement":[{"@type":"ListItem","position":1,"name":"Portada","item":"https:\/\/www.laguiadepamplona.com\/actualidad\/"},{"@type":"ListItem","position":2,"name":"Eventos","item":"https:\/\/www.laguiadepamplona.com\/actualidad\/eventos\/"},{"@type":"ListItem","position":3,"name":"D\u00eda Mundial de la Poes\u00eda. Encuentro con poetas. \u2018Escribir im\u00e1genes, dibujas poemas\u2019."}]},{"@type":"WebSite","@id":"https:\/\/www.laguiadepamplona.com\/actualidad\/#website","url":"https:\/\/www.laguiadepamplona.com\/actualidad\/","name":"La gu\u00eda de Pamplona","description":"Noticias de Pamplona","publisher":{"@id":"https:\/\/www.laguiadepamplona.com\/actualidad\/#organization"},"potentialAction":[{"@type":"SearchAction","target":{"@type":"EntryPoint","urlTemplate":"https:\/\/www.laguiadepamplona.com\/actualidad\/?s={search_term_string}"},"query-input":{"@type":"PropertyValueSpecification","valueRequired":true,"valueName":"search_term_string"}}],"inLanguage":"es"},{"@type":"Organization","@id":"https:\/\/www.laguiadepamplona.com\/actualidad\/#organization","name":"La Gu\u00eda de Pamplona \/ Noticias","url":"https:\/\/www.laguiadepamplona.com\/actualidad\/","logo":{"@type":"ImageObject","inLanguage":"es","@id":"https:\/\/www.laguiadepamplona.com\/actualidad\/#\/schema\/logo\/image\/","url":"https:\/\/www.laguiadepamplona.com\/actualidad\/wp-content\/uploads\/2018\/11\/logo-laguiadepamplona18-web1.png","contentUrl":"https:\/\/www.laguiadepamplona.com\/actualidad\/wp-content\/uploads\/2018\/11\/logo-laguiadepamplona18-web1.png","width":600,"height":196,"caption":"La Gu\u00eda de Pamplona \/ Noticias"},"image":{"@id":"https:\/\/www.laguiadepamplona.com\/actualidad\/#\/schema\/logo\/image\/"},"sameAs":["https:\/\/www.facebook.com\/laguiadepamplonacom-133175176762273\/?ref=hl","https:\/\/x.com\/LaGuiadPamplona","https:\/\/www.instagram.com\/la_guia_de_pamplona\/","https:\/\/www.youtube.com\/user\/laguiadepamplona"]}]}},"post_mailing_queue_ids":[],"_links":{"self":[{"href":"https:\/\/www.laguiadepamplona.com\/actualidad\/wp-json\/wp\/v2\/tribe_events\/39554","targetHints":{"allow":["GET"]}}],"collection":[{"href":"https:\/\/www.laguiadepamplona.com\/actualidad\/wp-json\/wp\/v2\/tribe_events"}],"about":[{"href":"https:\/\/www.laguiadepamplona.com\/actualidad\/wp-json\/wp\/v2\/types\/tribe_events"}],"author":[{"embeddable":true,"href":"https:\/\/www.laguiadepamplona.com\/actualidad\/wp-json\/wp\/v2\/users\/1"}],"replies":[{"embeddable":true,"href":"https:\/\/www.laguiadepamplona.com\/actualidad\/wp-json\/wp\/v2\/comments?post=39554"}],"version-history":[{"count":0,"href":"https:\/\/www.laguiadepamplona.com\/actualidad\/wp-json\/wp\/v2\/tribe_events\/39554\/revisions"}],"wp:featuredmedia":[{"embeddable":true,"href":"https:\/\/www.laguiadepamplona.com\/actualidad\/wp-json\/wp\/v2\/media\/39555"}],"wp:attachment":[{"href":"https:\/\/www.laguiadepamplona.com\/actualidad\/wp-json\/wp\/v2\/media?parent=39554"}],"wp:term":[{"taxonomy":"post_tag","embeddable":true,"href":"https:\/\/www.laguiadepamplona.com\/actualidad\/wp-json\/wp\/v2\/tags?post=39554"},{"taxonomy":"tribe_events_cat","embeddable":true,"href":"https:\/\/www.laguiadepamplona.com\/actualidad\/wp-json\/wp\/v2\/tribe_events_cat?post=39554"}],"curies":[{"name":"wp","href":"https:\/\/api.w.org\/{rel}","templated":true}]}}