{"id":38954,"date":"2022-02-22T18:35:20","date_gmt":"2022-02-22T16:35:20","guid":{"rendered":"https:\/\/www.laguiadepamplona.com\/actualidad\/?post_type=tribe_events&#038;p=38954"},"modified":"2022-02-22T18:35:20","modified_gmt":"2022-02-22T16:35:20","slug":"ciclo-sobre-salud-mental-y-cultura-rompiendo-estigma-sobre-la-salud-mental-muestra-interactiva-musical-palabras-por-la-salud","status":"publish","type":"tribe_events","link":"https:\/\/www.laguiadepamplona.com\/actualidad\/evento\/ciclo-sobre-salud-mental-y-cultura-rompiendo-estigma-sobre-la-salud-mental-muestra-interactiva-musical-palabras-por-la-salud\/","title":{"rendered":"Ciclo sobre salud mental y cultura. Rompiendo estigma sobre la salud mental. Muestra interactiva musical. \u2018Palabras por la salud\u2019."},"content":{"rendered":"<p>El proyecto musical, realizado con Mentalia Pamplona y con el mediador Iosu Mart\u00ed, relacionado con la composici\u00f3n e interpretaci\u00f3n, ha permitido a las personas usuarias de este centro de salud mental entrar en contacto con el \u00e1mbito musical, creaci\u00f3n, grabaci\u00f3n, \u2026 En la sesi\u00f3n hablar\u00e1n de esta experiencia que les ha permitido elaborar m\u00fasica y relacionarse en otro entorno de \u00e1mbito cultural. Se presentar\u00e1n los resultados del proceso con el fin de compartir la experiencia de las personas participantes y sus capacidades creativas de expresar su vivencia a trav\u00e9s de la m\u00fasica.<\/p>\n<p>&nbsp;<br \/>\n<script async src=\"\/\/pagead2.googlesyndication.com\/pagead\/js\/adsbygoogle.js\"><\/script><br \/>\n<!-- Noticias La Guia de Pamplona --><br \/>\n<ins class=\"adsbygoogle\"\nstyle=\"display:block\"\ndata-ad-client=\"ca-pub-6943679897239327\"\ndata-ad-slot=\"7048180777\"\ndata-ad-format=\"auto\"><\/ins><br \/>\n<script>\n(adsbygoogle = window.adsbygoogle || []).push({});\n<\/script><\/p>\n<p>Civivox Iturrama, 18 horas. Entrada libre previa inscripci\u00f3n a trav\u00e9s del 010, la red Civivox o <a href=\"http:\/\/www.pamplonaescultura.es\">www.pamplonaescultura.es<\/a><\/p>\n","protected":false},"excerpt":{"rendered":"<p>El proyecto musical, realizado con Mentalia Pamplona y con el mediador Iosu Mart\u00ed, relacionado con la composici\u00f3n e interpretaci\u00f3n, ha permitido a las personas usuarias de este centro de salud&#8230;<\/p>\n","protected":false},"author":1,"featured_media":38935,"comment_status":"open","ping_status":"closed","template":"","meta":{"_tribe_events_status":"","_tribe_events_status_reason":"","footnotes":""},"tags":[],"tribe_events_cat":[9405],"class_list":["post-38954","tribe_events","type-tribe_events","status-publish","has-post-thumbnail","hentry","tribe_events_cat-ayuntamiento","cat_ayuntamiento"],"yoast_head":"<!-- This site is optimized with the Yoast SEO plugin v27.3 - https:\/\/yoast.com\/product\/yoast-seo-wordpress\/ -->\n<title>Ciclo sobre salud mental y cultura. Rompiendo estigma sobre la salud mental. Muestra interactiva musical. \u2018Palabras por la salud\u2019. - La Gu\u00eda de Pamplona<\/title>\n<meta name=\"robots\" content=\"index, follow, max-snippet:-1, max-image-preview:large, max-video-preview:-1\" \/>\n<link rel=\"canonical\" href=\"https:\/\/www.laguiadepamplona.com\/actualidad\/evento\/ciclo-sobre-salud-mental-y-cultura-rompiendo-estigma-sobre-la-salud-mental-muestra-interactiva-musical-palabras-por-la-salud\/\" \/>\n<meta property=\"og:locale\" content=\"es_ES\" \/>\n<meta property=\"og:type\" content=\"article\" \/>\n<meta property=\"og:title\" content=\"Ciclo sobre salud mental y cultura. Rompiendo estigma sobre la salud mental. Muestra interactiva musical. \u2018Palabras por la salud\u2019. - La Gu\u00eda de Pamplona\" \/>\n<meta property=\"og:description\" content=\"El proyecto musical, realizado con Mentalia Pamplona y con el mediador Iosu Mart\u00ed, relacionado con la composici\u00f3n e interpretaci\u00f3n, ha permitido a las personas usuarias de este centro de salud...\" \/>\n<meta property=\"og:url\" content=\"https:\/\/www.laguiadepamplona.com\/actualidad\/evento\/ciclo-sobre-salud-mental-y-cultura-rompiendo-estigma-sobre-la-salud-mental-muestra-interactiva-musical-palabras-por-la-salud\/\" \/>\n<meta property=\"og:site_name\" content=\"La Gu\u00eda de Pamplona\" \/>\n<meta property=\"article:publisher\" content=\"https:\/\/www.facebook.com\/laguiadepamplonacom-133175176762273\/?ref=hl\" \/>\n<meta property=\"og:image\" content=\"https:\/\/www.laguiadepamplona.com\/actualidad\/wp-content\/uploads\/2022\/02\/la-cultura-como-motor-salud-mental.jpg\" \/>\n\t<meta property=\"og:image:width\" content=\"870\" \/>\n\t<meta property=\"og:image:height\" content=\"480\" \/>\n\t<meta property=\"og:image:type\" content=\"image\/jpeg\" \/>\n<meta name=\"twitter:card\" content=\"summary_large_image\" \/>\n<meta name=\"twitter:site\" content=\"@LaGuiadPamplona\" \/>\n<meta name=\"twitter:label1\" content=\"Tiempo de lectura\" \/>\n\t<meta name=\"twitter:data1\" content=\"1 minuto\" \/>\n<script type=\"application\/ld+json\" class=\"yoast-schema-graph\">{\"@context\":\"https:\\\/\\\/schema.org\",\"@graph\":[{\"@type\":\"WebPage\",\"@id\":\"https:\\\/\\\/www.laguiadepamplona.com\\\/actualidad\\\/evento\\\/ciclo-sobre-salud-mental-y-cultura-rompiendo-estigma-sobre-la-salud-mental-muestra-interactiva-musical-palabras-por-la-salud\\\/\",\"url\":\"https:\\\/\\\/www.laguiadepamplona.com\\\/actualidad\\\/evento\\\/ciclo-sobre-salud-mental-y-cultura-rompiendo-estigma-sobre-la-salud-mental-muestra-interactiva-musical-palabras-por-la-salud\\\/\",\"name\":\"Ciclo sobre salud mental y cultura. Rompiendo estigma sobre la salud mental. Muestra interactiva musical. \u2018Palabras por la salud\u2019. - La Gu\u00eda de Pamplona\",\"isPartOf\":{\"@id\":\"https:\\\/\\\/www.laguiadepamplona.com\\\/actualidad\\\/#website\"},\"primaryImageOfPage\":{\"@id\":\"https:\\\/\\\/www.laguiadepamplona.com\\\/actualidad\\\/evento\\\/ciclo-sobre-salud-mental-y-cultura-rompiendo-estigma-sobre-la-salud-mental-muestra-interactiva-musical-palabras-por-la-salud\\\/#primaryimage\"},\"image\":{\"@id\":\"https:\\\/\\\/www.laguiadepamplona.com\\\/actualidad\\\/evento\\\/ciclo-sobre-salud-mental-y-cultura-rompiendo-estigma-sobre-la-salud-mental-muestra-interactiva-musical-palabras-por-la-salud\\\/#primaryimage\"},\"thumbnailUrl\":\"https:\\\/\\\/www.laguiadepamplona.com\\\/actualidad\\\/wp-content\\\/uploads\\\/2022\\\/02\\\/la-cultura-como-motor-salud-mental.jpg\",\"datePublished\":\"2022-02-22T16:35:20+00:00\",\"breadcrumb\":{\"@id\":\"https:\\\/\\\/www.laguiadepamplona.com\\\/actualidad\\\/evento\\\/ciclo-sobre-salud-mental-y-cultura-rompiendo-estigma-sobre-la-salud-mental-muestra-interactiva-musical-palabras-por-la-salud\\\/#breadcrumb\"},\"inLanguage\":\"es\",\"potentialAction\":[{\"@type\":\"ReadAction\",\"target\":[\"https:\\\/\\\/www.laguiadepamplona.com\\\/actualidad\\\/evento\\\/ciclo-sobre-salud-mental-y-cultura-rompiendo-estigma-sobre-la-salud-mental-muestra-interactiva-musical-palabras-por-la-salud\\\/\"]}]},{\"@type\":\"ImageObject\",\"inLanguage\":\"es\",\"@id\":\"https:\\\/\\\/www.laguiadepamplona.com\\\/actualidad\\\/evento\\\/ciclo-sobre-salud-mental-y-cultura-rompiendo-estigma-sobre-la-salud-mental-muestra-interactiva-musical-palabras-por-la-salud\\\/#primaryimage\",\"url\":\"https:\\\/\\\/www.laguiadepamplona.com\\\/actualidad\\\/wp-content\\\/uploads\\\/2022\\\/02\\\/la-cultura-como-motor-salud-mental.jpg\",\"contentUrl\":\"https:\\\/\\\/www.laguiadepamplona.com\\\/actualidad\\\/wp-content\\\/uploads\\\/2022\\\/02\\\/la-cultura-como-motor-salud-mental.jpg\",\"width\":870,\"height\":480},{\"@type\":\"BreadcrumbList\",\"@id\":\"https:\\\/\\\/www.laguiadepamplona.com\\\/actualidad\\\/evento\\\/ciclo-sobre-salud-mental-y-cultura-rompiendo-estigma-sobre-la-salud-mental-muestra-interactiva-musical-palabras-por-la-salud\\\/#breadcrumb\",\"itemListElement\":[{\"@type\":\"ListItem\",\"position\":1,\"name\":\"Portada\",\"item\":\"https:\\\/\\\/www.laguiadepamplona.com\\\/actualidad\\\/\"},{\"@type\":\"ListItem\",\"position\":2,\"name\":\"Eventos\",\"item\":\"https:\\\/\\\/www.laguiadepamplona.com\\\/actualidad\\\/eventos\\\/\"},{\"@type\":\"ListItem\",\"position\":3,\"name\":\"Ciclo sobre salud mental y cultura. Rompiendo estigma sobre la salud mental. Muestra interactiva musical. \u2018Palabras por la salud\u2019.\"}]},{\"@type\":\"WebSite\",\"@id\":\"https:\\\/\\\/www.laguiadepamplona.com\\\/actualidad\\\/#website\",\"url\":\"https:\\\/\\\/www.laguiadepamplona.com\\\/actualidad\\\/\",\"name\":\"La gu\u00eda de Pamplona\",\"description\":\"Noticias de Pamplona\",\"publisher\":{\"@id\":\"https:\\\/\\\/www.laguiadepamplona.com\\\/actualidad\\\/#organization\"},\"potentialAction\":[{\"@type\":\"SearchAction\",\"target\":{\"@type\":\"EntryPoint\",\"urlTemplate\":\"https:\\\/\\\/www.laguiadepamplona.com\\\/actualidad\\\/?s={search_term_string}\"},\"query-input\":{\"@type\":\"PropertyValueSpecification\",\"valueRequired\":true,\"valueName\":\"search_term_string\"}}],\"inLanguage\":\"es\"},{\"@type\":\"Organization\",\"@id\":\"https:\\\/\\\/www.laguiadepamplona.com\\\/actualidad\\\/#organization\",\"name\":\"La Gu\u00eda de Pamplona \\\/ Noticias\",\"url\":\"https:\\\/\\\/www.laguiadepamplona.com\\\/actualidad\\\/\",\"logo\":{\"@type\":\"ImageObject\",\"inLanguage\":\"es\",\"@id\":\"https:\\\/\\\/www.laguiadepamplona.com\\\/actualidad\\\/#\\\/schema\\\/logo\\\/image\\\/\",\"url\":\"https:\\\/\\\/www.laguiadepamplona.com\\\/actualidad\\\/wp-content\\\/uploads\\\/2018\\\/11\\\/logo-laguiadepamplona18-web1.png\",\"contentUrl\":\"https:\\\/\\\/www.laguiadepamplona.com\\\/actualidad\\\/wp-content\\\/uploads\\\/2018\\\/11\\\/logo-laguiadepamplona18-web1.png\",\"width\":600,\"height\":196,\"caption\":\"La Gu\u00eda de Pamplona \\\/ Noticias\"},\"image\":{\"@id\":\"https:\\\/\\\/www.laguiadepamplona.com\\\/actualidad\\\/#\\\/schema\\\/logo\\\/image\\\/\"},\"sameAs\":[\"https:\\\/\\\/www.facebook.com\\\/laguiadepamplonacom-133175176762273\\\/?ref=hl\",\"https:\\\/\\\/x.com\\\/LaGuiadPamplona\",\"https:\\\/\\\/www.instagram.com\\\/la_guia_de_pamplona\\\/\",\"https:\\\/\\\/www.youtube.com\\\/user\\\/laguiadepamplona\"]}]}<\/script>\n<!-- \/ Yoast SEO plugin. -->","yoast_head_json":{"title":"Ciclo sobre salud mental y cultura. Rompiendo estigma sobre la salud mental. Muestra interactiva musical. \u2018Palabras por la salud\u2019. - La Gu\u00eda de Pamplona","robots":{"index":"index","follow":"follow","max-snippet":"max-snippet:-1","max-image-preview":"max-image-preview:large","max-video-preview":"max-video-preview:-1"},"canonical":"https:\/\/www.laguiadepamplona.com\/actualidad\/evento\/ciclo-sobre-salud-mental-y-cultura-rompiendo-estigma-sobre-la-salud-mental-muestra-interactiva-musical-palabras-por-la-salud\/","og_locale":"es_ES","og_type":"article","og_title":"Ciclo sobre salud mental y cultura. Rompiendo estigma sobre la salud mental. Muestra interactiva musical. \u2018Palabras por la salud\u2019. - La Gu\u00eda de Pamplona","og_description":"El proyecto musical, realizado con Mentalia Pamplona y con el mediador Iosu Mart\u00ed, relacionado con la composici\u00f3n e interpretaci\u00f3n, ha permitido a las personas usuarias de este centro de salud...","og_url":"https:\/\/www.laguiadepamplona.com\/actualidad\/evento\/ciclo-sobre-salud-mental-y-cultura-rompiendo-estigma-sobre-la-salud-mental-muestra-interactiva-musical-palabras-por-la-salud\/","og_site_name":"La Gu\u00eda de Pamplona","article_publisher":"https:\/\/www.facebook.com\/laguiadepamplonacom-133175176762273\/?ref=hl","og_image":[{"width":870,"height":480,"url":"https:\/\/www.laguiadepamplona.com\/actualidad\/wp-content\/uploads\/2022\/02\/la-cultura-como-motor-salud-mental.jpg","type":"image\/jpeg"}],"twitter_card":"summary_large_image","twitter_site":"@LaGuiadPamplona","twitter_misc":{"Tiempo de lectura":"1 minuto"},"schema":{"@context":"https:\/\/schema.org","@graph":[{"@type":"WebPage","@id":"https:\/\/www.laguiadepamplona.com\/actualidad\/evento\/ciclo-sobre-salud-mental-y-cultura-rompiendo-estigma-sobre-la-salud-mental-muestra-interactiva-musical-palabras-por-la-salud\/","url":"https:\/\/www.laguiadepamplona.com\/actualidad\/evento\/ciclo-sobre-salud-mental-y-cultura-rompiendo-estigma-sobre-la-salud-mental-muestra-interactiva-musical-palabras-por-la-salud\/","name":"Ciclo sobre salud mental y cultura. Rompiendo estigma sobre la salud mental. Muestra interactiva musical. \u2018Palabras por la salud\u2019. - La Gu\u00eda de Pamplona","isPartOf":{"@id":"https:\/\/www.laguiadepamplona.com\/actualidad\/#website"},"primaryImageOfPage":{"@id":"https:\/\/www.laguiadepamplona.com\/actualidad\/evento\/ciclo-sobre-salud-mental-y-cultura-rompiendo-estigma-sobre-la-salud-mental-muestra-interactiva-musical-palabras-por-la-salud\/#primaryimage"},"image":{"@id":"https:\/\/www.laguiadepamplona.com\/actualidad\/evento\/ciclo-sobre-salud-mental-y-cultura-rompiendo-estigma-sobre-la-salud-mental-muestra-interactiva-musical-palabras-por-la-salud\/#primaryimage"},"thumbnailUrl":"https:\/\/www.laguiadepamplona.com\/actualidad\/wp-content\/uploads\/2022\/02\/la-cultura-como-motor-salud-mental.jpg","datePublished":"2022-02-22T16:35:20+00:00","breadcrumb":{"@id":"https:\/\/www.laguiadepamplona.com\/actualidad\/evento\/ciclo-sobre-salud-mental-y-cultura-rompiendo-estigma-sobre-la-salud-mental-muestra-interactiva-musical-palabras-por-la-salud\/#breadcrumb"},"inLanguage":"es","potentialAction":[{"@type":"ReadAction","target":["https:\/\/www.laguiadepamplona.com\/actualidad\/evento\/ciclo-sobre-salud-mental-y-cultura-rompiendo-estigma-sobre-la-salud-mental-muestra-interactiva-musical-palabras-por-la-salud\/"]}]},{"@type":"ImageObject","inLanguage":"es","@id":"https:\/\/www.laguiadepamplona.com\/actualidad\/evento\/ciclo-sobre-salud-mental-y-cultura-rompiendo-estigma-sobre-la-salud-mental-muestra-interactiva-musical-palabras-por-la-salud\/#primaryimage","url":"https:\/\/www.laguiadepamplona.com\/actualidad\/wp-content\/uploads\/2022\/02\/la-cultura-como-motor-salud-mental.jpg","contentUrl":"https:\/\/www.laguiadepamplona.com\/actualidad\/wp-content\/uploads\/2022\/02\/la-cultura-como-motor-salud-mental.jpg","width":870,"height":480},{"@type":"BreadcrumbList","@id":"https:\/\/www.laguiadepamplona.com\/actualidad\/evento\/ciclo-sobre-salud-mental-y-cultura-rompiendo-estigma-sobre-la-salud-mental-muestra-interactiva-musical-palabras-por-la-salud\/#breadcrumb","itemListElement":[{"@type":"ListItem","position":1,"name":"Portada","item":"https:\/\/www.laguiadepamplona.com\/actualidad\/"},{"@type":"ListItem","position":2,"name":"Eventos","item":"https:\/\/www.laguiadepamplona.com\/actualidad\/eventos\/"},{"@type":"ListItem","position":3,"name":"Ciclo sobre salud mental y cultura. Rompiendo estigma sobre la salud mental. Muestra interactiva musical. \u2018Palabras por la salud\u2019."}]},{"@type":"WebSite","@id":"https:\/\/www.laguiadepamplona.com\/actualidad\/#website","url":"https:\/\/www.laguiadepamplona.com\/actualidad\/","name":"La gu\u00eda de Pamplona","description":"Noticias de Pamplona","publisher":{"@id":"https:\/\/www.laguiadepamplona.com\/actualidad\/#organization"},"potentialAction":[{"@type":"SearchAction","target":{"@type":"EntryPoint","urlTemplate":"https:\/\/www.laguiadepamplona.com\/actualidad\/?s={search_term_string}"},"query-input":{"@type":"PropertyValueSpecification","valueRequired":true,"valueName":"search_term_string"}}],"inLanguage":"es"},{"@type":"Organization","@id":"https:\/\/www.laguiadepamplona.com\/actualidad\/#organization","name":"La Gu\u00eda de Pamplona \/ Noticias","url":"https:\/\/www.laguiadepamplona.com\/actualidad\/","logo":{"@type":"ImageObject","inLanguage":"es","@id":"https:\/\/www.laguiadepamplona.com\/actualidad\/#\/schema\/logo\/image\/","url":"https:\/\/www.laguiadepamplona.com\/actualidad\/wp-content\/uploads\/2018\/11\/logo-laguiadepamplona18-web1.png","contentUrl":"https:\/\/www.laguiadepamplona.com\/actualidad\/wp-content\/uploads\/2018\/11\/logo-laguiadepamplona18-web1.png","width":600,"height":196,"caption":"La Gu\u00eda de Pamplona \/ Noticias"},"image":{"@id":"https:\/\/www.laguiadepamplona.com\/actualidad\/#\/schema\/logo\/image\/"},"sameAs":["https:\/\/www.facebook.com\/laguiadepamplonacom-133175176762273\/?ref=hl","https:\/\/x.com\/LaGuiadPamplona","https:\/\/www.instagram.com\/la_guia_de_pamplona\/","https:\/\/www.youtube.com\/user\/laguiadepamplona"]}]}},"post_mailing_queue_ids":[],"_links":{"self":[{"href":"https:\/\/www.laguiadepamplona.com\/actualidad\/wp-json\/wp\/v2\/tribe_events\/38954","targetHints":{"allow":["GET"]}}],"collection":[{"href":"https:\/\/www.laguiadepamplona.com\/actualidad\/wp-json\/wp\/v2\/tribe_events"}],"about":[{"href":"https:\/\/www.laguiadepamplona.com\/actualidad\/wp-json\/wp\/v2\/types\/tribe_events"}],"author":[{"embeddable":true,"href":"https:\/\/www.laguiadepamplona.com\/actualidad\/wp-json\/wp\/v2\/users\/1"}],"replies":[{"embeddable":true,"href":"https:\/\/www.laguiadepamplona.com\/actualidad\/wp-json\/wp\/v2\/comments?post=38954"}],"version-history":[{"count":0,"href":"https:\/\/www.laguiadepamplona.com\/actualidad\/wp-json\/wp\/v2\/tribe_events\/38954\/revisions"}],"wp:featuredmedia":[{"embeddable":true,"href":"https:\/\/www.laguiadepamplona.com\/actualidad\/wp-json\/wp\/v2\/media\/38935"}],"wp:attachment":[{"href":"https:\/\/www.laguiadepamplona.com\/actualidad\/wp-json\/wp\/v2\/media?parent=38954"}],"wp:term":[{"taxonomy":"post_tag","embeddable":true,"href":"https:\/\/www.laguiadepamplona.com\/actualidad\/wp-json\/wp\/v2\/tags?post=38954"},{"taxonomy":"tribe_events_cat","embeddable":true,"href":"https:\/\/www.laguiadepamplona.com\/actualidad\/wp-json\/wp\/v2\/tribe_events_cat?post=38954"}],"curies":[{"name":"wp","href":"https:\/\/api.w.org\/{rel}","templated":true}]}}