{"id":38941,"date":"2022-02-22T17:52:57","date_gmt":"2022-02-22T15:52:57","guid":{"rendered":"https:\/\/www.laguiadepamplona.com\/actualidad\/?post_type=tribe_events&#038;p=38941"},"modified":"2022-02-22T17:52:57","modified_gmt":"2022-02-22T15:52:57","slug":"bertsoaroa-2022-bederatzikoa-piano-y-bertsos-con-andoni-egana-y-xabier-lizaso","status":"publish","type":"tribe_events","link":"https:\/\/www.laguiadepamplona.com\/actualidad\/evento\/bertsoaroa-2022-bederatzikoa-piano-y-bertsos-con-andoni-egana-y-xabier-lizaso\/","title":{"rendered":"Bertsoaroa 2022. \u2018Bederatzikoa\u2019. Piano y bertsos, con Andoni Ega\u00f1a y Xabier Lizaso."},"content":{"rendered":"<p class=\"3Texto\"><span style=\"color: #212529; background: white;\">Beethoven compuso nueve sinfon\u00edas, aunque hay quien dice que hab\u00eda iniciado la d\u00e9cima cuando muri\u00f3. La estructura de nueve puntos, o \u201cBederatzikoa\u201d, es una medida propia del bertsolarismo. Pernando Amezketarra, contempor\u00e1neo de Beethoven, ya la utilizaba, y ha llegado hasta nuestros d\u00edas. En la final del Campeonato Absoluto, en el cl\u00edmax final, los bertsolaris deben cantar un bertso en esa medida. En este espect\u00e1culo, adem\u00e1s de repasar la vida y obra de Beethoven, se har\u00e1 un repaso a los bertsos m\u00e1s antol\u00f3gicos cantados en la estructura de nueve puntos.<\/span><\/p>\n<p>&nbsp;<br \/>\n<script async src=\"\/\/pagead2.googlesyndication.com\/pagead\/js\/adsbygoogle.js\"><\/script><br \/>\n<!-- Noticias La Guia de Pamplona --><br \/>\n<ins class=\"adsbygoogle\"\nstyle=\"display:block\"\ndata-ad-client=\"ca-pub-6943679897239327\"\ndata-ad-slot=\"7048180777\"\ndata-ad-format=\"auto\"><\/ins><br \/>\n<script>\n(adsbygoogle = window.adsbygoogle || []).push({});\n<\/script><\/p>\n<p><span style=\"font-size: 12.0pt;\">Civivox Condestable, 19 horas. Entrada libre hasta completar el aforo<\/span><\/p>\n","protected":false},"excerpt":{"rendered":"<p>Beethoven compuso nueve sinfon\u00edas, aunque hay quien dice que hab\u00eda iniciado la d\u00e9cima cuando muri\u00f3. La estructura de nueve puntos, o \u201cBederatzikoa\u201d, es una medida propia del bertsolarismo. Pernando Amezketarra,&#8230;<\/p>\n","protected":false},"author":1,"featured_media":38651,"comment_status":"open","ping_status":"closed","template":"","meta":{"_tribe_events_status":"","_tribe_events_status_reason":"","footnotes":""},"tags":[],"tribe_events_cat":[9405],"class_list":["post-38941","tribe_events","type-tribe_events","status-publish","has-post-thumbnail","hentry","tribe_events_cat-ayuntamiento","cat_ayuntamiento"],"yoast_head":"<!-- This site is optimized with the Yoast SEO plugin v27.3 - https:\/\/yoast.com\/product\/yoast-seo-wordpress\/ -->\n<title>Bertsoaroa 2022. \u2018Bederatzikoa\u2019. Piano y bertsos, con Andoni Ega\u00f1a y Xabier Lizaso. - La Gu\u00eda de Pamplona<\/title>\n<meta name=\"robots\" content=\"index, follow, max-snippet:-1, max-image-preview:large, max-video-preview:-1\" \/>\n<link rel=\"canonical\" href=\"https:\/\/www.laguiadepamplona.com\/actualidad\/evento\/bertsoaroa-2022-bederatzikoa-piano-y-bertsos-con-andoni-egana-y-xabier-lizaso\/\" \/>\n<meta property=\"og:locale\" content=\"es_ES\" \/>\n<meta property=\"og:type\" content=\"article\" \/>\n<meta property=\"og:title\" content=\"Bertsoaroa 2022. \u2018Bederatzikoa\u2019. Piano y bertsos, con Andoni Ega\u00f1a y Xabier Lizaso. - La Gu\u00eda de Pamplona\" \/>\n<meta property=\"og:description\" content=\"Beethoven compuso nueve sinfon\u00edas, aunque hay quien dice que hab\u00eda iniciado la d\u00e9cima cuando muri\u00f3. La estructura de nueve puntos, o \u201cBederatzikoa\u201d, es una medida propia del bertsolarismo. Pernando Amezketarra,...\" \/>\n<meta property=\"og:url\" content=\"https:\/\/www.laguiadepamplona.com\/actualidad\/evento\/bertsoaroa-2022-bederatzikoa-piano-y-bertsos-con-andoni-egana-y-xabier-lizaso\/\" \/>\n<meta property=\"og:site_name\" content=\"La Gu\u00eda de Pamplona\" \/>\n<meta property=\"article:publisher\" content=\"https:\/\/www.facebook.com\/laguiadepamplonacom-133175176762273\/?ref=hl\" \/>\n<meta property=\"og:image\" content=\"https:\/\/www.laguiadepamplona.com\/actualidad\/wp-content\/uploads\/2022\/02\/BERTSOAROA-2022.-Irudia-870x480-1.jpg\" \/>\n\t<meta property=\"og:image:width\" content=\"870\" \/>\n\t<meta property=\"og:image:height\" content=\"480\" \/>\n\t<meta property=\"og:image:type\" content=\"image\/jpeg\" \/>\n<meta name=\"twitter:card\" content=\"summary_large_image\" \/>\n<meta name=\"twitter:site\" content=\"@LaGuiadPamplona\" \/>\n<meta name=\"twitter:label1\" content=\"Tiempo de lectura\" \/>\n\t<meta name=\"twitter:data1\" content=\"1 minuto\" \/>\n<script type=\"application\/ld+json\" class=\"yoast-schema-graph\">{\"@context\":\"https:\\\/\\\/schema.org\",\"@graph\":[{\"@type\":\"WebPage\",\"@id\":\"https:\\\/\\\/www.laguiadepamplona.com\\\/actualidad\\\/evento\\\/bertsoaroa-2022-bederatzikoa-piano-y-bertsos-con-andoni-egana-y-xabier-lizaso\\\/\",\"url\":\"https:\\\/\\\/www.laguiadepamplona.com\\\/actualidad\\\/evento\\\/bertsoaroa-2022-bederatzikoa-piano-y-bertsos-con-andoni-egana-y-xabier-lizaso\\\/\",\"name\":\"Bertsoaroa 2022. \u2018Bederatzikoa\u2019. Piano y bertsos, con Andoni Ega\u00f1a y Xabier Lizaso. - La Gu\u00eda de Pamplona\",\"isPartOf\":{\"@id\":\"https:\\\/\\\/www.laguiadepamplona.com\\\/actualidad\\\/#website\"},\"primaryImageOfPage\":{\"@id\":\"https:\\\/\\\/www.laguiadepamplona.com\\\/actualidad\\\/evento\\\/bertsoaroa-2022-bederatzikoa-piano-y-bertsos-con-andoni-egana-y-xabier-lizaso\\\/#primaryimage\"},\"image\":{\"@id\":\"https:\\\/\\\/www.laguiadepamplona.com\\\/actualidad\\\/evento\\\/bertsoaroa-2022-bederatzikoa-piano-y-bertsos-con-andoni-egana-y-xabier-lizaso\\\/#primaryimage\"},\"thumbnailUrl\":\"https:\\\/\\\/www.laguiadepamplona.com\\\/actualidad\\\/wp-content\\\/uploads\\\/2022\\\/02\\\/BERTSOAROA-2022.-Irudia-870x480-1.jpg\",\"datePublished\":\"2022-02-22T15:52:57+00:00\",\"breadcrumb\":{\"@id\":\"https:\\\/\\\/www.laguiadepamplona.com\\\/actualidad\\\/evento\\\/bertsoaroa-2022-bederatzikoa-piano-y-bertsos-con-andoni-egana-y-xabier-lizaso\\\/#breadcrumb\"},\"inLanguage\":\"es\",\"potentialAction\":[{\"@type\":\"ReadAction\",\"target\":[\"https:\\\/\\\/www.laguiadepamplona.com\\\/actualidad\\\/evento\\\/bertsoaroa-2022-bederatzikoa-piano-y-bertsos-con-andoni-egana-y-xabier-lizaso\\\/\"]}]},{\"@type\":\"ImageObject\",\"inLanguage\":\"es\",\"@id\":\"https:\\\/\\\/www.laguiadepamplona.com\\\/actualidad\\\/evento\\\/bertsoaroa-2022-bederatzikoa-piano-y-bertsos-con-andoni-egana-y-xabier-lizaso\\\/#primaryimage\",\"url\":\"https:\\\/\\\/www.laguiadepamplona.com\\\/actualidad\\\/wp-content\\\/uploads\\\/2022\\\/02\\\/BERTSOAROA-2022.-Irudia-870x480-1.jpg\",\"contentUrl\":\"https:\\\/\\\/www.laguiadepamplona.com\\\/actualidad\\\/wp-content\\\/uploads\\\/2022\\\/02\\\/BERTSOAROA-2022.-Irudia-870x480-1.jpg\",\"width\":870,\"height\":480},{\"@type\":\"BreadcrumbList\",\"@id\":\"https:\\\/\\\/www.laguiadepamplona.com\\\/actualidad\\\/evento\\\/bertsoaroa-2022-bederatzikoa-piano-y-bertsos-con-andoni-egana-y-xabier-lizaso\\\/#breadcrumb\",\"itemListElement\":[{\"@type\":\"ListItem\",\"position\":1,\"name\":\"Portada\",\"item\":\"https:\\\/\\\/www.laguiadepamplona.com\\\/actualidad\\\/\"},{\"@type\":\"ListItem\",\"position\":2,\"name\":\"Eventos\",\"item\":\"https:\\\/\\\/www.laguiadepamplona.com\\\/actualidad\\\/eventos\\\/\"},{\"@type\":\"ListItem\",\"position\":3,\"name\":\"Bertsoaroa 2022. \u2018Bederatzikoa\u2019. Piano y bertsos, con Andoni Ega\u00f1a y Xabier Lizaso.\"}]},{\"@type\":\"WebSite\",\"@id\":\"https:\\\/\\\/www.laguiadepamplona.com\\\/actualidad\\\/#website\",\"url\":\"https:\\\/\\\/www.laguiadepamplona.com\\\/actualidad\\\/\",\"name\":\"La gu\u00eda de Pamplona\",\"description\":\"Noticias de Pamplona\",\"publisher\":{\"@id\":\"https:\\\/\\\/www.laguiadepamplona.com\\\/actualidad\\\/#organization\"},\"potentialAction\":[{\"@type\":\"SearchAction\",\"target\":{\"@type\":\"EntryPoint\",\"urlTemplate\":\"https:\\\/\\\/www.laguiadepamplona.com\\\/actualidad\\\/?s={search_term_string}\"},\"query-input\":{\"@type\":\"PropertyValueSpecification\",\"valueRequired\":true,\"valueName\":\"search_term_string\"}}],\"inLanguage\":\"es\"},{\"@type\":\"Organization\",\"@id\":\"https:\\\/\\\/www.laguiadepamplona.com\\\/actualidad\\\/#organization\",\"name\":\"La Gu\u00eda de Pamplona \\\/ Noticias\",\"url\":\"https:\\\/\\\/www.laguiadepamplona.com\\\/actualidad\\\/\",\"logo\":{\"@type\":\"ImageObject\",\"inLanguage\":\"es\",\"@id\":\"https:\\\/\\\/www.laguiadepamplona.com\\\/actualidad\\\/#\\\/schema\\\/logo\\\/image\\\/\",\"url\":\"https:\\\/\\\/www.laguiadepamplona.com\\\/actualidad\\\/wp-content\\\/uploads\\\/2018\\\/11\\\/logo-laguiadepamplona18-web1.png\",\"contentUrl\":\"https:\\\/\\\/www.laguiadepamplona.com\\\/actualidad\\\/wp-content\\\/uploads\\\/2018\\\/11\\\/logo-laguiadepamplona18-web1.png\",\"width\":600,\"height\":196,\"caption\":\"La Gu\u00eda de Pamplona \\\/ Noticias\"},\"image\":{\"@id\":\"https:\\\/\\\/www.laguiadepamplona.com\\\/actualidad\\\/#\\\/schema\\\/logo\\\/image\\\/\"},\"sameAs\":[\"https:\\\/\\\/www.facebook.com\\\/laguiadepamplonacom-133175176762273\\\/?ref=hl\",\"https:\\\/\\\/x.com\\\/LaGuiadPamplona\",\"https:\\\/\\\/www.instagram.com\\\/la_guia_de_pamplona\\\/\",\"https:\\\/\\\/www.youtube.com\\\/user\\\/laguiadepamplona\"]}]}<\/script>\n<!-- \/ Yoast SEO plugin. -->","yoast_head_json":{"title":"Bertsoaroa 2022. \u2018Bederatzikoa\u2019. Piano y bertsos, con Andoni Ega\u00f1a y Xabier Lizaso. - La Gu\u00eda de Pamplona","robots":{"index":"index","follow":"follow","max-snippet":"max-snippet:-1","max-image-preview":"max-image-preview:large","max-video-preview":"max-video-preview:-1"},"canonical":"https:\/\/www.laguiadepamplona.com\/actualidad\/evento\/bertsoaroa-2022-bederatzikoa-piano-y-bertsos-con-andoni-egana-y-xabier-lizaso\/","og_locale":"es_ES","og_type":"article","og_title":"Bertsoaroa 2022. \u2018Bederatzikoa\u2019. Piano y bertsos, con Andoni Ega\u00f1a y Xabier Lizaso. - La Gu\u00eda de Pamplona","og_description":"Beethoven compuso nueve sinfon\u00edas, aunque hay quien dice que hab\u00eda iniciado la d\u00e9cima cuando muri\u00f3. La estructura de nueve puntos, o \u201cBederatzikoa\u201d, es una medida propia del bertsolarismo. Pernando Amezketarra,...","og_url":"https:\/\/www.laguiadepamplona.com\/actualidad\/evento\/bertsoaroa-2022-bederatzikoa-piano-y-bertsos-con-andoni-egana-y-xabier-lizaso\/","og_site_name":"La Gu\u00eda de Pamplona","article_publisher":"https:\/\/www.facebook.com\/laguiadepamplonacom-133175176762273\/?ref=hl","og_image":[{"width":870,"height":480,"url":"https:\/\/www.laguiadepamplona.com\/actualidad\/wp-content\/uploads\/2022\/02\/BERTSOAROA-2022.-Irudia-870x480-1.jpg","type":"image\/jpeg"}],"twitter_card":"summary_large_image","twitter_site":"@LaGuiadPamplona","twitter_misc":{"Tiempo de lectura":"1 minuto"},"schema":{"@context":"https:\/\/schema.org","@graph":[{"@type":"WebPage","@id":"https:\/\/www.laguiadepamplona.com\/actualidad\/evento\/bertsoaroa-2022-bederatzikoa-piano-y-bertsos-con-andoni-egana-y-xabier-lizaso\/","url":"https:\/\/www.laguiadepamplona.com\/actualidad\/evento\/bertsoaroa-2022-bederatzikoa-piano-y-bertsos-con-andoni-egana-y-xabier-lizaso\/","name":"Bertsoaroa 2022. \u2018Bederatzikoa\u2019. Piano y bertsos, con Andoni Ega\u00f1a y Xabier Lizaso. - La Gu\u00eda de Pamplona","isPartOf":{"@id":"https:\/\/www.laguiadepamplona.com\/actualidad\/#website"},"primaryImageOfPage":{"@id":"https:\/\/www.laguiadepamplona.com\/actualidad\/evento\/bertsoaroa-2022-bederatzikoa-piano-y-bertsos-con-andoni-egana-y-xabier-lizaso\/#primaryimage"},"image":{"@id":"https:\/\/www.laguiadepamplona.com\/actualidad\/evento\/bertsoaroa-2022-bederatzikoa-piano-y-bertsos-con-andoni-egana-y-xabier-lizaso\/#primaryimage"},"thumbnailUrl":"https:\/\/www.laguiadepamplona.com\/actualidad\/wp-content\/uploads\/2022\/02\/BERTSOAROA-2022.-Irudia-870x480-1.jpg","datePublished":"2022-02-22T15:52:57+00:00","breadcrumb":{"@id":"https:\/\/www.laguiadepamplona.com\/actualidad\/evento\/bertsoaroa-2022-bederatzikoa-piano-y-bertsos-con-andoni-egana-y-xabier-lizaso\/#breadcrumb"},"inLanguage":"es","potentialAction":[{"@type":"ReadAction","target":["https:\/\/www.laguiadepamplona.com\/actualidad\/evento\/bertsoaroa-2022-bederatzikoa-piano-y-bertsos-con-andoni-egana-y-xabier-lizaso\/"]}]},{"@type":"ImageObject","inLanguage":"es","@id":"https:\/\/www.laguiadepamplona.com\/actualidad\/evento\/bertsoaroa-2022-bederatzikoa-piano-y-bertsos-con-andoni-egana-y-xabier-lizaso\/#primaryimage","url":"https:\/\/www.laguiadepamplona.com\/actualidad\/wp-content\/uploads\/2022\/02\/BERTSOAROA-2022.-Irudia-870x480-1.jpg","contentUrl":"https:\/\/www.laguiadepamplona.com\/actualidad\/wp-content\/uploads\/2022\/02\/BERTSOAROA-2022.-Irudia-870x480-1.jpg","width":870,"height":480},{"@type":"BreadcrumbList","@id":"https:\/\/www.laguiadepamplona.com\/actualidad\/evento\/bertsoaroa-2022-bederatzikoa-piano-y-bertsos-con-andoni-egana-y-xabier-lizaso\/#breadcrumb","itemListElement":[{"@type":"ListItem","position":1,"name":"Portada","item":"https:\/\/www.laguiadepamplona.com\/actualidad\/"},{"@type":"ListItem","position":2,"name":"Eventos","item":"https:\/\/www.laguiadepamplona.com\/actualidad\/eventos\/"},{"@type":"ListItem","position":3,"name":"Bertsoaroa 2022. \u2018Bederatzikoa\u2019. Piano y bertsos, con Andoni Ega\u00f1a y Xabier Lizaso."}]},{"@type":"WebSite","@id":"https:\/\/www.laguiadepamplona.com\/actualidad\/#website","url":"https:\/\/www.laguiadepamplona.com\/actualidad\/","name":"La gu\u00eda de Pamplona","description":"Noticias de Pamplona","publisher":{"@id":"https:\/\/www.laguiadepamplona.com\/actualidad\/#organization"},"potentialAction":[{"@type":"SearchAction","target":{"@type":"EntryPoint","urlTemplate":"https:\/\/www.laguiadepamplona.com\/actualidad\/?s={search_term_string}"},"query-input":{"@type":"PropertyValueSpecification","valueRequired":true,"valueName":"search_term_string"}}],"inLanguage":"es"},{"@type":"Organization","@id":"https:\/\/www.laguiadepamplona.com\/actualidad\/#organization","name":"La Gu\u00eda de Pamplona \/ Noticias","url":"https:\/\/www.laguiadepamplona.com\/actualidad\/","logo":{"@type":"ImageObject","inLanguage":"es","@id":"https:\/\/www.laguiadepamplona.com\/actualidad\/#\/schema\/logo\/image\/","url":"https:\/\/www.laguiadepamplona.com\/actualidad\/wp-content\/uploads\/2018\/11\/logo-laguiadepamplona18-web1.png","contentUrl":"https:\/\/www.laguiadepamplona.com\/actualidad\/wp-content\/uploads\/2018\/11\/logo-laguiadepamplona18-web1.png","width":600,"height":196,"caption":"La Gu\u00eda de Pamplona \/ Noticias"},"image":{"@id":"https:\/\/www.laguiadepamplona.com\/actualidad\/#\/schema\/logo\/image\/"},"sameAs":["https:\/\/www.facebook.com\/laguiadepamplonacom-133175176762273\/?ref=hl","https:\/\/x.com\/LaGuiadPamplona","https:\/\/www.instagram.com\/la_guia_de_pamplona\/","https:\/\/www.youtube.com\/user\/laguiadepamplona"]}]}},"post_mailing_queue_ids":[],"_links":{"self":[{"href":"https:\/\/www.laguiadepamplona.com\/actualidad\/wp-json\/wp\/v2\/tribe_events\/38941","targetHints":{"allow":["GET"]}}],"collection":[{"href":"https:\/\/www.laguiadepamplona.com\/actualidad\/wp-json\/wp\/v2\/tribe_events"}],"about":[{"href":"https:\/\/www.laguiadepamplona.com\/actualidad\/wp-json\/wp\/v2\/types\/tribe_events"}],"author":[{"embeddable":true,"href":"https:\/\/www.laguiadepamplona.com\/actualidad\/wp-json\/wp\/v2\/users\/1"}],"replies":[{"embeddable":true,"href":"https:\/\/www.laguiadepamplona.com\/actualidad\/wp-json\/wp\/v2\/comments?post=38941"}],"version-history":[{"count":0,"href":"https:\/\/www.laguiadepamplona.com\/actualidad\/wp-json\/wp\/v2\/tribe_events\/38941\/revisions"}],"wp:featuredmedia":[{"embeddable":true,"href":"https:\/\/www.laguiadepamplona.com\/actualidad\/wp-json\/wp\/v2\/media\/38651"}],"wp:attachment":[{"href":"https:\/\/www.laguiadepamplona.com\/actualidad\/wp-json\/wp\/v2\/media?parent=38941"}],"wp:term":[{"taxonomy":"post_tag","embeddable":true,"href":"https:\/\/www.laguiadepamplona.com\/actualidad\/wp-json\/wp\/v2\/tags?post=38941"},{"taxonomy":"tribe_events_cat","embeddable":true,"href":"https:\/\/www.laguiadepamplona.com\/actualidad\/wp-json\/wp\/v2\/tribe_events_cat?post=38941"}],"curies":[{"name":"wp","href":"https:\/\/api.w.org\/{rel}","templated":true}]}}