{"id":36892,"date":"2021-10-07T16:36:13","date_gmt":"2021-10-07T14:36:13","guid":{"rendered":"https:\/\/www.laguiadepamplona.com\/actualidad\/?post_type=tribe_events&#038;p=36892"},"modified":"2021-10-07T16:36:13","modified_gmt":"2021-10-07T14:36:13","slug":"cinetag-proyeccion-cinematografica-pequena-miss-sunshine-de-valerie-faris-y-jonathan-dayton","status":"publish","type":"tribe_events","link":"https:\/\/www.laguiadepamplona.com\/actualidad\/evento\/cinetag-proyeccion-cinematografica-pequena-miss-sunshine-de-valerie-faris-y-jonathan-dayton\/","title":{"rendered":"Cinetag. Proyecci\u00f3n cinematogr\u00e1fica. \u2018Peque\u00f1a Miss Sunshine\u2019, de Valerie Faris y Jonathan Dayton."},"content":{"rendered":"<p>Los Hoover son una familia muy peculiar: el abuelo esnifa coca\u00edna y suelta palabrotas, el padre fracasa estrepitosamente dando cursos para alcanzar el \u00e9xito, la madre no da abasto, el t\u00edo se est\u00e1 recuperando de un suicidio frustrado tras ser abandonado por su novio, el hijo adolescente lee a Nietzsche y guarda un mutismo absoluto. Y Olive, la hija peque\u00f1a, una ni\u00f1a gafotas y m\u00e1s bien gordita, quiere ser una reina de la belleza. Cuando, gracias a un golpe de suerte, la invitan a participar en el concurso de &#8216;Peque\u00f1a Miss Sunshine&#8217; en California, la acompa\u00f1a toda la familia.\u00a0 Presentar\u00e1 la pel\u00edcula, y moderar\u00e1 el posterior coloquio, la periodista Francis Mauch. Se abordar\u00e1n temas como las familias desestructuradas, los estereotipos o el empoderamiento.<\/p>\n<p>&nbsp;<br \/>\n<script async src=\"\/\/pagead2.googlesyndication.com\/pagead\/js\/adsbygoogle.js\"><\/script><br \/>\n<!-- Noticias La Guia de Pamplona --><br \/>\n<ins class=\"adsbygoogle\"\nstyle=\"display:block\"\ndata-ad-client=\"ca-pub-6943679897239327\"\ndata-ad-slot=\"7048180777\"\ndata-ad-format=\"auto\"><\/ins><br \/>\n<script>\n(adsbygoogle = window.adsbygoogle || []).push({});\n<\/script><\/p>\n<p>Casa de la Juventud, 18 horas. Entrada libre, previa retirada de invitaciones a partir del d\u00eda anterior<\/p>\n","protected":false},"excerpt":{"rendered":"<p>Los Hoover son una familia muy peculiar: el abuelo esnifa coca\u00edna y suelta palabrotas, el padre fracasa estrepitosamente dando cursos para alcanzar el \u00e9xito, la madre no da abasto, el&#8230;<\/p>\n","protected":false},"author":1,"featured_media":25831,"comment_status":"open","ping_status":"closed","template":"","meta":{"_tribe_events_status":"","_tribe_events_status_reason":"","footnotes":""},"tags":[],"tribe_events_cat":[9405],"class_list":["post-36892","tribe_events","type-tribe_events","status-publish","has-post-thumbnail","hentry","tribe_events_cat-ayuntamiento","cat_ayuntamiento"],"yoast_head":"<!-- This site is optimized with the Yoast SEO plugin v27.3 - https:\/\/yoast.com\/product\/yoast-seo-wordpress\/ -->\n<title>Cinetag. Proyecci\u00f3n cinematogr\u00e1fica. \u2018Peque\u00f1a Miss Sunshine\u2019, de Valerie Faris y Jonathan Dayton. - La Gu\u00eda de Pamplona<\/title>\n<meta name=\"robots\" content=\"index, follow, max-snippet:-1, max-image-preview:large, max-video-preview:-1\" \/>\n<link rel=\"canonical\" href=\"https:\/\/www.laguiadepamplona.com\/actualidad\/evento\/cinetag-proyeccion-cinematografica-pequena-miss-sunshine-de-valerie-faris-y-jonathan-dayton\/\" \/>\n<meta property=\"og:locale\" content=\"es_ES\" \/>\n<meta property=\"og:type\" content=\"article\" \/>\n<meta property=\"og:title\" content=\"Cinetag. Proyecci\u00f3n cinematogr\u00e1fica. \u2018Peque\u00f1a Miss Sunshine\u2019, de Valerie Faris y Jonathan Dayton. - La Gu\u00eda de Pamplona\" \/>\n<meta property=\"og:description\" content=\"Los Hoover son una familia muy peculiar: el abuelo esnifa coca\u00edna y suelta palabrotas, el padre fracasa estrepitosamente dando cursos para alcanzar el \u00e9xito, la madre no da abasto, el...\" \/>\n<meta property=\"og:url\" content=\"https:\/\/www.laguiadepamplona.com\/actualidad\/evento\/cinetag-proyeccion-cinematografica-pequena-miss-sunshine-de-valerie-faris-y-jonathan-dayton\/\" \/>\n<meta property=\"og:site_name\" content=\"La Gu\u00eda de Pamplona\" \/>\n<meta property=\"article:publisher\" content=\"https:\/\/www.facebook.com\/laguiadepamplonacom-133175176762273\/?ref=hl\" \/>\n<meta property=\"og:image\" content=\"https:\/\/www.laguiadepamplona.com\/actualidad\/wp-content\/uploads\/2019\/10\/pequena_miss_sunshine_-_little_miss_sunshine.jpg\" \/>\n\t<meta property=\"og:image:width\" content=\"1600\" \/>\n\t<meta property=\"og:image:height\" content=\"1295\" \/>\n\t<meta property=\"og:image:type\" content=\"image\/jpeg\" \/>\n<meta name=\"twitter:card\" content=\"summary_large_image\" \/>\n<meta name=\"twitter:site\" content=\"@LaGuiadPamplona\" \/>\n<meta name=\"twitter:label1\" content=\"Tiempo de lectura\" \/>\n\t<meta name=\"twitter:data1\" content=\"1 minuto\" \/>\n<script type=\"application\/ld+json\" class=\"yoast-schema-graph\">{\"@context\":\"https:\\\/\\\/schema.org\",\"@graph\":[{\"@type\":\"WebPage\",\"@id\":\"https:\\\/\\\/www.laguiadepamplona.com\\\/actualidad\\\/evento\\\/cinetag-proyeccion-cinematografica-pequena-miss-sunshine-de-valerie-faris-y-jonathan-dayton\\\/\",\"url\":\"https:\\\/\\\/www.laguiadepamplona.com\\\/actualidad\\\/evento\\\/cinetag-proyeccion-cinematografica-pequena-miss-sunshine-de-valerie-faris-y-jonathan-dayton\\\/\",\"name\":\"Cinetag. Proyecci\u00f3n cinematogr\u00e1fica. \u2018Peque\u00f1a Miss Sunshine\u2019, de Valerie Faris y Jonathan Dayton. - La Gu\u00eda de Pamplona\",\"isPartOf\":{\"@id\":\"https:\\\/\\\/www.laguiadepamplona.com\\\/actualidad\\\/#website\"},\"primaryImageOfPage\":{\"@id\":\"https:\\\/\\\/www.laguiadepamplona.com\\\/actualidad\\\/evento\\\/cinetag-proyeccion-cinematografica-pequena-miss-sunshine-de-valerie-faris-y-jonathan-dayton\\\/#primaryimage\"},\"image\":{\"@id\":\"https:\\\/\\\/www.laguiadepamplona.com\\\/actualidad\\\/evento\\\/cinetag-proyeccion-cinematografica-pequena-miss-sunshine-de-valerie-faris-y-jonathan-dayton\\\/#primaryimage\"},\"thumbnailUrl\":\"https:\\\/\\\/www.laguiadepamplona.com\\\/actualidad\\\/wp-content\\\/uploads\\\/2019\\\/10\\\/pequena_miss_sunshine_-_little_miss_sunshine.jpg\",\"datePublished\":\"2021-10-07T14:36:13+00:00\",\"breadcrumb\":{\"@id\":\"https:\\\/\\\/www.laguiadepamplona.com\\\/actualidad\\\/evento\\\/cinetag-proyeccion-cinematografica-pequena-miss-sunshine-de-valerie-faris-y-jonathan-dayton\\\/#breadcrumb\"},\"inLanguage\":\"es\",\"potentialAction\":[{\"@type\":\"ReadAction\",\"target\":[\"https:\\\/\\\/www.laguiadepamplona.com\\\/actualidad\\\/evento\\\/cinetag-proyeccion-cinematografica-pequena-miss-sunshine-de-valerie-faris-y-jonathan-dayton\\\/\"]}]},{\"@type\":\"ImageObject\",\"inLanguage\":\"es\",\"@id\":\"https:\\\/\\\/www.laguiadepamplona.com\\\/actualidad\\\/evento\\\/cinetag-proyeccion-cinematografica-pequena-miss-sunshine-de-valerie-faris-y-jonathan-dayton\\\/#primaryimage\",\"url\":\"https:\\\/\\\/www.laguiadepamplona.com\\\/actualidad\\\/wp-content\\\/uploads\\\/2019\\\/10\\\/pequena_miss_sunshine_-_little_miss_sunshine.jpg\",\"contentUrl\":\"https:\\\/\\\/www.laguiadepamplona.com\\\/actualidad\\\/wp-content\\\/uploads\\\/2019\\\/10\\\/pequena_miss_sunshine_-_little_miss_sunshine.jpg\",\"width\":1600,\"height\":1295},{\"@type\":\"BreadcrumbList\",\"@id\":\"https:\\\/\\\/www.laguiadepamplona.com\\\/actualidad\\\/evento\\\/cinetag-proyeccion-cinematografica-pequena-miss-sunshine-de-valerie-faris-y-jonathan-dayton\\\/#breadcrumb\",\"itemListElement\":[{\"@type\":\"ListItem\",\"position\":1,\"name\":\"Portada\",\"item\":\"https:\\\/\\\/www.laguiadepamplona.com\\\/actualidad\\\/\"},{\"@type\":\"ListItem\",\"position\":2,\"name\":\"Eventos\",\"item\":\"https:\\\/\\\/www.laguiadepamplona.com\\\/actualidad\\\/eventos\\\/\"},{\"@type\":\"ListItem\",\"position\":3,\"name\":\"Cinetag. Proyecci\u00f3n cinematogr\u00e1fica. \u2018Peque\u00f1a Miss Sunshine\u2019, de Valerie Faris y Jonathan Dayton.\"}]},{\"@type\":\"WebSite\",\"@id\":\"https:\\\/\\\/www.laguiadepamplona.com\\\/actualidad\\\/#website\",\"url\":\"https:\\\/\\\/www.laguiadepamplona.com\\\/actualidad\\\/\",\"name\":\"La gu\u00eda de Pamplona\",\"description\":\"Noticias de Pamplona\",\"publisher\":{\"@id\":\"https:\\\/\\\/www.laguiadepamplona.com\\\/actualidad\\\/#organization\"},\"potentialAction\":[{\"@type\":\"SearchAction\",\"target\":{\"@type\":\"EntryPoint\",\"urlTemplate\":\"https:\\\/\\\/www.laguiadepamplona.com\\\/actualidad\\\/?s={search_term_string}\"},\"query-input\":{\"@type\":\"PropertyValueSpecification\",\"valueRequired\":true,\"valueName\":\"search_term_string\"}}],\"inLanguage\":\"es\"},{\"@type\":\"Organization\",\"@id\":\"https:\\\/\\\/www.laguiadepamplona.com\\\/actualidad\\\/#organization\",\"name\":\"La Gu\u00eda de Pamplona \\\/ Noticias\",\"url\":\"https:\\\/\\\/www.laguiadepamplona.com\\\/actualidad\\\/\",\"logo\":{\"@type\":\"ImageObject\",\"inLanguage\":\"es\",\"@id\":\"https:\\\/\\\/www.laguiadepamplona.com\\\/actualidad\\\/#\\\/schema\\\/logo\\\/image\\\/\",\"url\":\"https:\\\/\\\/www.laguiadepamplona.com\\\/actualidad\\\/wp-content\\\/uploads\\\/2018\\\/11\\\/logo-laguiadepamplona18-web1.png\",\"contentUrl\":\"https:\\\/\\\/www.laguiadepamplona.com\\\/actualidad\\\/wp-content\\\/uploads\\\/2018\\\/11\\\/logo-laguiadepamplona18-web1.png\",\"width\":600,\"height\":196,\"caption\":\"La Gu\u00eda de Pamplona \\\/ Noticias\"},\"image\":{\"@id\":\"https:\\\/\\\/www.laguiadepamplona.com\\\/actualidad\\\/#\\\/schema\\\/logo\\\/image\\\/\"},\"sameAs\":[\"https:\\\/\\\/www.facebook.com\\\/laguiadepamplonacom-133175176762273\\\/?ref=hl\",\"https:\\\/\\\/x.com\\\/LaGuiadPamplona\",\"https:\\\/\\\/www.instagram.com\\\/la_guia_de_pamplona\\\/\",\"https:\\\/\\\/www.youtube.com\\\/user\\\/laguiadepamplona\"]}]}<\/script>\n<!-- \/ Yoast SEO plugin. -->","yoast_head_json":{"title":"Cinetag. Proyecci\u00f3n cinematogr\u00e1fica. \u2018Peque\u00f1a Miss Sunshine\u2019, de Valerie Faris y Jonathan Dayton. - La Gu\u00eda de Pamplona","robots":{"index":"index","follow":"follow","max-snippet":"max-snippet:-1","max-image-preview":"max-image-preview:large","max-video-preview":"max-video-preview:-1"},"canonical":"https:\/\/www.laguiadepamplona.com\/actualidad\/evento\/cinetag-proyeccion-cinematografica-pequena-miss-sunshine-de-valerie-faris-y-jonathan-dayton\/","og_locale":"es_ES","og_type":"article","og_title":"Cinetag. Proyecci\u00f3n cinematogr\u00e1fica. \u2018Peque\u00f1a Miss Sunshine\u2019, de Valerie Faris y Jonathan Dayton. - La Gu\u00eda de Pamplona","og_description":"Los Hoover son una familia muy peculiar: el abuelo esnifa coca\u00edna y suelta palabrotas, el padre fracasa estrepitosamente dando cursos para alcanzar el \u00e9xito, la madre no da abasto, el...","og_url":"https:\/\/www.laguiadepamplona.com\/actualidad\/evento\/cinetag-proyeccion-cinematografica-pequena-miss-sunshine-de-valerie-faris-y-jonathan-dayton\/","og_site_name":"La Gu\u00eda de Pamplona","article_publisher":"https:\/\/www.facebook.com\/laguiadepamplonacom-133175176762273\/?ref=hl","og_image":[{"width":1600,"height":1295,"url":"https:\/\/www.laguiadepamplona.com\/actualidad\/wp-content\/uploads\/2019\/10\/pequena_miss_sunshine_-_little_miss_sunshine.jpg","type":"image\/jpeg"}],"twitter_card":"summary_large_image","twitter_site":"@LaGuiadPamplona","twitter_misc":{"Tiempo de lectura":"1 minuto"},"schema":{"@context":"https:\/\/schema.org","@graph":[{"@type":"WebPage","@id":"https:\/\/www.laguiadepamplona.com\/actualidad\/evento\/cinetag-proyeccion-cinematografica-pequena-miss-sunshine-de-valerie-faris-y-jonathan-dayton\/","url":"https:\/\/www.laguiadepamplona.com\/actualidad\/evento\/cinetag-proyeccion-cinematografica-pequena-miss-sunshine-de-valerie-faris-y-jonathan-dayton\/","name":"Cinetag. Proyecci\u00f3n cinematogr\u00e1fica. \u2018Peque\u00f1a Miss Sunshine\u2019, de Valerie Faris y Jonathan Dayton. - La Gu\u00eda de Pamplona","isPartOf":{"@id":"https:\/\/www.laguiadepamplona.com\/actualidad\/#website"},"primaryImageOfPage":{"@id":"https:\/\/www.laguiadepamplona.com\/actualidad\/evento\/cinetag-proyeccion-cinematografica-pequena-miss-sunshine-de-valerie-faris-y-jonathan-dayton\/#primaryimage"},"image":{"@id":"https:\/\/www.laguiadepamplona.com\/actualidad\/evento\/cinetag-proyeccion-cinematografica-pequena-miss-sunshine-de-valerie-faris-y-jonathan-dayton\/#primaryimage"},"thumbnailUrl":"https:\/\/www.laguiadepamplona.com\/actualidad\/wp-content\/uploads\/2019\/10\/pequena_miss_sunshine_-_little_miss_sunshine.jpg","datePublished":"2021-10-07T14:36:13+00:00","breadcrumb":{"@id":"https:\/\/www.laguiadepamplona.com\/actualidad\/evento\/cinetag-proyeccion-cinematografica-pequena-miss-sunshine-de-valerie-faris-y-jonathan-dayton\/#breadcrumb"},"inLanguage":"es","potentialAction":[{"@type":"ReadAction","target":["https:\/\/www.laguiadepamplona.com\/actualidad\/evento\/cinetag-proyeccion-cinematografica-pequena-miss-sunshine-de-valerie-faris-y-jonathan-dayton\/"]}]},{"@type":"ImageObject","inLanguage":"es","@id":"https:\/\/www.laguiadepamplona.com\/actualidad\/evento\/cinetag-proyeccion-cinematografica-pequena-miss-sunshine-de-valerie-faris-y-jonathan-dayton\/#primaryimage","url":"https:\/\/www.laguiadepamplona.com\/actualidad\/wp-content\/uploads\/2019\/10\/pequena_miss_sunshine_-_little_miss_sunshine.jpg","contentUrl":"https:\/\/www.laguiadepamplona.com\/actualidad\/wp-content\/uploads\/2019\/10\/pequena_miss_sunshine_-_little_miss_sunshine.jpg","width":1600,"height":1295},{"@type":"BreadcrumbList","@id":"https:\/\/www.laguiadepamplona.com\/actualidad\/evento\/cinetag-proyeccion-cinematografica-pequena-miss-sunshine-de-valerie-faris-y-jonathan-dayton\/#breadcrumb","itemListElement":[{"@type":"ListItem","position":1,"name":"Portada","item":"https:\/\/www.laguiadepamplona.com\/actualidad\/"},{"@type":"ListItem","position":2,"name":"Eventos","item":"https:\/\/www.laguiadepamplona.com\/actualidad\/eventos\/"},{"@type":"ListItem","position":3,"name":"Cinetag. Proyecci\u00f3n cinematogr\u00e1fica. \u2018Peque\u00f1a Miss Sunshine\u2019, de Valerie Faris y Jonathan Dayton."}]},{"@type":"WebSite","@id":"https:\/\/www.laguiadepamplona.com\/actualidad\/#website","url":"https:\/\/www.laguiadepamplona.com\/actualidad\/","name":"La gu\u00eda de Pamplona","description":"Noticias de Pamplona","publisher":{"@id":"https:\/\/www.laguiadepamplona.com\/actualidad\/#organization"},"potentialAction":[{"@type":"SearchAction","target":{"@type":"EntryPoint","urlTemplate":"https:\/\/www.laguiadepamplona.com\/actualidad\/?s={search_term_string}"},"query-input":{"@type":"PropertyValueSpecification","valueRequired":true,"valueName":"search_term_string"}}],"inLanguage":"es"},{"@type":"Organization","@id":"https:\/\/www.laguiadepamplona.com\/actualidad\/#organization","name":"La Gu\u00eda de Pamplona \/ Noticias","url":"https:\/\/www.laguiadepamplona.com\/actualidad\/","logo":{"@type":"ImageObject","inLanguage":"es","@id":"https:\/\/www.laguiadepamplona.com\/actualidad\/#\/schema\/logo\/image\/","url":"https:\/\/www.laguiadepamplona.com\/actualidad\/wp-content\/uploads\/2018\/11\/logo-laguiadepamplona18-web1.png","contentUrl":"https:\/\/www.laguiadepamplona.com\/actualidad\/wp-content\/uploads\/2018\/11\/logo-laguiadepamplona18-web1.png","width":600,"height":196,"caption":"La Gu\u00eda de Pamplona \/ Noticias"},"image":{"@id":"https:\/\/www.laguiadepamplona.com\/actualidad\/#\/schema\/logo\/image\/"},"sameAs":["https:\/\/www.facebook.com\/laguiadepamplonacom-133175176762273\/?ref=hl","https:\/\/x.com\/LaGuiadPamplona","https:\/\/www.instagram.com\/la_guia_de_pamplona\/","https:\/\/www.youtube.com\/user\/laguiadepamplona"]}]}},"post_mailing_queue_ids":[],"_links":{"self":[{"href":"https:\/\/www.laguiadepamplona.com\/actualidad\/wp-json\/wp\/v2\/tribe_events\/36892","targetHints":{"allow":["GET"]}}],"collection":[{"href":"https:\/\/www.laguiadepamplona.com\/actualidad\/wp-json\/wp\/v2\/tribe_events"}],"about":[{"href":"https:\/\/www.laguiadepamplona.com\/actualidad\/wp-json\/wp\/v2\/types\/tribe_events"}],"author":[{"embeddable":true,"href":"https:\/\/www.laguiadepamplona.com\/actualidad\/wp-json\/wp\/v2\/users\/1"}],"replies":[{"embeddable":true,"href":"https:\/\/www.laguiadepamplona.com\/actualidad\/wp-json\/wp\/v2\/comments?post=36892"}],"version-history":[{"count":0,"href":"https:\/\/www.laguiadepamplona.com\/actualidad\/wp-json\/wp\/v2\/tribe_events\/36892\/revisions"}],"wp:featuredmedia":[{"embeddable":true,"href":"https:\/\/www.laguiadepamplona.com\/actualidad\/wp-json\/wp\/v2\/media\/25831"}],"wp:attachment":[{"href":"https:\/\/www.laguiadepamplona.com\/actualidad\/wp-json\/wp\/v2\/media?parent=36892"}],"wp:term":[{"taxonomy":"post_tag","embeddable":true,"href":"https:\/\/www.laguiadepamplona.com\/actualidad\/wp-json\/wp\/v2\/tags?post=36892"},{"taxonomy":"tribe_events_cat","embeddable":true,"href":"https:\/\/www.laguiadepamplona.com\/actualidad\/wp-json\/wp\/v2\/tribe_events_cat?post=36892"}],"curies":[{"name":"wp","href":"https:\/\/api.w.org\/{rel}","templated":true}]}}