{"id":33741,"date":"2021-03-15T16:53:58","date_gmt":"2021-03-15T14:53:58","guid":{"rendered":"https:\/\/www.laguiadepamplona.com\/actualidad\/?post_type=tribe_events&#038;p=33741"},"modified":"2021-03-15T16:54:15","modified_gmt":"2021-03-15T14:54:15","slug":"escuela-de-sostenibilidad-conferencia-y-que-hago-como-evitar-la-culpa-climatica-y-pasar-a-la-accion","status":"publish","type":"tribe_events","link":"https:\/\/www.laguiadepamplona.com\/actualidad\/evento\/escuela-de-sostenibilidad-conferencia-y-que-hago-como-evitar-la-culpa-climatica-y-pasar-a-la-accion\/","title":{"rendered":"Escuela de Sostenibilidad. Conferencia. \u00bfY qu\u00e9 hago? C\u00f3mo evitar la culpa clim\u00e1tica y pasar a la acci\u00f3n."},"content":{"rendered":"<p class=\"3Texto\">Esto del cambio clim\u00e1tico a veces abruma. Disponemos de mucha informaci\u00f3n y, en el mejor de los casos, queremos empezar a hacer algo y no sabemos por d\u00f3nde. En el libro \u2018Y ahora qu\u00e9 hago: c\u00f3mo evitar la culpa clim\u00e1tica y pasar a la acci\u00f3n\u2019, se abordan dilemas entre crecimiento y cambio clim\u00e1tico, responsabilidad individual y acci\u00f3n colectiva o cu\u00e1l es el mejor camino para lograr evitar el desastre. Sacarnos de la da\u00f1ina par\u00e1lisis porque se nos agota el tiempo para actuar. El ponente ser\u00e1 Andreu Escriv\u00e1, ambient\u00f3logo, investigador en ecolog\u00eda, escritor y divulgador.<\/p>\n<p><span style=\"font-size: 12.0pt;\">Actividad online, 19 horas. Inscripciones gratuitas en el tel\u00e9fono 010<\/span><\/p>\n<p>&nbsp;<br \/>\n<script async src=\"\/\/pagead2.googlesyndication.com\/pagead\/js\/adsbygoogle.js\"><\/script><br \/>\n<!-- Noticias La Guia de Pamplona --><br \/>\n<ins class=\"adsbygoogle\"\nstyle=\"display:block\"\ndata-ad-client=\"ca-pub-6943679897239327\"\ndata-ad-slot=\"7048180777\"\ndata-ad-format=\"auto\"><\/ins><br \/>\n<script>\n(adsbygoogle = window.adsbygoogle || []).push({});\n<\/script><\/p>\n","protected":false},"excerpt":{"rendered":"<p>Esto del cambio clim\u00e1tico a veces abruma. Disponemos de mucha informaci\u00f3n y, en el mejor de los casos, queremos empezar a hacer algo y no sabemos por d\u00f3nde. En el&#8230;<\/p>\n","protected":false},"author":1,"featured_media":33742,"comment_status":"open","ping_status":"closed","template":"","meta":{"_tribe_events_status":"","_tribe_events_status_reason":"","footnotes":""},"tags":[],"tribe_events_cat":[9405],"class_list":["post-33741","tribe_events","type-tribe_events","status-publish","has-post-thumbnail","hentry","tribe_events_cat-ayuntamiento","cat_ayuntamiento"],"yoast_head":"<!-- This site is optimized with the Yoast SEO plugin v27.5 - https:\/\/yoast.com\/product\/yoast-seo-wordpress\/ -->\n<title>Escuela de Sostenibilidad. Conferencia. \u00bfY qu\u00e9 hago? C\u00f3mo evitar la culpa clim\u00e1tica y pasar a la acci\u00f3n. - La Gu\u00eda de Pamplona<\/title>\n<meta name=\"robots\" content=\"index, follow, max-snippet:-1, max-image-preview:large, max-video-preview:-1\" \/>\n<link rel=\"canonical\" href=\"https:\/\/www.laguiadepamplona.com\/actualidad\/evento\/escuela-de-sostenibilidad-conferencia-y-que-hago-como-evitar-la-culpa-climatica-y-pasar-a-la-accion\/\" \/>\n<meta property=\"og:locale\" content=\"es_ES\" \/>\n<meta property=\"og:type\" content=\"article\" \/>\n<meta property=\"og:title\" content=\"Escuela de Sostenibilidad. Conferencia. \u00bfY qu\u00e9 hago? C\u00f3mo evitar la culpa clim\u00e1tica y pasar a la acci\u00f3n. - La Gu\u00eda de Pamplona\" \/>\n<meta property=\"og:description\" content=\"Esto del cambio clim\u00e1tico a veces abruma. Disponemos de mucha informaci\u00f3n y, en el mejor de los casos, queremos empezar a hacer algo y no sabemos por d\u00f3nde. En el...\" \/>\n<meta property=\"og:url\" content=\"https:\/\/www.laguiadepamplona.com\/actualidad\/evento\/escuela-de-sostenibilidad-conferencia-y-que-hago-como-evitar-la-culpa-climatica-y-pasar-a-la-accion\/\" \/>\n<meta property=\"og:site_name\" content=\"La Gu\u00eda de Pamplona\" \/>\n<meta property=\"article:publisher\" content=\"https:\/\/www.facebook.com\/laguiadepamplonacom-133175176762273\/?ref=hl\" \/>\n<meta property=\"article:modified_time\" content=\"2021-03-15T14:54:15+00:00\" \/>\n<meta property=\"og:image\" content=\"https:\/\/www.laguiadepamplona.com\/actualidad\/wp-content\/uploads\/2021\/03\/andreu-escriva-libro-1024x576-1.jpg\" \/>\n\t<meta property=\"og:image:width\" content=\"1024\" \/>\n\t<meta property=\"og:image:height\" content=\"576\" \/>\n\t<meta property=\"og:image:type\" content=\"image\/jpeg\" \/>\n<meta name=\"twitter:card\" content=\"summary_large_image\" \/>\n<meta name=\"twitter:site\" content=\"@LaGuiadPamplona\" \/>\n<meta name=\"twitter:label1\" content=\"Tiempo de lectura\" \/>\n\t<meta name=\"twitter:data1\" content=\"1 minuto\" \/>\n<script type=\"application\/ld+json\" class=\"yoast-schema-graph\">{\"@context\":\"https:\\\/\\\/schema.org\",\"@graph\":[{\"@type\":\"WebPage\",\"@id\":\"https:\\\/\\\/www.laguiadepamplona.com\\\/actualidad\\\/evento\\\/escuela-de-sostenibilidad-conferencia-y-que-hago-como-evitar-la-culpa-climatica-y-pasar-a-la-accion\\\/\",\"url\":\"https:\\\/\\\/www.laguiadepamplona.com\\\/actualidad\\\/evento\\\/escuela-de-sostenibilidad-conferencia-y-que-hago-como-evitar-la-culpa-climatica-y-pasar-a-la-accion\\\/\",\"name\":\"Escuela de Sostenibilidad. Conferencia. \u00bfY qu\u00e9 hago? C\u00f3mo evitar la culpa clim\u00e1tica y pasar a la acci\u00f3n. - La Gu\u00eda de Pamplona\",\"isPartOf\":{\"@id\":\"https:\\\/\\\/www.laguiadepamplona.com\\\/actualidad\\\/#website\"},\"primaryImageOfPage\":{\"@id\":\"https:\\\/\\\/www.laguiadepamplona.com\\\/actualidad\\\/evento\\\/escuela-de-sostenibilidad-conferencia-y-que-hago-como-evitar-la-culpa-climatica-y-pasar-a-la-accion\\\/#primaryimage\"},\"image\":{\"@id\":\"https:\\\/\\\/www.laguiadepamplona.com\\\/actualidad\\\/evento\\\/escuela-de-sostenibilidad-conferencia-y-que-hago-como-evitar-la-culpa-climatica-y-pasar-a-la-accion\\\/#primaryimage\"},\"thumbnailUrl\":\"https:\\\/\\\/www.laguiadepamplona.com\\\/actualidad\\\/wp-content\\\/uploads\\\/2021\\\/03\\\/andreu-escriva-libro-1024x576-1.jpg\",\"datePublished\":\"2021-03-15T14:53:58+00:00\",\"dateModified\":\"2021-03-15T14:54:15+00:00\",\"breadcrumb\":{\"@id\":\"https:\\\/\\\/www.laguiadepamplona.com\\\/actualidad\\\/evento\\\/escuela-de-sostenibilidad-conferencia-y-que-hago-como-evitar-la-culpa-climatica-y-pasar-a-la-accion\\\/#breadcrumb\"},\"inLanguage\":\"es\",\"potentialAction\":[{\"@type\":\"ReadAction\",\"target\":[\"https:\\\/\\\/www.laguiadepamplona.com\\\/actualidad\\\/evento\\\/escuela-de-sostenibilidad-conferencia-y-que-hago-como-evitar-la-culpa-climatica-y-pasar-a-la-accion\\\/\"]}]},{\"@type\":\"ImageObject\",\"inLanguage\":\"es\",\"@id\":\"https:\\\/\\\/www.laguiadepamplona.com\\\/actualidad\\\/evento\\\/escuela-de-sostenibilidad-conferencia-y-que-hago-como-evitar-la-culpa-climatica-y-pasar-a-la-accion\\\/#primaryimage\",\"url\":\"https:\\\/\\\/www.laguiadepamplona.com\\\/actualidad\\\/wp-content\\\/uploads\\\/2021\\\/03\\\/andreu-escriva-libro-1024x576-1.jpg\",\"contentUrl\":\"https:\\\/\\\/www.laguiadepamplona.com\\\/actualidad\\\/wp-content\\\/uploads\\\/2021\\\/03\\\/andreu-escriva-libro-1024x576-1.jpg\",\"width\":1024,\"height\":576},{\"@type\":\"BreadcrumbList\",\"@id\":\"https:\\\/\\\/www.laguiadepamplona.com\\\/actualidad\\\/evento\\\/escuela-de-sostenibilidad-conferencia-y-que-hago-como-evitar-la-culpa-climatica-y-pasar-a-la-accion\\\/#breadcrumb\",\"itemListElement\":[{\"@type\":\"ListItem\",\"position\":1,\"name\":\"Portada\",\"item\":\"https:\\\/\\\/www.laguiadepamplona.com\\\/actualidad\\\/\"},{\"@type\":\"ListItem\",\"position\":2,\"name\":\"Eventos\",\"item\":\"https:\\\/\\\/www.laguiadepamplona.com\\\/actualidad\\\/eventos\\\/\"},{\"@type\":\"ListItem\",\"position\":3,\"name\":\"Escuela de Sostenibilidad. Conferencia. \u00bfY qu\u00e9 hago? C\u00f3mo evitar la culpa clim\u00e1tica y pasar a la acci\u00f3n.\"}]},{\"@type\":\"WebSite\",\"@id\":\"https:\\\/\\\/www.laguiadepamplona.com\\\/actualidad\\\/#website\",\"url\":\"https:\\\/\\\/www.laguiadepamplona.com\\\/actualidad\\\/\",\"name\":\"La gu\u00eda de Pamplona\",\"description\":\"Noticias de Pamplona\",\"publisher\":{\"@id\":\"https:\\\/\\\/www.laguiadepamplona.com\\\/actualidad\\\/#organization\"},\"potentialAction\":[{\"@type\":\"SearchAction\",\"target\":{\"@type\":\"EntryPoint\",\"urlTemplate\":\"https:\\\/\\\/www.laguiadepamplona.com\\\/actualidad\\\/?s={search_term_string}\"},\"query-input\":{\"@type\":\"PropertyValueSpecification\",\"valueRequired\":true,\"valueName\":\"search_term_string\"}}],\"inLanguage\":\"es\"},{\"@type\":\"Organization\",\"@id\":\"https:\\\/\\\/www.laguiadepamplona.com\\\/actualidad\\\/#organization\",\"name\":\"La Gu\u00eda de Pamplona \\\/ Noticias\",\"url\":\"https:\\\/\\\/www.laguiadepamplona.com\\\/actualidad\\\/\",\"logo\":{\"@type\":\"ImageObject\",\"inLanguage\":\"es\",\"@id\":\"https:\\\/\\\/www.laguiadepamplona.com\\\/actualidad\\\/#\\\/schema\\\/logo\\\/image\\\/\",\"url\":\"https:\\\/\\\/www.laguiadepamplona.com\\\/actualidad\\\/wp-content\\\/uploads\\\/2018\\\/11\\\/logo-laguiadepamplona18-web1.png\",\"contentUrl\":\"https:\\\/\\\/www.laguiadepamplona.com\\\/actualidad\\\/wp-content\\\/uploads\\\/2018\\\/11\\\/logo-laguiadepamplona18-web1.png\",\"width\":600,\"height\":196,\"caption\":\"La Gu\u00eda de Pamplona \\\/ Noticias\"},\"image\":{\"@id\":\"https:\\\/\\\/www.laguiadepamplona.com\\\/actualidad\\\/#\\\/schema\\\/logo\\\/image\\\/\"},\"sameAs\":[\"https:\\\/\\\/www.facebook.com\\\/laguiadepamplonacom-133175176762273\\\/?ref=hl\",\"https:\\\/\\\/x.com\\\/LaGuiadPamplona\",\"https:\\\/\\\/www.instagram.com\\\/la_guia_de_pamplona\\\/\",\"https:\\\/\\\/www.youtube.com\\\/user\\\/laguiadepamplona\"]}]}<\/script>\n<!-- \/ Yoast SEO plugin. -->","yoast_head_json":{"title":"Escuela de Sostenibilidad. Conferencia. \u00bfY qu\u00e9 hago? C\u00f3mo evitar la culpa clim\u00e1tica y pasar a la acci\u00f3n. - La Gu\u00eda de Pamplona","robots":{"index":"index","follow":"follow","max-snippet":"max-snippet:-1","max-image-preview":"max-image-preview:large","max-video-preview":"max-video-preview:-1"},"canonical":"https:\/\/www.laguiadepamplona.com\/actualidad\/evento\/escuela-de-sostenibilidad-conferencia-y-que-hago-como-evitar-la-culpa-climatica-y-pasar-a-la-accion\/","og_locale":"es_ES","og_type":"article","og_title":"Escuela de Sostenibilidad. Conferencia. \u00bfY qu\u00e9 hago? C\u00f3mo evitar la culpa clim\u00e1tica y pasar a la acci\u00f3n. - La Gu\u00eda de Pamplona","og_description":"Esto del cambio clim\u00e1tico a veces abruma. Disponemos de mucha informaci\u00f3n y, en el mejor de los casos, queremos empezar a hacer algo y no sabemos por d\u00f3nde. En el...","og_url":"https:\/\/www.laguiadepamplona.com\/actualidad\/evento\/escuela-de-sostenibilidad-conferencia-y-que-hago-como-evitar-la-culpa-climatica-y-pasar-a-la-accion\/","og_site_name":"La Gu\u00eda de Pamplona","article_publisher":"https:\/\/www.facebook.com\/laguiadepamplonacom-133175176762273\/?ref=hl","article_modified_time":"2021-03-15T14:54:15+00:00","og_image":[{"width":1024,"height":576,"url":"https:\/\/www.laguiadepamplona.com\/actualidad\/wp-content\/uploads\/2021\/03\/andreu-escriva-libro-1024x576-1.jpg","type":"image\/jpeg"}],"twitter_card":"summary_large_image","twitter_site":"@LaGuiadPamplona","twitter_misc":{"Tiempo de lectura":"1 minuto"},"schema":{"@context":"https:\/\/schema.org","@graph":[{"@type":"WebPage","@id":"https:\/\/www.laguiadepamplona.com\/actualidad\/evento\/escuela-de-sostenibilidad-conferencia-y-que-hago-como-evitar-la-culpa-climatica-y-pasar-a-la-accion\/","url":"https:\/\/www.laguiadepamplona.com\/actualidad\/evento\/escuela-de-sostenibilidad-conferencia-y-que-hago-como-evitar-la-culpa-climatica-y-pasar-a-la-accion\/","name":"Escuela de Sostenibilidad. Conferencia. \u00bfY qu\u00e9 hago? C\u00f3mo evitar la culpa clim\u00e1tica y pasar a la acci\u00f3n. - La Gu\u00eda de Pamplona","isPartOf":{"@id":"https:\/\/www.laguiadepamplona.com\/actualidad\/#website"},"primaryImageOfPage":{"@id":"https:\/\/www.laguiadepamplona.com\/actualidad\/evento\/escuela-de-sostenibilidad-conferencia-y-que-hago-como-evitar-la-culpa-climatica-y-pasar-a-la-accion\/#primaryimage"},"image":{"@id":"https:\/\/www.laguiadepamplona.com\/actualidad\/evento\/escuela-de-sostenibilidad-conferencia-y-que-hago-como-evitar-la-culpa-climatica-y-pasar-a-la-accion\/#primaryimage"},"thumbnailUrl":"https:\/\/www.laguiadepamplona.com\/actualidad\/wp-content\/uploads\/2021\/03\/andreu-escriva-libro-1024x576-1.jpg","datePublished":"2021-03-15T14:53:58+00:00","dateModified":"2021-03-15T14:54:15+00:00","breadcrumb":{"@id":"https:\/\/www.laguiadepamplona.com\/actualidad\/evento\/escuela-de-sostenibilidad-conferencia-y-que-hago-como-evitar-la-culpa-climatica-y-pasar-a-la-accion\/#breadcrumb"},"inLanguage":"es","potentialAction":[{"@type":"ReadAction","target":["https:\/\/www.laguiadepamplona.com\/actualidad\/evento\/escuela-de-sostenibilidad-conferencia-y-que-hago-como-evitar-la-culpa-climatica-y-pasar-a-la-accion\/"]}]},{"@type":"ImageObject","inLanguage":"es","@id":"https:\/\/www.laguiadepamplona.com\/actualidad\/evento\/escuela-de-sostenibilidad-conferencia-y-que-hago-como-evitar-la-culpa-climatica-y-pasar-a-la-accion\/#primaryimage","url":"https:\/\/www.laguiadepamplona.com\/actualidad\/wp-content\/uploads\/2021\/03\/andreu-escriva-libro-1024x576-1.jpg","contentUrl":"https:\/\/www.laguiadepamplona.com\/actualidad\/wp-content\/uploads\/2021\/03\/andreu-escriva-libro-1024x576-1.jpg","width":1024,"height":576},{"@type":"BreadcrumbList","@id":"https:\/\/www.laguiadepamplona.com\/actualidad\/evento\/escuela-de-sostenibilidad-conferencia-y-que-hago-como-evitar-la-culpa-climatica-y-pasar-a-la-accion\/#breadcrumb","itemListElement":[{"@type":"ListItem","position":1,"name":"Portada","item":"https:\/\/www.laguiadepamplona.com\/actualidad\/"},{"@type":"ListItem","position":2,"name":"Eventos","item":"https:\/\/www.laguiadepamplona.com\/actualidad\/eventos\/"},{"@type":"ListItem","position":3,"name":"Escuela de Sostenibilidad. Conferencia. \u00bfY qu\u00e9 hago? C\u00f3mo evitar la culpa clim\u00e1tica y pasar a la acci\u00f3n."}]},{"@type":"WebSite","@id":"https:\/\/www.laguiadepamplona.com\/actualidad\/#website","url":"https:\/\/www.laguiadepamplona.com\/actualidad\/","name":"La gu\u00eda de Pamplona","description":"Noticias de Pamplona","publisher":{"@id":"https:\/\/www.laguiadepamplona.com\/actualidad\/#organization"},"potentialAction":[{"@type":"SearchAction","target":{"@type":"EntryPoint","urlTemplate":"https:\/\/www.laguiadepamplona.com\/actualidad\/?s={search_term_string}"},"query-input":{"@type":"PropertyValueSpecification","valueRequired":true,"valueName":"search_term_string"}}],"inLanguage":"es"},{"@type":"Organization","@id":"https:\/\/www.laguiadepamplona.com\/actualidad\/#organization","name":"La Gu\u00eda de Pamplona \/ Noticias","url":"https:\/\/www.laguiadepamplona.com\/actualidad\/","logo":{"@type":"ImageObject","inLanguage":"es","@id":"https:\/\/www.laguiadepamplona.com\/actualidad\/#\/schema\/logo\/image\/","url":"https:\/\/www.laguiadepamplona.com\/actualidad\/wp-content\/uploads\/2018\/11\/logo-laguiadepamplona18-web1.png","contentUrl":"https:\/\/www.laguiadepamplona.com\/actualidad\/wp-content\/uploads\/2018\/11\/logo-laguiadepamplona18-web1.png","width":600,"height":196,"caption":"La Gu\u00eda de Pamplona \/ Noticias"},"image":{"@id":"https:\/\/www.laguiadepamplona.com\/actualidad\/#\/schema\/logo\/image\/"},"sameAs":["https:\/\/www.facebook.com\/laguiadepamplonacom-133175176762273\/?ref=hl","https:\/\/x.com\/LaGuiadPamplona","https:\/\/www.instagram.com\/la_guia_de_pamplona\/","https:\/\/www.youtube.com\/user\/laguiadepamplona"]}]}},"post_mailing_queue_ids":[],"_links":{"self":[{"href":"https:\/\/www.laguiadepamplona.com\/actualidad\/wp-json\/wp\/v2\/tribe_events\/33741","targetHints":{"allow":["GET"]}}],"collection":[{"href":"https:\/\/www.laguiadepamplona.com\/actualidad\/wp-json\/wp\/v2\/tribe_events"}],"about":[{"href":"https:\/\/www.laguiadepamplona.com\/actualidad\/wp-json\/wp\/v2\/types\/tribe_events"}],"author":[{"embeddable":true,"href":"https:\/\/www.laguiadepamplona.com\/actualidad\/wp-json\/wp\/v2\/users\/1"}],"replies":[{"embeddable":true,"href":"https:\/\/www.laguiadepamplona.com\/actualidad\/wp-json\/wp\/v2\/comments?post=33741"}],"version-history":[{"count":0,"href":"https:\/\/www.laguiadepamplona.com\/actualidad\/wp-json\/wp\/v2\/tribe_events\/33741\/revisions"}],"wp:featuredmedia":[{"embeddable":true,"href":"https:\/\/www.laguiadepamplona.com\/actualidad\/wp-json\/wp\/v2\/media\/33742"}],"wp:attachment":[{"href":"https:\/\/www.laguiadepamplona.com\/actualidad\/wp-json\/wp\/v2\/media?parent=33741"}],"wp:term":[{"taxonomy":"post_tag","embeddable":true,"href":"https:\/\/www.laguiadepamplona.com\/actualidad\/wp-json\/wp\/v2\/tags?post=33741"},{"taxonomy":"tribe_events_cat","embeddable":true,"href":"https:\/\/www.laguiadepamplona.com\/actualidad\/wp-json\/wp\/v2\/tribe_events_cat?post=33741"}],"curies":[{"name":"wp","href":"https:\/\/api.w.org\/{rel}","templated":true}]}}