{"id":33715,"date":"2021-03-15T16:34:52","date_gmt":"2021-03-15T14:34:52","guid":{"rendered":"https:\/\/www.laguiadepamplona.com\/actualidad\/?post_type=tribe_events&#038;p=33715"},"modified":"2021-03-15T16:35:03","modified_gmt":"2021-03-15T14:35:03","slug":"ver-oir-aplaudir-proyeccion-cinematografica-300-el-origen-de-un-imperio-de-noam-murro","status":"publish","type":"tribe_events","link":"https:\/\/www.laguiadepamplona.com\/actualidad\/evento\/ver-oir-aplaudir-proyeccion-cinematografica-300-el-origen-de-un-imperio-de-noam-murro\/","title":{"rendered":"Ver, o\u00edr\u2026 aplaudir. Proyecci\u00f3n cinematogr\u00e1fica. \u2018300. El origen de un imperio\u2019, de Noam Murro."},"content":{"rendered":"<p>Durante las guerras m\u00e9dicas, el general griego Tem\u00edstocles lucha por conseguir la unidad de las polis griegas. \u00c9l dirige las tropas griegas que se enfrentan con el ej\u00e9rcito persa, liderado por Xerxes y Artemisa, para impedir la invasi\u00f3n del pa\u00eds. La pel\u00edcula es apta para todos los p\u00fablicos y se proyectar\u00e1 en DVD con sistema de audiodescripci\u00f3n. El ciclo est\u00e1 coordinado por Retina Navarra.<\/p>\n<p>Civivox Mendillorri, 19 horas. Entrada libre, previa inscripci\u00f3n en el tel\u00e9fono 010, en la red Civivox o en <a href=\"http:\/\/www.pamplonaescultura.es\" target=\"_blank\" rel=\"noopener\">www.pamplonaescultura.es<\/a><\/p>\n<p>&nbsp;<br \/>\n<script async src=\"\/\/pagead2.googlesyndication.com\/pagead\/js\/adsbygoogle.js\"><\/script><br \/>\n<!-- Noticias La Guia de Pamplona --><br \/>\n<ins class=\"adsbygoogle\"\nstyle=\"display:block\"\ndata-ad-client=\"ca-pub-6943679897239327\"\ndata-ad-slot=\"7048180777\"\ndata-ad-format=\"auto\"><\/ins><br \/>\n<script>\n(adsbygoogle = window.adsbygoogle || []).push({});\n<\/script><\/p>\n","protected":false},"excerpt":{"rendered":"<p>Durante las guerras m\u00e9dicas, el general griego Tem\u00edstocles lucha por conseguir la unidad de las polis griegas. \u00c9l dirige las tropas griegas que se enfrentan con el ej\u00e9rcito persa, liderado&#8230;<\/p>\n","protected":false},"author":1,"featured_media":33716,"comment_status":"open","ping_status":"closed","template":"","meta":{"_tribe_events_status":"","_tribe_events_status_reason":"","footnotes":""},"tags":[],"tribe_events_cat":[9405],"class_list":["post-33715","tribe_events","type-tribe_events","status-publish","has-post-thumbnail","hentry","tribe_events_cat-ayuntamiento","cat_ayuntamiento"],"yoast_head":"<!-- This site is optimized with the Yoast SEO plugin v27.5 - https:\/\/yoast.com\/product\/yoast-seo-wordpress\/ -->\n<title>Ver, o\u00edr\u2026 aplaudir. Proyecci\u00f3n cinematogr\u00e1fica. \u2018300. El origen de un imperio\u2019, de Noam Murro. - La Gu\u00eda de Pamplona<\/title>\n<meta name=\"robots\" content=\"index, follow, max-snippet:-1, max-image-preview:large, max-video-preview:-1\" \/>\n<link rel=\"canonical\" href=\"https:\/\/www.laguiadepamplona.com\/actualidad\/evento\/ver-oir-aplaudir-proyeccion-cinematografica-300-el-origen-de-un-imperio-de-noam-murro\/\" \/>\n<meta property=\"og:locale\" content=\"es_ES\" \/>\n<meta property=\"og:type\" content=\"article\" \/>\n<meta property=\"og:title\" content=\"Ver, o\u00edr\u2026 aplaudir. Proyecci\u00f3n cinematogr\u00e1fica. \u2018300. El origen de un imperio\u2019, de Noam Murro. - La Gu\u00eda de Pamplona\" \/>\n<meta property=\"og:description\" content=\"Durante las guerras m\u00e9dicas, el general griego Tem\u00edstocles lucha por conseguir la unidad de las polis griegas. \u00c9l dirige las tropas griegas que se enfrentan con el ej\u00e9rcito persa, liderado...\" \/>\n<meta property=\"og:url\" content=\"https:\/\/www.laguiadepamplona.com\/actualidad\/evento\/ver-oir-aplaudir-proyeccion-cinematografica-300-el-origen-de-un-imperio-de-noam-murro\/\" \/>\n<meta property=\"og:site_name\" content=\"La Gu\u00eda de Pamplona\" \/>\n<meta property=\"article:publisher\" content=\"https:\/\/www.facebook.com\/laguiadepamplonacom-133175176762273\/?ref=hl\" \/>\n<meta property=\"article:modified_time\" content=\"2021-03-15T14:35:03+00:00\" \/>\n<meta property=\"og:image\" content=\"https:\/\/www.laguiadepamplona.com\/actualidad\/wp-content\/uploads\/2021\/03\/300_rise_of_an_empire.jpg\" \/>\n\t<meta property=\"og:image:width\" content=\"1777\" \/>\n\t<meta property=\"og:image:height\" content=\"937\" \/>\n\t<meta property=\"og:image:type\" content=\"image\/jpeg\" \/>\n<meta name=\"twitter:card\" content=\"summary_large_image\" \/>\n<meta name=\"twitter:site\" content=\"@LaGuiadPamplona\" \/>\n<meta name=\"twitter:label1\" content=\"Tiempo de lectura\" \/>\n\t<meta name=\"twitter:data1\" content=\"1 minuto\" \/>\n<script type=\"application\/ld+json\" class=\"yoast-schema-graph\">{\"@context\":\"https:\\\/\\\/schema.org\",\"@graph\":[{\"@type\":\"WebPage\",\"@id\":\"https:\\\/\\\/www.laguiadepamplona.com\\\/actualidad\\\/evento\\\/ver-oir-aplaudir-proyeccion-cinematografica-300-el-origen-de-un-imperio-de-noam-murro\\\/\",\"url\":\"https:\\\/\\\/www.laguiadepamplona.com\\\/actualidad\\\/evento\\\/ver-oir-aplaudir-proyeccion-cinematografica-300-el-origen-de-un-imperio-de-noam-murro\\\/\",\"name\":\"Ver, o\u00edr\u2026 aplaudir. Proyecci\u00f3n cinematogr\u00e1fica. \u2018300. El origen de un imperio\u2019, de Noam Murro. - La Gu\u00eda de Pamplona\",\"isPartOf\":{\"@id\":\"https:\\\/\\\/www.laguiadepamplona.com\\\/actualidad\\\/#website\"},\"primaryImageOfPage\":{\"@id\":\"https:\\\/\\\/www.laguiadepamplona.com\\\/actualidad\\\/evento\\\/ver-oir-aplaudir-proyeccion-cinematografica-300-el-origen-de-un-imperio-de-noam-murro\\\/#primaryimage\"},\"image\":{\"@id\":\"https:\\\/\\\/www.laguiadepamplona.com\\\/actualidad\\\/evento\\\/ver-oir-aplaudir-proyeccion-cinematografica-300-el-origen-de-un-imperio-de-noam-murro\\\/#primaryimage\"},\"thumbnailUrl\":\"https:\\\/\\\/www.laguiadepamplona.com\\\/actualidad\\\/wp-content\\\/uploads\\\/2021\\\/03\\\/300_rise_of_an_empire.jpg\",\"datePublished\":\"2021-03-15T14:34:52+00:00\",\"dateModified\":\"2021-03-15T14:35:03+00:00\",\"breadcrumb\":{\"@id\":\"https:\\\/\\\/www.laguiadepamplona.com\\\/actualidad\\\/evento\\\/ver-oir-aplaudir-proyeccion-cinematografica-300-el-origen-de-un-imperio-de-noam-murro\\\/#breadcrumb\"},\"inLanguage\":\"es\",\"potentialAction\":[{\"@type\":\"ReadAction\",\"target\":[\"https:\\\/\\\/www.laguiadepamplona.com\\\/actualidad\\\/evento\\\/ver-oir-aplaudir-proyeccion-cinematografica-300-el-origen-de-un-imperio-de-noam-murro\\\/\"]}]},{\"@type\":\"ImageObject\",\"inLanguage\":\"es\",\"@id\":\"https:\\\/\\\/www.laguiadepamplona.com\\\/actualidad\\\/evento\\\/ver-oir-aplaudir-proyeccion-cinematografica-300-el-origen-de-un-imperio-de-noam-murro\\\/#primaryimage\",\"url\":\"https:\\\/\\\/www.laguiadepamplona.com\\\/actualidad\\\/wp-content\\\/uploads\\\/2021\\\/03\\\/300_rise_of_an_empire.jpg\",\"contentUrl\":\"https:\\\/\\\/www.laguiadepamplona.com\\\/actualidad\\\/wp-content\\\/uploads\\\/2021\\\/03\\\/300_rise_of_an_empire.jpg\",\"width\":1777,\"height\":937},{\"@type\":\"BreadcrumbList\",\"@id\":\"https:\\\/\\\/www.laguiadepamplona.com\\\/actualidad\\\/evento\\\/ver-oir-aplaudir-proyeccion-cinematografica-300-el-origen-de-un-imperio-de-noam-murro\\\/#breadcrumb\",\"itemListElement\":[{\"@type\":\"ListItem\",\"position\":1,\"name\":\"Portada\",\"item\":\"https:\\\/\\\/www.laguiadepamplona.com\\\/actualidad\\\/\"},{\"@type\":\"ListItem\",\"position\":2,\"name\":\"Eventos\",\"item\":\"https:\\\/\\\/www.laguiadepamplona.com\\\/actualidad\\\/eventos\\\/\"},{\"@type\":\"ListItem\",\"position\":3,\"name\":\"Ver, o\u00edr\u2026 aplaudir. Proyecci\u00f3n cinematogr\u00e1fica. \u2018300. El origen de un imperio\u2019, de Noam Murro.\"}]},{\"@type\":\"WebSite\",\"@id\":\"https:\\\/\\\/www.laguiadepamplona.com\\\/actualidad\\\/#website\",\"url\":\"https:\\\/\\\/www.laguiadepamplona.com\\\/actualidad\\\/\",\"name\":\"La gu\u00eda de Pamplona\",\"description\":\"Noticias de Pamplona\",\"publisher\":{\"@id\":\"https:\\\/\\\/www.laguiadepamplona.com\\\/actualidad\\\/#organization\"},\"potentialAction\":[{\"@type\":\"SearchAction\",\"target\":{\"@type\":\"EntryPoint\",\"urlTemplate\":\"https:\\\/\\\/www.laguiadepamplona.com\\\/actualidad\\\/?s={search_term_string}\"},\"query-input\":{\"@type\":\"PropertyValueSpecification\",\"valueRequired\":true,\"valueName\":\"search_term_string\"}}],\"inLanguage\":\"es\"},{\"@type\":\"Organization\",\"@id\":\"https:\\\/\\\/www.laguiadepamplona.com\\\/actualidad\\\/#organization\",\"name\":\"La Gu\u00eda de Pamplona \\\/ Noticias\",\"url\":\"https:\\\/\\\/www.laguiadepamplona.com\\\/actualidad\\\/\",\"logo\":{\"@type\":\"ImageObject\",\"inLanguage\":\"es\",\"@id\":\"https:\\\/\\\/www.laguiadepamplona.com\\\/actualidad\\\/#\\\/schema\\\/logo\\\/image\\\/\",\"url\":\"https:\\\/\\\/www.laguiadepamplona.com\\\/actualidad\\\/wp-content\\\/uploads\\\/2018\\\/11\\\/logo-laguiadepamplona18-web1.png\",\"contentUrl\":\"https:\\\/\\\/www.laguiadepamplona.com\\\/actualidad\\\/wp-content\\\/uploads\\\/2018\\\/11\\\/logo-laguiadepamplona18-web1.png\",\"width\":600,\"height\":196,\"caption\":\"La Gu\u00eda de Pamplona \\\/ Noticias\"},\"image\":{\"@id\":\"https:\\\/\\\/www.laguiadepamplona.com\\\/actualidad\\\/#\\\/schema\\\/logo\\\/image\\\/\"},\"sameAs\":[\"https:\\\/\\\/www.facebook.com\\\/laguiadepamplonacom-133175176762273\\\/?ref=hl\",\"https:\\\/\\\/x.com\\\/LaGuiadPamplona\",\"https:\\\/\\\/www.instagram.com\\\/la_guia_de_pamplona\\\/\",\"https:\\\/\\\/www.youtube.com\\\/user\\\/laguiadepamplona\"]}]}<\/script>\n<!-- \/ Yoast SEO plugin. -->","yoast_head_json":{"title":"Ver, o\u00edr\u2026 aplaudir. Proyecci\u00f3n cinematogr\u00e1fica. \u2018300. El origen de un imperio\u2019, de Noam Murro. - La Gu\u00eda de Pamplona","robots":{"index":"index","follow":"follow","max-snippet":"max-snippet:-1","max-image-preview":"max-image-preview:large","max-video-preview":"max-video-preview:-1"},"canonical":"https:\/\/www.laguiadepamplona.com\/actualidad\/evento\/ver-oir-aplaudir-proyeccion-cinematografica-300-el-origen-de-un-imperio-de-noam-murro\/","og_locale":"es_ES","og_type":"article","og_title":"Ver, o\u00edr\u2026 aplaudir. Proyecci\u00f3n cinematogr\u00e1fica. \u2018300. El origen de un imperio\u2019, de Noam Murro. - La Gu\u00eda de Pamplona","og_description":"Durante las guerras m\u00e9dicas, el general griego Tem\u00edstocles lucha por conseguir la unidad de las polis griegas. \u00c9l dirige las tropas griegas que se enfrentan con el ej\u00e9rcito persa, liderado...","og_url":"https:\/\/www.laguiadepamplona.com\/actualidad\/evento\/ver-oir-aplaudir-proyeccion-cinematografica-300-el-origen-de-un-imperio-de-noam-murro\/","og_site_name":"La Gu\u00eda de Pamplona","article_publisher":"https:\/\/www.facebook.com\/laguiadepamplonacom-133175176762273\/?ref=hl","article_modified_time":"2021-03-15T14:35:03+00:00","og_image":[{"width":1777,"height":937,"url":"https:\/\/www.laguiadepamplona.com\/actualidad\/wp-content\/uploads\/2021\/03\/300_rise_of_an_empire.jpg","type":"image\/jpeg"}],"twitter_card":"summary_large_image","twitter_site":"@LaGuiadPamplona","twitter_misc":{"Tiempo de lectura":"1 minuto"},"schema":{"@context":"https:\/\/schema.org","@graph":[{"@type":"WebPage","@id":"https:\/\/www.laguiadepamplona.com\/actualidad\/evento\/ver-oir-aplaudir-proyeccion-cinematografica-300-el-origen-de-un-imperio-de-noam-murro\/","url":"https:\/\/www.laguiadepamplona.com\/actualidad\/evento\/ver-oir-aplaudir-proyeccion-cinematografica-300-el-origen-de-un-imperio-de-noam-murro\/","name":"Ver, o\u00edr\u2026 aplaudir. Proyecci\u00f3n cinematogr\u00e1fica. \u2018300. El origen de un imperio\u2019, de Noam Murro. - La Gu\u00eda de Pamplona","isPartOf":{"@id":"https:\/\/www.laguiadepamplona.com\/actualidad\/#website"},"primaryImageOfPage":{"@id":"https:\/\/www.laguiadepamplona.com\/actualidad\/evento\/ver-oir-aplaudir-proyeccion-cinematografica-300-el-origen-de-un-imperio-de-noam-murro\/#primaryimage"},"image":{"@id":"https:\/\/www.laguiadepamplona.com\/actualidad\/evento\/ver-oir-aplaudir-proyeccion-cinematografica-300-el-origen-de-un-imperio-de-noam-murro\/#primaryimage"},"thumbnailUrl":"https:\/\/www.laguiadepamplona.com\/actualidad\/wp-content\/uploads\/2021\/03\/300_rise_of_an_empire.jpg","datePublished":"2021-03-15T14:34:52+00:00","dateModified":"2021-03-15T14:35:03+00:00","breadcrumb":{"@id":"https:\/\/www.laguiadepamplona.com\/actualidad\/evento\/ver-oir-aplaudir-proyeccion-cinematografica-300-el-origen-de-un-imperio-de-noam-murro\/#breadcrumb"},"inLanguage":"es","potentialAction":[{"@type":"ReadAction","target":["https:\/\/www.laguiadepamplona.com\/actualidad\/evento\/ver-oir-aplaudir-proyeccion-cinematografica-300-el-origen-de-un-imperio-de-noam-murro\/"]}]},{"@type":"ImageObject","inLanguage":"es","@id":"https:\/\/www.laguiadepamplona.com\/actualidad\/evento\/ver-oir-aplaudir-proyeccion-cinematografica-300-el-origen-de-un-imperio-de-noam-murro\/#primaryimage","url":"https:\/\/www.laguiadepamplona.com\/actualidad\/wp-content\/uploads\/2021\/03\/300_rise_of_an_empire.jpg","contentUrl":"https:\/\/www.laguiadepamplona.com\/actualidad\/wp-content\/uploads\/2021\/03\/300_rise_of_an_empire.jpg","width":1777,"height":937},{"@type":"BreadcrumbList","@id":"https:\/\/www.laguiadepamplona.com\/actualidad\/evento\/ver-oir-aplaudir-proyeccion-cinematografica-300-el-origen-de-un-imperio-de-noam-murro\/#breadcrumb","itemListElement":[{"@type":"ListItem","position":1,"name":"Portada","item":"https:\/\/www.laguiadepamplona.com\/actualidad\/"},{"@type":"ListItem","position":2,"name":"Eventos","item":"https:\/\/www.laguiadepamplona.com\/actualidad\/eventos\/"},{"@type":"ListItem","position":3,"name":"Ver, o\u00edr\u2026 aplaudir. Proyecci\u00f3n cinematogr\u00e1fica. \u2018300. El origen de un imperio\u2019, de Noam Murro."}]},{"@type":"WebSite","@id":"https:\/\/www.laguiadepamplona.com\/actualidad\/#website","url":"https:\/\/www.laguiadepamplona.com\/actualidad\/","name":"La gu\u00eda de Pamplona","description":"Noticias de Pamplona","publisher":{"@id":"https:\/\/www.laguiadepamplona.com\/actualidad\/#organization"},"potentialAction":[{"@type":"SearchAction","target":{"@type":"EntryPoint","urlTemplate":"https:\/\/www.laguiadepamplona.com\/actualidad\/?s={search_term_string}"},"query-input":{"@type":"PropertyValueSpecification","valueRequired":true,"valueName":"search_term_string"}}],"inLanguage":"es"},{"@type":"Organization","@id":"https:\/\/www.laguiadepamplona.com\/actualidad\/#organization","name":"La Gu\u00eda de Pamplona \/ Noticias","url":"https:\/\/www.laguiadepamplona.com\/actualidad\/","logo":{"@type":"ImageObject","inLanguage":"es","@id":"https:\/\/www.laguiadepamplona.com\/actualidad\/#\/schema\/logo\/image\/","url":"https:\/\/www.laguiadepamplona.com\/actualidad\/wp-content\/uploads\/2018\/11\/logo-laguiadepamplona18-web1.png","contentUrl":"https:\/\/www.laguiadepamplona.com\/actualidad\/wp-content\/uploads\/2018\/11\/logo-laguiadepamplona18-web1.png","width":600,"height":196,"caption":"La Gu\u00eda de Pamplona \/ Noticias"},"image":{"@id":"https:\/\/www.laguiadepamplona.com\/actualidad\/#\/schema\/logo\/image\/"},"sameAs":["https:\/\/www.facebook.com\/laguiadepamplonacom-133175176762273\/?ref=hl","https:\/\/x.com\/LaGuiadPamplona","https:\/\/www.instagram.com\/la_guia_de_pamplona\/","https:\/\/www.youtube.com\/user\/laguiadepamplona"]}]}},"post_mailing_queue_ids":[],"_links":{"self":[{"href":"https:\/\/www.laguiadepamplona.com\/actualidad\/wp-json\/wp\/v2\/tribe_events\/33715","targetHints":{"allow":["GET"]}}],"collection":[{"href":"https:\/\/www.laguiadepamplona.com\/actualidad\/wp-json\/wp\/v2\/tribe_events"}],"about":[{"href":"https:\/\/www.laguiadepamplona.com\/actualidad\/wp-json\/wp\/v2\/types\/tribe_events"}],"author":[{"embeddable":true,"href":"https:\/\/www.laguiadepamplona.com\/actualidad\/wp-json\/wp\/v2\/users\/1"}],"replies":[{"embeddable":true,"href":"https:\/\/www.laguiadepamplona.com\/actualidad\/wp-json\/wp\/v2\/comments?post=33715"}],"version-history":[{"count":0,"href":"https:\/\/www.laguiadepamplona.com\/actualidad\/wp-json\/wp\/v2\/tribe_events\/33715\/revisions"}],"wp:featuredmedia":[{"embeddable":true,"href":"https:\/\/www.laguiadepamplona.com\/actualidad\/wp-json\/wp\/v2\/media\/33716"}],"wp:attachment":[{"href":"https:\/\/www.laguiadepamplona.com\/actualidad\/wp-json\/wp\/v2\/media?parent=33715"}],"wp:term":[{"taxonomy":"post_tag","embeddable":true,"href":"https:\/\/www.laguiadepamplona.com\/actualidad\/wp-json\/wp\/v2\/tags?post=33715"},{"taxonomy":"tribe_events_cat","embeddable":true,"href":"https:\/\/www.laguiadepamplona.com\/actualidad\/wp-json\/wp\/v2\/tribe_events_cat?post=33715"}],"curies":[{"name":"wp","href":"https:\/\/api.w.org\/{rel}","templated":true}]}}