{"id":33589,"date":"2021-03-08T14:35:16","date_gmt":"2021-03-08T12:35:16","guid":{"rendered":"https:\/\/www.laguiadepamplona.com\/actualidad\/?post_type=tribe_events&#038;p=33589"},"modified":"2021-03-08T14:35:16","modified_gmt":"2021-03-08T12:35:16","slug":"quincena-de-teatro-universitario-las-cartas-boca-abajo-con-la-compania-mutis-por-el-foro","status":"publish","type":"tribe_events","link":"https:\/\/www.laguiadepamplona.com\/actualidad\/evento\/quincena-de-teatro-universitario-las-cartas-boca-abajo-con-la-compania-mutis-por-el-foro\/","title":{"rendered":"Quincena de Teatro Universitario. \u2018Las cartas boca abajo\u2019, con la compa\u00f1\u00eda Mutis por el Foro."},"content":{"rendered":"<p class=\"3Texto\">Esta es la historia de una familia desestructurada. Los Garc\u00eda no son una familia convencional. En esta casa reina el miedo, la desesperaci\u00f3n, la asfixia y, sobre todo, la falta de amor, la hipocres\u00eda y el ego\u00edsmo. Todos esconden un secreto, un juego oculto, unas cartas boca abajo que muestran c\u00f3mo un trauma ps\u00edquico o sentimental puede arrastrar a la desgracia a toda una familia. Pero a la hora de la verdad, \u00bfse acabar\u00e1n volcando las cartas? Basada en una obra de Antonio Buero Vallejo.<\/p>\n<p><span style=\"font-size: 12.0pt;\">Civivox Iturrama, 19 horas. Entradas: 1 euros, previa inscripci\u00f3n en el 010, en la red Civivox o en la web <a href=\"http:\/\/www.pamplonaescultura.es\" target=\"_blank\" rel=\"noopener\">www.pamplonaescultura.es<\/a><\/span><\/p>\n<p>&nbsp;<br \/>\n<script async src=\"\/\/pagead2.googlesyndication.com\/pagead\/js\/adsbygoogle.js\"><\/script><br \/>\n<!-- Noticias La Guia de Pamplona --><br \/>\n<ins class=\"adsbygoogle\"\nstyle=\"display:block\"\ndata-ad-client=\"ca-pub-6943679897239327\"\ndata-ad-slot=\"7048180777\"\ndata-ad-format=\"auto\"><\/ins><br \/>\n<script>\n(adsbygoogle = window.adsbygoogle || []).push({});\n<\/script><\/p>\n","protected":false},"excerpt":{"rendered":"<p>Esta es la historia de una familia desestructurada. Los Garc\u00eda no son una familia convencional. En esta casa reina el miedo, la desesperaci\u00f3n, la asfixia y, sobre todo, la falta&#8230;<\/p>\n","protected":false},"author":1,"featured_media":28184,"comment_status":"open","ping_status":"closed","template":"","meta":{"_tribe_events_status":"","_tribe_events_status_reason":"","footnotes":""},"tags":[],"tribe_events_cat":[9405],"class_list":["post-33589","tribe_events","type-tribe_events","status-publish","has-post-thumbnail","hentry","tribe_events_cat-ayuntamiento","cat_ayuntamiento"],"yoast_head":"<!-- This site is optimized with the Yoast SEO plugin v27.3 - https:\/\/yoast.com\/product\/yoast-seo-wordpress\/ -->\n<title>Quincena de Teatro Universitario. \u2018Las cartas boca abajo\u2019, con la compa\u00f1\u00eda Mutis por el Foro. - La Gu\u00eda de Pamplona<\/title>\n<meta name=\"robots\" content=\"index, follow, max-snippet:-1, max-image-preview:large, max-video-preview:-1\" \/>\n<link rel=\"canonical\" href=\"https:\/\/www.laguiadepamplona.com\/actualidad\/evento\/quincena-de-teatro-universitario-las-cartas-boca-abajo-con-la-compania-mutis-por-el-foro\/\" \/>\n<meta property=\"og:locale\" content=\"es_ES\" \/>\n<meta property=\"og:type\" content=\"article\" \/>\n<meta property=\"og:title\" content=\"Quincena de Teatro Universitario. \u2018Las cartas boca abajo\u2019, con la compa\u00f1\u00eda Mutis por el Foro. - La Gu\u00eda de Pamplona\" \/>\n<meta property=\"og:description\" content=\"Esta es la historia de una familia desestructurada. Los Garc\u00eda no son una familia convencional. En esta casa reina el miedo, la desesperaci\u00f3n, la asfixia y, sobre todo, la falta...\" \/>\n<meta property=\"og:url\" content=\"https:\/\/www.laguiadepamplona.com\/actualidad\/evento\/quincena-de-teatro-universitario-las-cartas-boca-abajo-con-la-compania-mutis-por-el-foro\/\" \/>\n<meta property=\"og:site_name\" content=\"La Gu\u00eda de Pamplona\" \/>\n<meta property=\"article:publisher\" content=\"https:\/\/www.facebook.com\/laguiadepamplonacom-133175176762273\/?ref=hl\" \/>\n<meta property=\"og:image\" content=\"https:\/\/www.laguiadepamplona.com\/actualidad\/wp-content\/uploads\/2020\/02\/civivox-iturrama-2020.jpeg\" \/>\n\t<meta property=\"og:image:width\" content=\"1920\" \/>\n\t<meta property=\"og:image:height\" content=\"1187\" \/>\n\t<meta property=\"og:image:type\" content=\"image\/jpeg\" \/>\n<meta name=\"twitter:card\" content=\"summary_large_image\" \/>\n<meta name=\"twitter:site\" content=\"@LaGuiadPamplona\" \/>\n<meta name=\"twitter:label1\" content=\"Tiempo de lectura\" \/>\n\t<meta name=\"twitter:data1\" content=\"1 minuto\" \/>\n<script type=\"application\/ld+json\" class=\"yoast-schema-graph\">{\"@context\":\"https:\\\/\\\/schema.org\",\"@graph\":[{\"@type\":\"WebPage\",\"@id\":\"https:\\\/\\\/www.laguiadepamplona.com\\\/actualidad\\\/evento\\\/quincena-de-teatro-universitario-las-cartas-boca-abajo-con-la-compania-mutis-por-el-foro\\\/\",\"url\":\"https:\\\/\\\/www.laguiadepamplona.com\\\/actualidad\\\/evento\\\/quincena-de-teatro-universitario-las-cartas-boca-abajo-con-la-compania-mutis-por-el-foro\\\/\",\"name\":\"Quincena de Teatro Universitario. \u2018Las cartas boca abajo\u2019, con la compa\u00f1\u00eda Mutis por el Foro. - La Gu\u00eda de Pamplona\",\"isPartOf\":{\"@id\":\"https:\\\/\\\/www.laguiadepamplona.com\\\/actualidad\\\/#website\"},\"primaryImageOfPage\":{\"@id\":\"https:\\\/\\\/www.laguiadepamplona.com\\\/actualidad\\\/evento\\\/quincena-de-teatro-universitario-las-cartas-boca-abajo-con-la-compania-mutis-por-el-foro\\\/#primaryimage\"},\"image\":{\"@id\":\"https:\\\/\\\/www.laguiadepamplona.com\\\/actualidad\\\/evento\\\/quincena-de-teatro-universitario-las-cartas-boca-abajo-con-la-compania-mutis-por-el-foro\\\/#primaryimage\"},\"thumbnailUrl\":\"https:\\\/\\\/www.laguiadepamplona.com\\\/actualidad\\\/wp-content\\\/uploads\\\/2020\\\/02\\\/civivox-iturrama-2020.jpeg\",\"datePublished\":\"2021-03-08T12:35:16+00:00\",\"breadcrumb\":{\"@id\":\"https:\\\/\\\/www.laguiadepamplona.com\\\/actualidad\\\/evento\\\/quincena-de-teatro-universitario-las-cartas-boca-abajo-con-la-compania-mutis-por-el-foro\\\/#breadcrumb\"},\"inLanguage\":\"es\",\"potentialAction\":[{\"@type\":\"ReadAction\",\"target\":[\"https:\\\/\\\/www.laguiadepamplona.com\\\/actualidad\\\/evento\\\/quincena-de-teatro-universitario-las-cartas-boca-abajo-con-la-compania-mutis-por-el-foro\\\/\"]}]},{\"@type\":\"ImageObject\",\"inLanguage\":\"es\",\"@id\":\"https:\\\/\\\/www.laguiadepamplona.com\\\/actualidad\\\/evento\\\/quincena-de-teatro-universitario-las-cartas-boca-abajo-con-la-compania-mutis-por-el-foro\\\/#primaryimage\",\"url\":\"https:\\\/\\\/www.laguiadepamplona.com\\\/actualidad\\\/wp-content\\\/uploads\\\/2020\\\/02\\\/civivox-iturrama-2020.jpeg\",\"contentUrl\":\"https:\\\/\\\/www.laguiadepamplona.com\\\/actualidad\\\/wp-content\\\/uploads\\\/2020\\\/02\\\/civivox-iturrama-2020.jpeg\",\"width\":1920,\"height\":1187,\"caption\":\"dav\"},{\"@type\":\"BreadcrumbList\",\"@id\":\"https:\\\/\\\/www.laguiadepamplona.com\\\/actualidad\\\/evento\\\/quincena-de-teatro-universitario-las-cartas-boca-abajo-con-la-compania-mutis-por-el-foro\\\/#breadcrumb\",\"itemListElement\":[{\"@type\":\"ListItem\",\"position\":1,\"name\":\"Portada\",\"item\":\"https:\\\/\\\/www.laguiadepamplona.com\\\/actualidad\\\/\"},{\"@type\":\"ListItem\",\"position\":2,\"name\":\"Eventos\",\"item\":\"https:\\\/\\\/www.laguiadepamplona.com\\\/actualidad\\\/eventos\\\/\"},{\"@type\":\"ListItem\",\"position\":3,\"name\":\"Quincena de Teatro Universitario. \u2018Las cartas boca abajo\u2019, con la compa\u00f1\u00eda Mutis por el Foro.\"}]},{\"@type\":\"WebSite\",\"@id\":\"https:\\\/\\\/www.laguiadepamplona.com\\\/actualidad\\\/#website\",\"url\":\"https:\\\/\\\/www.laguiadepamplona.com\\\/actualidad\\\/\",\"name\":\"La gu\u00eda de Pamplona\",\"description\":\"Noticias de Pamplona\",\"publisher\":{\"@id\":\"https:\\\/\\\/www.laguiadepamplona.com\\\/actualidad\\\/#organization\"},\"potentialAction\":[{\"@type\":\"SearchAction\",\"target\":{\"@type\":\"EntryPoint\",\"urlTemplate\":\"https:\\\/\\\/www.laguiadepamplona.com\\\/actualidad\\\/?s={search_term_string}\"},\"query-input\":{\"@type\":\"PropertyValueSpecification\",\"valueRequired\":true,\"valueName\":\"search_term_string\"}}],\"inLanguage\":\"es\"},{\"@type\":\"Organization\",\"@id\":\"https:\\\/\\\/www.laguiadepamplona.com\\\/actualidad\\\/#organization\",\"name\":\"La Gu\u00eda de Pamplona \\\/ Noticias\",\"url\":\"https:\\\/\\\/www.laguiadepamplona.com\\\/actualidad\\\/\",\"logo\":{\"@type\":\"ImageObject\",\"inLanguage\":\"es\",\"@id\":\"https:\\\/\\\/www.laguiadepamplona.com\\\/actualidad\\\/#\\\/schema\\\/logo\\\/image\\\/\",\"url\":\"https:\\\/\\\/www.laguiadepamplona.com\\\/actualidad\\\/wp-content\\\/uploads\\\/2018\\\/11\\\/logo-laguiadepamplona18-web1.png\",\"contentUrl\":\"https:\\\/\\\/www.laguiadepamplona.com\\\/actualidad\\\/wp-content\\\/uploads\\\/2018\\\/11\\\/logo-laguiadepamplona18-web1.png\",\"width\":600,\"height\":196,\"caption\":\"La Gu\u00eda de Pamplona \\\/ Noticias\"},\"image\":{\"@id\":\"https:\\\/\\\/www.laguiadepamplona.com\\\/actualidad\\\/#\\\/schema\\\/logo\\\/image\\\/\"},\"sameAs\":[\"https:\\\/\\\/www.facebook.com\\\/laguiadepamplonacom-133175176762273\\\/?ref=hl\",\"https:\\\/\\\/x.com\\\/LaGuiadPamplona\",\"https:\\\/\\\/www.instagram.com\\\/la_guia_de_pamplona\\\/\",\"https:\\\/\\\/www.youtube.com\\\/user\\\/laguiadepamplona\"]}]}<\/script>\n<!-- \/ Yoast SEO plugin. -->","yoast_head_json":{"title":"Quincena de Teatro Universitario. \u2018Las cartas boca abajo\u2019, con la compa\u00f1\u00eda Mutis por el Foro. - La Gu\u00eda de Pamplona","robots":{"index":"index","follow":"follow","max-snippet":"max-snippet:-1","max-image-preview":"max-image-preview:large","max-video-preview":"max-video-preview:-1"},"canonical":"https:\/\/www.laguiadepamplona.com\/actualidad\/evento\/quincena-de-teatro-universitario-las-cartas-boca-abajo-con-la-compania-mutis-por-el-foro\/","og_locale":"es_ES","og_type":"article","og_title":"Quincena de Teatro Universitario. \u2018Las cartas boca abajo\u2019, con la compa\u00f1\u00eda Mutis por el Foro. - La Gu\u00eda de Pamplona","og_description":"Esta es la historia de una familia desestructurada. Los Garc\u00eda no son una familia convencional. En esta casa reina el miedo, la desesperaci\u00f3n, la asfixia y, sobre todo, la falta...","og_url":"https:\/\/www.laguiadepamplona.com\/actualidad\/evento\/quincena-de-teatro-universitario-las-cartas-boca-abajo-con-la-compania-mutis-por-el-foro\/","og_site_name":"La Gu\u00eda de Pamplona","article_publisher":"https:\/\/www.facebook.com\/laguiadepamplonacom-133175176762273\/?ref=hl","og_image":[{"width":1920,"height":1187,"url":"https:\/\/www.laguiadepamplona.com\/actualidad\/wp-content\/uploads\/2020\/02\/civivox-iturrama-2020.jpeg","type":"image\/jpeg"}],"twitter_card":"summary_large_image","twitter_site":"@LaGuiadPamplona","twitter_misc":{"Tiempo de lectura":"1 minuto"},"schema":{"@context":"https:\/\/schema.org","@graph":[{"@type":"WebPage","@id":"https:\/\/www.laguiadepamplona.com\/actualidad\/evento\/quincena-de-teatro-universitario-las-cartas-boca-abajo-con-la-compania-mutis-por-el-foro\/","url":"https:\/\/www.laguiadepamplona.com\/actualidad\/evento\/quincena-de-teatro-universitario-las-cartas-boca-abajo-con-la-compania-mutis-por-el-foro\/","name":"Quincena de Teatro Universitario. \u2018Las cartas boca abajo\u2019, con la compa\u00f1\u00eda Mutis por el Foro. - La Gu\u00eda de Pamplona","isPartOf":{"@id":"https:\/\/www.laguiadepamplona.com\/actualidad\/#website"},"primaryImageOfPage":{"@id":"https:\/\/www.laguiadepamplona.com\/actualidad\/evento\/quincena-de-teatro-universitario-las-cartas-boca-abajo-con-la-compania-mutis-por-el-foro\/#primaryimage"},"image":{"@id":"https:\/\/www.laguiadepamplona.com\/actualidad\/evento\/quincena-de-teatro-universitario-las-cartas-boca-abajo-con-la-compania-mutis-por-el-foro\/#primaryimage"},"thumbnailUrl":"https:\/\/www.laguiadepamplona.com\/actualidad\/wp-content\/uploads\/2020\/02\/civivox-iturrama-2020.jpeg","datePublished":"2021-03-08T12:35:16+00:00","breadcrumb":{"@id":"https:\/\/www.laguiadepamplona.com\/actualidad\/evento\/quincena-de-teatro-universitario-las-cartas-boca-abajo-con-la-compania-mutis-por-el-foro\/#breadcrumb"},"inLanguage":"es","potentialAction":[{"@type":"ReadAction","target":["https:\/\/www.laguiadepamplona.com\/actualidad\/evento\/quincena-de-teatro-universitario-las-cartas-boca-abajo-con-la-compania-mutis-por-el-foro\/"]}]},{"@type":"ImageObject","inLanguage":"es","@id":"https:\/\/www.laguiadepamplona.com\/actualidad\/evento\/quincena-de-teatro-universitario-las-cartas-boca-abajo-con-la-compania-mutis-por-el-foro\/#primaryimage","url":"https:\/\/www.laguiadepamplona.com\/actualidad\/wp-content\/uploads\/2020\/02\/civivox-iturrama-2020.jpeg","contentUrl":"https:\/\/www.laguiadepamplona.com\/actualidad\/wp-content\/uploads\/2020\/02\/civivox-iturrama-2020.jpeg","width":1920,"height":1187,"caption":"dav"},{"@type":"BreadcrumbList","@id":"https:\/\/www.laguiadepamplona.com\/actualidad\/evento\/quincena-de-teatro-universitario-las-cartas-boca-abajo-con-la-compania-mutis-por-el-foro\/#breadcrumb","itemListElement":[{"@type":"ListItem","position":1,"name":"Portada","item":"https:\/\/www.laguiadepamplona.com\/actualidad\/"},{"@type":"ListItem","position":2,"name":"Eventos","item":"https:\/\/www.laguiadepamplona.com\/actualidad\/eventos\/"},{"@type":"ListItem","position":3,"name":"Quincena de Teatro Universitario. \u2018Las cartas boca abajo\u2019, con la compa\u00f1\u00eda Mutis por el Foro."}]},{"@type":"WebSite","@id":"https:\/\/www.laguiadepamplona.com\/actualidad\/#website","url":"https:\/\/www.laguiadepamplona.com\/actualidad\/","name":"La gu\u00eda de Pamplona","description":"Noticias de Pamplona","publisher":{"@id":"https:\/\/www.laguiadepamplona.com\/actualidad\/#organization"},"potentialAction":[{"@type":"SearchAction","target":{"@type":"EntryPoint","urlTemplate":"https:\/\/www.laguiadepamplona.com\/actualidad\/?s={search_term_string}"},"query-input":{"@type":"PropertyValueSpecification","valueRequired":true,"valueName":"search_term_string"}}],"inLanguage":"es"},{"@type":"Organization","@id":"https:\/\/www.laguiadepamplona.com\/actualidad\/#organization","name":"La Gu\u00eda de Pamplona \/ Noticias","url":"https:\/\/www.laguiadepamplona.com\/actualidad\/","logo":{"@type":"ImageObject","inLanguage":"es","@id":"https:\/\/www.laguiadepamplona.com\/actualidad\/#\/schema\/logo\/image\/","url":"https:\/\/www.laguiadepamplona.com\/actualidad\/wp-content\/uploads\/2018\/11\/logo-laguiadepamplona18-web1.png","contentUrl":"https:\/\/www.laguiadepamplona.com\/actualidad\/wp-content\/uploads\/2018\/11\/logo-laguiadepamplona18-web1.png","width":600,"height":196,"caption":"La Gu\u00eda de Pamplona \/ Noticias"},"image":{"@id":"https:\/\/www.laguiadepamplona.com\/actualidad\/#\/schema\/logo\/image\/"},"sameAs":["https:\/\/www.facebook.com\/laguiadepamplonacom-133175176762273\/?ref=hl","https:\/\/x.com\/LaGuiadPamplona","https:\/\/www.instagram.com\/la_guia_de_pamplona\/","https:\/\/www.youtube.com\/user\/laguiadepamplona"]}]}},"post_mailing_queue_ids":[],"_links":{"self":[{"href":"https:\/\/www.laguiadepamplona.com\/actualidad\/wp-json\/wp\/v2\/tribe_events\/33589","targetHints":{"allow":["GET"]}}],"collection":[{"href":"https:\/\/www.laguiadepamplona.com\/actualidad\/wp-json\/wp\/v2\/tribe_events"}],"about":[{"href":"https:\/\/www.laguiadepamplona.com\/actualidad\/wp-json\/wp\/v2\/types\/tribe_events"}],"author":[{"embeddable":true,"href":"https:\/\/www.laguiadepamplona.com\/actualidad\/wp-json\/wp\/v2\/users\/1"}],"replies":[{"embeddable":true,"href":"https:\/\/www.laguiadepamplona.com\/actualidad\/wp-json\/wp\/v2\/comments?post=33589"}],"version-history":[{"count":0,"href":"https:\/\/www.laguiadepamplona.com\/actualidad\/wp-json\/wp\/v2\/tribe_events\/33589\/revisions"}],"wp:featuredmedia":[{"embeddable":true,"href":"https:\/\/www.laguiadepamplona.com\/actualidad\/wp-json\/wp\/v2\/media\/28184"}],"wp:attachment":[{"href":"https:\/\/www.laguiadepamplona.com\/actualidad\/wp-json\/wp\/v2\/media?parent=33589"}],"wp:term":[{"taxonomy":"post_tag","embeddable":true,"href":"https:\/\/www.laguiadepamplona.com\/actualidad\/wp-json\/wp\/v2\/tags?post=33589"},{"taxonomy":"tribe_events_cat","embeddable":true,"href":"https:\/\/www.laguiadepamplona.com\/actualidad\/wp-json\/wp\/v2\/tribe_events_cat?post=33589"}],"curies":[{"name":"wp","href":"https:\/\/api.w.org\/{rel}","templated":true}]}}