{"id":33545,"date":"2021-03-04T18:48:42","date_gmt":"2021-03-04T16:48:42","guid":{"rendered":"https:\/\/www.laguiadepamplona.com\/actualidad\/?post_type=tribe_events&#038;p=33545"},"modified":"2021-03-04T18:48:42","modified_gmt":"2021-03-04T16:48:42","slug":"visita-audicion-las-matinees-de-sarasate-seis-solo-con-beatriz-pomes-flauta-y-marta-ramirez-violin","status":"publish","type":"tribe_events","link":"https:\/\/www.laguiadepamplona.com\/actualidad\/evento\/visita-audicion-las-matinees-de-sarasate-seis-solo-con-beatriz-pomes-flauta-y-marta-ramirez-violin\/","title":{"rendered":"Visita \u2013 audici\u00f3n. Las Matine\u00e9s de Sarasate: Seis solo. Con Beatriz Pom\u00e9s (flauta) y Marta Ram\u00edrez (viol\u00edn)."},"content":{"rendered":"<p class=\"3Texto\">Formato de visita-audici\u00f3n en la que recordamos el papel de Pablo Sarasate como promotor e impulsor de la vida musical de Pamplona. Las matin\u00e9es musicales organizadas por Sarasate atrajeron a grandes compositores nacionales e internacionales, y dieron lugar a grandes hitos musicales. En este ciclo recuperamos la esencia de esos conciertos, ofreciendo el mismo repertorio que entonces. Se escuchar\u00e1n obras de Pablo Sarasate, Bach, Mozart, Gounod, Verdi, Chueca o Barbieri, entre otros.<\/p>\n<p><span style=\"font-size: 12.0pt;\">Civivox Condestable, 12 horas. Entrada libre previa inscripci\u00f3n en el 010, en la red Civivox o en la web <a href=\"http:\/\/www.pamplonaescultura.es\">www.pamplonaescultura.es<\/a><\/span><\/p>\n<p>&nbsp;<br \/>\n<script async src=\"\/\/pagead2.googlesyndication.com\/pagead\/js\/adsbygoogle.js\"><\/script><br \/>\n<!-- Noticias La Guia de Pamplona --><br \/>\n<ins class=\"adsbygoogle\"\nstyle=\"display:block\"\ndata-ad-client=\"ca-pub-6943679897239327\"\ndata-ad-slot=\"7048180777\"\ndata-ad-format=\"auto\"><\/ins><br \/>\n<script>\n(adsbygoogle = window.adsbygoogle || []).push({});\n<\/script><\/p>\n","protected":false},"excerpt":{"rendered":"<p>Formato de visita-audici\u00f3n en la que recordamos el papel de Pablo Sarasate como promotor e impulsor de la vida musical de Pamplona. Las matin\u00e9es musicales organizadas por Sarasate atrajeron a&#8230;<\/p>\n","protected":false},"author":1,"featured_media":10998,"comment_status":"open","ping_status":"closed","template":"","meta":{"_tribe_events_status":"","_tribe_events_status_reason":"","footnotes":""},"tags":[],"tribe_events_cat":[9405],"class_list":["post-33545","tribe_events","type-tribe_events","status-publish","has-post-thumbnail","hentry","tribe_events_cat-ayuntamiento","cat_ayuntamiento"],"yoast_head":"<!-- This site is optimized with the Yoast SEO plugin v27.3 - https:\/\/yoast.com\/product\/yoast-seo-wordpress\/ -->\n<title>Visita \u2013 audici\u00f3n. Las Matine\u00e9s de Sarasate: Seis solo. Con Beatriz Pom\u00e9s (flauta) y Marta Ram\u00edrez (viol\u00edn). - La Gu\u00eda de Pamplona<\/title>\n<meta name=\"robots\" content=\"index, follow, max-snippet:-1, max-image-preview:large, max-video-preview:-1\" \/>\n<link rel=\"canonical\" href=\"https:\/\/www.laguiadepamplona.com\/actualidad\/evento\/visita-audicion-las-matinees-de-sarasate-seis-solo-con-beatriz-pomes-flauta-y-marta-ramirez-violin\/\" \/>\n<meta property=\"og:locale\" content=\"es_ES\" \/>\n<meta property=\"og:type\" content=\"article\" \/>\n<meta property=\"og:title\" content=\"Visita \u2013 audici\u00f3n. Las Matine\u00e9s de Sarasate: Seis solo. Con Beatriz Pom\u00e9s (flauta) y Marta Ram\u00edrez (viol\u00edn). - La Gu\u00eda de Pamplona\" \/>\n<meta property=\"og:description\" content=\"Formato de visita-audici\u00f3n en la que recordamos el papel de Pablo Sarasate como promotor e impulsor de la vida musical de Pamplona. Las matin\u00e9es musicales organizadas por Sarasate atrajeron a...\" \/>\n<meta property=\"og:url\" content=\"https:\/\/www.laguiadepamplona.com\/actualidad\/evento\/visita-audicion-las-matinees-de-sarasate-seis-solo-con-beatriz-pomes-flauta-y-marta-ramirez-violin\/\" \/>\n<meta property=\"og:site_name\" content=\"La Gu\u00eda de Pamplona\" \/>\n<meta property=\"article:publisher\" content=\"https:\/\/www.facebook.com\/laguiadepamplonacom-133175176762273\/?ref=hl\" \/>\n<meta property=\"og:image\" content=\"https:\/\/www.laguiadepamplona.com\/actualidad\/wp-content\/uploads\/2016\/12\/pablo_sarasate_sala_museo.jpg\" \/>\n\t<meta property=\"og:image:width\" content=\"1000\" \/>\n\t<meta property=\"og:image:height\" content=\"563\" \/>\n\t<meta property=\"og:image:type\" content=\"image\/jpeg\" \/>\n<meta name=\"twitter:card\" content=\"summary_large_image\" \/>\n<meta name=\"twitter:site\" content=\"@LaGuiadPamplona\" \/>\n<meta name=\"twitter:label1\" content=\"Tiempo de lectura\" \/>\n\t<meta name=\"twitter:data1\" content=\"1 minuto\" \/>\n<script type=\"application\/ld+json\" class=\"yoast-schema-graph\">{\"@context\":\"https:\\\/\\\/schema.org\",\"@graph\":[{\"@type\":\"WebPage\",\"@id\":\"https:\\\/\\\/www.laguiadepamplona.com\\\/actualidad\\\/evento\\\/visita-audicion-las-matinees-de-sarasate-seis-solo-con-beatriz-pomes-flauta-y-marta-ramirez-violin\\\/\",\"url\":\"https:\\\/\\\/www.laguiadepamplona.com\\\/actualidad\\\/evento\\\/visita-audicion-las-matinees-de-sarasate-seis-solo-con-beatriz-pomes-flauta-y-marta-ramirez-violin\\\/\",\"name\":\"Visita \u2013 audici\u00f3n. Las Matine\u00e9s de Sarasate: Seis solo. Con Beatriz Pom\u00e9s (flauta) y Marta Ram\u00edrez (viol\u00edn). - La Gu\u00eda de Pamplona\",\"isPartOf\":{\"@id\":\"https:\\\/\\\/www.laguiadepamplona.com\\\/actualidad\\\/#website\"},\"primaryImageOfPage\":{\"@id\":\"https:\\\/\\\/www.laguiadepamplona.com\\\/actualidad\\\/evento\\\/visita-audicion-las-matinees-de-sarasate-seis-solo-con-beatriz-pomes-flauta-y-marta-ramirez-violin\\\/#primaryimage\"},\"image\":{\"@id\":\"https:\\\/\\\/www.laguiadepamplona.com\\\/actualidad\\\/evento\\\/visita-audicion-las-matinees-de-sarasate-seis-solo-con-beatriz-pomes-flauta-y-marta-ramirez-violin\\\/#primaryimage\"},\"thumbnailUrl\":\"https:\\\/\\\/www.laguiadepamplona.com\\\/actualidad\\\/wp-content\\\/uploads\\\/2016\\\/12\\\/pablo_sarasate_sala_museo.jpg\",\"datePublished\":\"2021-03-04T16:48:42+00:00\",\"breadcrumb\":{\"@id\":\"https:\\\/\\\/www.laguiadepamplona.com\\\/actualidad\\\/evento\\\/visita-audicion-las-matinees-de-sarasate-seis-solo-con-beatriz-pomes-flauta-y-marta-ramirez-violin\\\/#breadcrumb\"},\"inLanguage\":\"es\",\"potentialAction\":[{\"@type\":\"ReadAction\",\"target\":[\"https:\\\/\\\/www.laguiadepamplona.com\\\/actualidad\\\/evento\\\/visita-audicion-las-matinees-de-sarasate-seis-solo-con-beatriz-pomes-flauta-y-marta-ramirez-violin\\\/\"]}]},{\"@type\":\"ImageObject\",\"inLanguage\":\"es\",\"@id\":\"https:\\\/\\\/www.laguiadepamplona.com\\\/actualidad\\\/evento\\\/visita-audicion-las-matinees-de-sarasate-seis-solo-con-beatriz-pomes-flauta-y-marta-ramirez-violin\\\/#primaryimage\",\"url\":\"https:\\\/\\\/www.laguiadepamplona.com\\\/actualidad\\\/wp-content\\\/uploads\\\/2016\\\/12\\\/pablo_sarasate_sala_museo.jpg\",\"contentUrl\":\"https:\\\/\\\/www.laguiadepamplona.com\\\/actualidad\\\/wp-content\\\/uploads\\\/2016\\\/12\\\/pablo_sarasate_sala_museo.jpg\",\"width\":1000,\"height\":563},{\"@type\":\"BreadcrumbList\",\"@id\":\"https:\\\/\\\/www.laguiadepamplona.com\\\/actualidad\\\/evento\\\/visita-audicion-las-matinees-de-sarasate-seis-solo-con-beatriz-pomes-flauta-y-marta-ramirez-violin\\\/#breadcrumb\",\"itemListElement\":[{\"@type\":\"ListItem\",\"position\":1,\"name\":\"Portada\",\"item\":\"https:\\\/\\\/www.laguiadepamplona.com\\\/actualidad\\\/\"},{\"@type\":\"ListItem\",\"position\":2,\"name\":\"Eventos\",\"item\":\"https:\\\/\\\/www.laguiadepamplona.com\\\/actualidad\\\/eventos\\\/\"},{\"@type\":\"ListItem\",\"position\":3,\"name\":\"Visita \u2013 audici\u00f3n. Las Matine\u00e9s de Sarasate: Seis solo. Con Beatriz Pom\u00e9s (flauta) y Marta Ram\u00edrez (viol\u00edn).\"}]},{\"@type\":\"WebSite\",\"@id\":\"https:\\\/\\\/www.laguiadepamplona.com\\\/actualidad\\\/#website\",\"url\":\"https:\\\/\\\/www.laguiadepamplona.com\\\/actualidad\\\/\",\"name\":\"La gu\u00eda de Pamplona\",\"description\":\"Noticias de Pamplona\",\"publisher\":{\"@id\":\"https:\\\/\\\/www.laguiadepamplona.com\\\/actualidad\\\/#organization\"},\"potentialAction\":[{\"@type\":\"SearchAction\",\"target\":{\"@type\":\"EntryPoint\",\"urlTemplate\":\"https:\\\/\\\/www.laguiadepamplona.com\\\/actualidad\\\/?s={search_term_string}\"},\"query-input\":{\"@type\":\"PropertyValueSpecification\",\"valueRequired\":true,\"valueName\":\"search_term_string\"}}],\"inLanguage\":\"es\"},{\"@type\":\"Organization\",\"@id\":\"https:\\\/\\\/www.laguiadepamplona.com\\\/actualidad\\\/#organization\",\"name\":\"La Gu\u00eda de Pamplona \\\/ Noticias\",\"url\":\"https:\\\/\\\/www.laguiadepamplona.com\\\/actualidad\\\/\",\"logo\":{\"@type\":\"ImageObject\",\"inLanguage\":\"es\",\"@id\":\"https:\\\/\\\/www.laguiadepamplona.com\\\/actualidad\\\/#\\\/schema\\\/logo\\\/image\\\/\",\"url\":\"https:\\\/\\\/www.laguiadepamplona.com\\\/actualidad\\\/wp-content\\\/uploads\\\/2018\\\/11\\\/logo-laguiadepamplona18-web1.png\",\"contentUrl\":\"https:\\\/\\\/www.laguiadepamplona.com\\\/actualidad\\\/wp-content\\\/uploads\\\/2018\\\/11\\\/logo-laguiadepamplona18-web1.png\",\"width\":600,\"height\":196,\"caption\":\"La Gu\u00eda de Pamplona \\\/ Noticias\"},\"image\":{\"@id\":\"https:\\\/\\\/www.laguiadepamplona.com\\\/actualidad\\\/#\\\/schema\\\/logo\\\/image\\\/\"},\"sameAs\":[\"https:\\\/\\\/www.facebook.com\\\/laguiadepamplonacom-133175176762273\\\/?ref=hl\",\"https:\\\/\\\/x.com\\\/LaGuiadPamplona\",\"https:\\\/\\\/www.instagram.com\\\/la_guia_de_pamplona\\\/\",\"https:\\\/\\\/www.youtube.com\\\/user\\\/laguiadepamplona\"]}]}<\/script>\n<!-- \/ Yoast SEO plugin. -->","yoast_head_json":{"title":"Visita \u2013 audici\u00f3n. Las Matine\u00e9s de Sarasate: Seis solo. Con Beatriz Pom\u00e9s (flauta) y Marta Ram\u00edrez (viol\u00edn). - La Gu\u00eda de Pamplona","robots":{"index":"index","follow":"follow","max-snippet":"max-snippet:-1","max-image-preview":"max-image-preview:large","max-video-preview":"max-video-preview:-1"},"canonical":"https:\/\/www.laguiadepamplona.com\/actualidad\/evento\/visita-audicion-las-matinees-de-sarasate-seis-solo-con-beatriz-pomes-flauta-y-marta-ramirez-violin\/","og_locale":"es_ES","og_type":"article","og_title":"Visita \u2013 audici\u00f3n. Las Matine\u00e9s de Sarasate: Seis solo. Con Beatriz Pom\u00e9s (flauta) y Marta Ram\u00edrez (viol\u00edn). - La Gu\u00eda de Pamplona","og_description":"Formato de visita-audici\u00f3n en la que recordamos el papel de Pablo Sarasate como promotor e impulsor de la vida musical de Pamplona. Las matin\u00e9es musicales organizadas por Sarasate atrajeron a...","og_url":"https:\/\/www.laguiadepamplona.com\/actualidad\/evento\/visita-audicion-las-matinees-de-sarasate-seis-solo-con-beatriz-pomes-flauta-y-marta-ramirez-violin\/","og_site_name":"La Gu\u00eda de Pamplona","article_publisher":"https:\/\/www.facebook.com\/laguiadepamplonacom-133175176762273\/?ref=hl","og_image":[{"width":1000,"height":563,"url":"https:\/\/www.laguiadepamplona.com\/actualidad\/wp-content\/uploads\/2016\/12\/pablo_sarasate_sala_museo.jpg","type":"image\/jpeg"}],"twitter_card":"summary_large_image","twitter_site":"@LaGuiadPamplona","twitter_misc":{"Tiempo de lectura":"1 minuto"},"schema":{"@context":"https:\/\/schema.org","@graph":[{"@type":"WebPage","@id":"https:\/\/www.laguiadepamplona.com\/actualidad\/evento\/visita-audicion-las-matinees-de-sarasate-seis-solo-con-beatriz-pomes-flauta-y-marta-ramirez-violin\/","url":"https:\/\/www.laguiadepamplona.com\/actualidad\/evento\/visita-audicion-las-matinees-de-sarasate-seis-solo-con-beatriz-pomes-flauta-y-marta-ramirez-violin\/","name":"Visita \u2013 audici\u00f3n. Las Matine\u00e9s de Sarasate: Seis solo. Con Beatriz Pom\u00e9s (flauta) y Marta Ram\u00edrez (viol\u00edn). - La Gu\u00eda de Pamplona","isPartOf":{"@id":"https:\/\/www.laguiadepamplona.com\/actualidad\/#website"},"primaryImageOfPage":{"@id":"https:\/\/www.laguiadepamplona.com\/actualidad\/evento\/visita-audicion-las-matinees-de-sarasate-seis-solo-con-beatriz-pomes-flauta-y-marta-ramirez-violin\/#primaryimage"},"image":{"@id":"https:\/\/www.laguiadepamplona.com\/actualidad\/evento\/visita-audicion-las-matinees-de-sarasate-seis-solo-con-beatriz-pomes-flauta-y-marta-ramirez-violin\/#primaryimage"},"thumbnailUrl":"https:\/\/www.laguiadepamplona.com\/actualidad\/wp-content\/uploads\/2016\/12\/pablo_sarasate_sala_museo.jpg","datePublished":"2021-03-04T16:48:42+00:00","breadcrumb":{"@id":"https:\/\/www.laguiadepamplona.com\/actualidad\/evento\/visita-audicion-las-matinees-de-sarasate-seis-solo-con-beatriz-pomes-flauta-y-marta-ramirez-violin\/#breadcrumb"},"inLanguage":"es","potentialAction":[{"@type":"ReadAction","target":["https:\/\/www.laguiadepamplona.com\/actualidad\/evento\/visita-audicion-las-matinees-de-sarasate-seis-solo-con-beatriz-pomes-flauta-y-marta-ramirez-violin\/"]}]},{"@type":"ImageObject","inLanguage":"es","@id":"https:\/\/www.laguiadepamplona.com\/actualidad\/evento\/visita-audicion-las-matinees-de-sarasate-seis-solo-con-beatriz-pomes-flauta-y-marta-ramirez-violin\/#primaryimage","url":"https:\/\/www.laguiadepamplona.com\/actualidad\/wp-content\/uploads\/2016\/12\/pablo_sarasate_sala_museo.jpg","contentUrl":"https:\/\/www.laguiadepamplona.com\/actualidad\/wp-content\/uploads\/2016\/12\/pablo_sarasate_sala_museo.jpg","width":1000,"height":563},{"@type":"BreadcrumbList","@id":"https:\/\/www.laguiadepamplona.com\/actualidad\/evento\/visita-audicion-las-matinees-de-sarasate-seis-solo-con-beatriz-pomes-flauta-y-marta-ramirez-violin\/#breadcrumb","itemListElement":[{"@type":"ListItem","position":1,"name":"Portada","item":"https:\/\/www.laguiadepamplona.com\/actualidad\/"},{"@type":"ListItem","position":2,"name":"Eventos","item":"https:\/\/www.laguiadepamplona.com\/actualidad\/eventos\/"},{"@type":"ListItem","position":3,"name":"Visita \u2013 audici\u00f3n. Las Matine\u00e9s de Sarasate: Seis solo. Con Beatriz Pom\u00e9s (flauta) y Marta Ram\u00edrez (viol\u00edn)."}]},{"@type":"WebSite","@id":"https:\/\/www.laguiadepamplona.com\/actualidad\/#website","url":"https:\/\/www.laguiadepamplona.com\/actualidad\/","name":"La gu\u00eda de Pamplona","description":"Noticias de Pamplona","publisher":{"@id":"https:\/\/www.laguiadepamplona.com\/actualidad\/#organization"},"potentialAction":[{"@type":"SearchAction","target":{"@type":"EntryPoint","urlTemplate":"https:\/\/www.laguiadepamplona.com\/actualidad\/?s={search_term_string}"},"query-input":{"@type":"PropertyValueSpecification","valueRequired":true,"valueName":"search_term_string"}}],"inLanguage":"es"},{"@type":"Organization","@id":"https:\/\/www.laguiadepamplona.com\/actualidad\/#organization","name":"La Gu\u00eda de Pamplona \/ Noticias","url":"https:\/\/www.laguiadepamplona.com\/actualidad\/","logo":{"@type":"ImageObject","inLanguage":"es","@id":"https:\/\/www.laguiadepamplona.com\/actualidad\/#\/schema\/logo\/image\/","url":"https:\/\/www.laguiadepamplona.com\/actualidad\/wp-content\/uploads\/2018\/11\/logo-laguiadepamplona18-web1.png","contentUrl":"https:\/\/www.laguiadepamplona.com\/actualidad\/wp-content\/uploads\/2018\/11\/logo-laguiadepamplona18-web1.png","width":600,"height":196,"caption":"La Gu\u00eda de Pamplona \/ Noticias"},"image":{"@id":"https:\/\/www.laguiadepamplona.com\/actualidad\/#\/schema\/logo\/image\/"},"sameAs":["https:\/\/www.facebook.com\/laguiadepamplonacom-133175176762273\/?ref=hl","https:\/\/x.com\/LaGuiadPamplona","https:\/\/www.instagram.com\/la_guia_de_pamplona\/","https:\/\/www.youtube.com\/user\/laguiadepamplona"]}]}},"post_mailing_queue_ids":[],"_links":{"self":[{"href":"https:\/\/www.laguiadepamplona.com\/actualidad\/wp-json\/wp\/v2\/tribe_events\/33545","targetHints":{"allow":["GET"]}}],"collection":[{"href":"https:\/\/www.laguiadepamplona.com\/actualidad\/wp-json\/wp\/v2\/tribe_events"}],"about":[{"href":"https:\/\/www.laguiadepamplona.com\/actualidad\/wp-json\/wp\/v2\/types\/tribe_events"}],"author":[{"embeddable":true,"href":"https:\/\/www.laguiadepamplona.com\/actualidad\/wp-json\/wp\/v2\/users\/1"}],"replies":[{"embeddable":true,"href":"https:\/\/www.laguiadepamplona.com\/actualidad\/wp-json\/wp\/v2\/comments?post=33545"}],"version-history":[{"count":0,"href":"https:\/\/www.laguiadepamplona.com\/actualidad\/wp-json\/wp\/v2\/tribe_events\/33545\/revisions"}],"wp:featuredmedia":[{"embeddable":true,"href":"https:\/\/www.laguiadepamplona.com\/actualidad\/wp-json\/wp\/v2\/media\/10998"}],"wp:attachment":[{"href":"https:\/\/www.laguiadepamplona.com\/actualidad\/wp-json\/wp\/v2\/media?parent=33545"}],"wp:term":[{"taxonomy":"post_tag","embeddable":true,"href":"https:\/\/www.laguiadepamplona.com\/actualidad\/wp-json\/wp\/v2\/tags?post=33545"},{"taxonomy":"tribe_events_cat","embeddable":true,"href":"https:\/\/www.laguiadepamplona.com\/actualidad\/wp-json\/wp\/v2\/tribe_events_cat?post=33545"}],"curies":[{"name":"wp","href":"https:\/\/api.w.org\/{rel}","templated":true}]}}