{"id":32914,"date":"2021-01-25T17:47:30","date_gmt":"2021-01-25T15:47:30","guid":{"rendered":"https:\/\/www.laguiadepamplona.es\/actualidad\/?post_type=tribe_events&#038;p=32914"},"modified":"2021-01-25T17:47:30","modified_gmt":"2021-01-25T15:47:30","slug":"charla-coloquio-la-ciudad-resiliente-al-cambio-climatico-ejemplos-de-mitigacion-en-europa-y-escenarios-climaticos-de-pamplona","status":"publish","type":"tribe_events","link":"https:\/\/www.laguiadepamplona.com\/actualidad\/evento\/charla-coloquio-la-ciudad-resiliente-al-cambio-climatico-ejemplos-de-mitigacion-en-europa-y-escenarios-climaticos-de-pamplona\/","title":{"rendered":"Charla \u2013 coloquio. \u2018La ciudad resiliente al cambio clim\u00e1tico. Ejemplos de mitigaci\u00f3n en Europa y escenarios clim\u00e1ticos de Pamplona."},"content":{"rendered":"<p class=\"3Texto\">La actual crisis sanitaria est\u00e1 estrechamente relacionada con la crisis ambiental global, en la que el cambio clim\u00e1tico es el mayor y el m\u00e1s urgente de los retos a que nos enfrentamos. \u00bfQu\u00e9 ejemplos encontramos en otras ciudades europeas con el fin de mitigar el cambio clim\u00e1tico? \u00bfQu\u00e9 escenarios se prev\u00e9n para Pamplona? Participar\u00e1n Javier Zardoya Illana, que actualmente trabaja en la Agencia Energ\u00e9tica del Ayuntamiento de Pamplona; Marta Torres Gonz\u00e1lez, t\u00e9cnica del Servicio de Agenda 21 Local del Ayuntamiento de Pamplona; y D\u00e1maso Mun\u00e1rriz Guezala, t\u00e9cnico de Nasuvinsa.<\/p>\n<p><span style=\"font-size: 12.0pt;\">Museo de Educaci\u00f3n Ambiental, 19 horas. Simult\u00e1neamente se emitir\u00e1 online. Inscripciones para participar en ambas modalidades en el tel\u00e9fono 010 (948 420 100)<\/span><\/p>\n<p>&nbsp;<br \/>\n<script async src=\"\/\/pagead2.googlesyndication.com\/pagead\/js\/adsbygoogle.js\"><\/script><br \/>\n<!-- Noticias La Guia de Pamplona --><br \/>\n<ins class=\"adsbygoogle\"\nstyle=\"display:block\"\ndata-ad-client=\"ca-pub-6943679897239327\"\ndata-ad-slot=\"7048180777\"\ndata-ad-format=\"auto\"><\/ins><br \/>\n<script>\n(adsbygoogle = window.adsbygoogle || []).push({});\n<\/script><\/p>\n","protected":false},"excerpt":{"rendered":"<p>La actual crisis sanitaria est\u00e1 estrechamente relacionada con la crisis ambiental global, en la que el cambio clim\u00e1tico es el mayor y el m\u00e1s urgente de los retos a que&#8230;<\/p>\n","protected":false},"author":1,"featured_media":32687,"comment_status":"open","ping_status":"closed","template":"","meta":{"_tribe_events_status":"","_tribe_events_status_reason":"","footnotes":""},"tags":[],"tribe_events_cat":[9405],"class_list":["post-32914","tribe_events","type-tribe_events","status-publish","has-post-thumbnail","hentry","tribe_events_cat-ayuntamiento","cat_ayuntamiento"],"yoast_head":"<!-- This site is optimized with the Yoast SEO plugin v27.3 - https:\/\/yoast.com\/product\/yoast-seo-wordpress\/ -->\n<title>Charla \u2013 coloquio. \u2018La ciudad resiliente al cambio clim\u00e1tico. Ejemplos de mitigaci\u00f3n en Europa y escenarios clim\u00e1ticos de Pamplona. - La Gu\u00eda de Pamplona<\/title>\n<meta name=\"robots\" content=\"index, follow, max-snippet:-1, max-image-preview:large, max-video-preview:-1\" \/>\n<link rel=\"canonical\" href=\"https:\/\/www.laguiadepamplona.com\/actualidad\/evento\/charla-coloquio-la-ciudad-resiliente-al-cambio-climatico-ejemplos-de-mitigacion-en-europa-y-escenarios-climaticos-de-pamplona\/\" \/>\n<meta property=\"og:locale\" content=\"es_ES\" \/>\n<meta property=\"og:type\" content=\"article\" \/>\n<meta property=\"og:title\" content=\"Charla \u2013 coloquio. \u2018La ciudad resiliente al cambio clim\u00e1tico. Ejemplos de mitigaci\u00f3n en Europa y escenarios clim\u00e1ticos de Pamplona. - La Gu\u00eda de Pamplona\" \/>\n<meta property=\"og:description\" content=\"La actual crisis sanitaria est\u00e1 estrechamente relacionada con la crisis ambiental global, en la que el cambio clim\u00e1tico es el mayor y el m\u00e1s urgente de los retos a que...\" \/>\n<meta property=\"og:url\" content=\"https:\/\/www.laguiadepamplona.com\/actualidad\/evento\/charla-coloquio-la-ciudad-resiliente-al-cambio-climatico-ejemplos-de-mitigacion-en-europa-y-escenarios-climaticos-de-pamplona\/\" \/>\n<meta property=\"og:site_name\" content=\"La Gu\u00eda de Pamplona\" \/>\n<meta property=\"article:publisher\" content=\"https:\/\/www.facebook.com\/laguiadepamplonacom-133175176762273\/?ref=hl\" \/>\n<meta property=\"og:image\" content=\"https:\/\/www.laguiadepamplona.com\/actualidad\/wp-content\/uploads\/2021\/01\/museo-educacion-ambiental.jpg\" \/>\n\t<meta property=\"og:image:width\" content=\"1920\" \/>\n\t<meta property=\"og:image:height\" content=\"1059\" \/>\n\t<meta property=\"og:image:type\" content=\"image\/jpeg\" \/>\n<meta name=\"twitter:card\" content=\"summary_large_image\" \/>\n<meta name=\"twitter:site\" content=\"@LaGuiadPamplona\" \/>\n<meta name=\"twitter:label1\" content=\"Tiempo de lectura\" \/>\n\t<meta name=\"twitter:data1\" content=\"1 minuto\" \/>\n<script type=\"application\/ld+json\" class=\"yoast-schema-graph\">{\"@context\":\"https:\\\/\\\/schema.org\",\"@graph\":[{\"@type\":\"WebPage\",\"@id\":\"https:\\\/\\\/www.laguiadepamplona.com\\\/actualidad\\\/evento\\\/charla-coloquio-la-ciudad-resiliente-al-cambio-climatico-ejemplos-de-mitigacion-en-europa-y-escenarios-climaticos-de-pamplona\\\/\",\"url\":\"https:\\\/\\\/www.laguiadepamplona.com\\\/actualidad\\\/evento\\\/charla-coloquio-la-ciudad-resiliente-al-cambio-climatico-ejemplos-de-mitigacion-en-europa-y-escenarios-climaticos-de-pamplona\\\/\",\"name\":\"Charla \u2013 coloquio. \u2018La ciudad resiliente al cambio clim\u00e1tico. Ejemplos de mitigaci\u00f3n en Europa y escenarios clim\u00e1ticos de Pamplona. - La Gu\u00eda de Pamplona\",\"isPartOf\":{\"@id\":\"https:\\\/\\\/www.laguiadepamplona.com\\\/actualidad\\\/#website\"},\"primaryImageOfPage\":{\"@id\":\"https:\\\/\\\/www.laguiadepamplona.com\\\/actualidad\\\/evento\\\/charla-coloquio-la-ciudad-resiliente-al-cambio-climatico-ejemplos-de-mitigacion-en-europa-y-escenarios-climaticos-de-pamplona\\\/#primaryimage\"},\"image\":{\"@id\":\"https:\\\/\\\/www.laguiadepamplona.com\\\/actualidad\\\/evento\\\/charla-coloquio-la-ciudad-resiliente-al-cambio-climatico-ejemplos-de-mitigacion-en-europa-y-escenarios-climaticos-de-pamplona\\\/#primaryimage\"},\"thumbnailUrl\":\"https:\\\/\\\/www.laguiadepamplona.com\\\/actualidad\\\/wp-content\\\/uploads\\\/2021\\\/01\\\/museo-educacion-ambiental.jpg\",\"datePublished\":\"2021-01-25T15:47:30+00:00\",\"breadcrumb\":{\"@id\":\"https:\\\/\\\/www.laguiadepamplona.com\\\/actualidad\\\/evento\\\/charla-coloquio-la-ciudad-resiliente-al-cambio-climatico-ejemplos-de-mitigacion-en-europa-y-escenarios-climaticos-de-pamplona\\\/#breadcrumb\"},\"inLanguage\":\"es\",\"potentialAction\":[{\"@type\":\"ReadAction\",\"target\":[\"https:\\\/\\\/www.laguiadepamplona.com\\\/actualidad\\\/evento\\\/charla-coloquio-la-ciudad-resiliente-al-cambio-climatico-ejemplos-de-mitigacion-en-europa-y-escenarios-climaticos-de-pamplona\\\/\"]}]},{\"@type\":\"ImageObject\",\"inLanguage\":\"es\",\"@id\":\"https:\\\/\\\/www.laguiadepamplona.com\\\/actualidad\\\/evento\\\/charla-coloquio-la-ciudad-resiliente-al-cambio-climatico-ejemplos-de-mitigacion-en-europa-y-escenarios-climaticos-de-pamplona\\\/#primaryimage\",\"url\":\"https:\\\/\\\/www.laguiadepamplona.com\\\/actualidad\\\/wp-content\\\/uploads\\\/2021\\\/01\\\/museo-educacion-ambiental.jpg\",\"contentUrl\":\"https:\\\/\\\/www.laguiadepamplona.com\\\/actualidad\\\/wp-content\\\/uploads\\\/2021\\\/01\\\/museo-educacion-ambiental.jpg\",\"width\":1920,\"height\":1059},{\"@type\":\"BreadcrumbList\",\"@id\":\"https:\\\/\\\/www.laguiadepamplona.com\\\/actualidad\\\/evento\\\/charla-coloquio-la-ciudad-resiliente-al-cambio-climatico-ejemplos-de-mitigacion-en-europa-y-escenarios-climaticos-de-pamplona\\\/#breadcrumb\",\"itemListElement\":[{\"@type\":\"ListItem\",\"position\":1,\"name\":\"Portada\",\"item\":\"https:\\\/\\\/www.laguiadepamplona.com\\\/actualidad\\\/\"},{\"@type\":\"ListItem\",\"position\":2,\"name\":\"Eventos\",\"item\":\"https:\\\/\\\/www.laguiadepamplona.com\\\/actualidad\\\/eventos\\\/\"},{\"@type\":\"ListItem\",\"position\":3,\"name\":\"Charla \u2013 coloquio. \u2018La ciudad resiliente al cambio clim\u00e1tico. Ejemplos de mitigaci\u00f3n en Europa y escenarios clim\u00e1ticos de Pamplona.\"}]},{\"@type\":\"WebSite\",\"@id\":\"https:\\\/\\\/www.laguiadepamplona.com\\\/actualidad\\\/#website\",\"url\":\"https:\\\/\\\/www.laguiadepamplona.com\\\/actualidad\\\/\",\"name\":\"La gu\u00eda de Pamplona\",\"description\":\"Noticias de Pamplona\",\"publisher\":{\"@id\":\"https:\\\/\\\/www.laguiadepamplona.com\\\/actualidad\\\/#organization\"},\"potentialAction\":[{\"@type\":\"SearchAction\",\"target\":{\"@type\":\"EntryPoint\",\"urlTemplate\":\"https:\\\/\\\/www.laguiadepamplona.com\\\/actualidad\\\/?s={search_term_string}\"},\"query-input\":{\"@type\":\"PropertyValueSpecification\",\"valueRequired\":true,\"valueName\":\"search_term_string\"}}],\"inLanguage\":\"es\"},{\"@type\":\"Organization\",\"@id\":\"https:\\\/\\\/www.laguiadepamplona.com\\\/actualidad\\\/#organization\",\"name\":\"La Gu\u00eda de Pamplona \\\/ Noticias\",\"url\":\"https:\\\/\\\/www.laguiadepamplona.com\\\/actualidad\\\/\",\"logo\":{\"@type\":\"ImageObject\",\"inLanguage\":\"es\",\"@id\":\"https:\\\/\\\/www.laguiadepamplona.com\\\/actualidad\\\/#\\\/schema\\\/logo\\\/image\\\/\",\"url\":\"https:\\\/\\\/www.laguiadepamplona.com\\\/actualidad\\\/wp-content\\\/uploads\\\/2018\\\/11\\\/logo-laguiadepamplona18-web1.png\",\"contentUrl\":\"https:\\\/\\\/www.laguiadepamplona.com\\\/actualidad\\\/wp-content\\\/uploads\\\/2018\\\/11\\\/logo-laguiadepamplona18-web1.png\",\"width\":600,\"height\":196,\"caption\":\"La Gu\u00eda de Pamplona \\\/ Noticias\"},\"image\":{\"@id\":\"https:\\\/\\\/www.laguiadepamplona.com\\\/actualidad\\\/#\\\/schema\\\/logo\\\/image\\\/\"},\"sameAs\":[\"https:\\\/\\\/www.facebook.com\\\/laguiadepamplonacom-133175176762273\\\/?ref=hl\",\"https:\\\/\\\/x.com\\\/LaGuiadPamplona\",\"https:\\\/\\\/www.instagram.com\\\/la_guia_de_pamplona\\\/\",\"https:\\\/\\\/www.youtube.com\\\/user\\\/laguiadepamplona\"]}]}<\/script>\n<!-- \/ Yoast SEO plugin. -->","yoast_head_json":{"title":"Charla \u2013 coloquio. \u2018La ciudad resiliente al cambio clim\u00e1tico. Ejemplos de mitigaci\u00f3n en Europa y escenarios clim\u00e1ticos de Pamplona. - La Gu\u00eda de Pamplona","robots":{"index":"index","follow":"follow","max-snippet":"max-snippet:-1","max-image-preview":"max-image-preview:large","max-video-preview":"max-video-preview:-1"},"canonical":"https:\/\/www.laguiadepamplona.com\/actualidad\/evento\/charla-coloquio-la-ciudad-resiliente-al-cambio-climatico-ejemplos-de-mitigacion-en-europa-y-escenarios-climaticos-de-pamplona\/","og_locale":"es_ES","og_type":"article","og_title":"Charla \u2013 coloquio. \u2018La ciudad resiliente al cambio clim\u00e1tico. Ejemplos de mitigaci\u00f3n en Europa y escenarios clim\u00e1ticos de Pamplona. - La Gu\u00eda de Pamplona","og_description":"La actual crisis sanitaria est\u00e1 estrechamente relacionada con la crisis ambiental global, en la que el cambio clim\u00e1tico es el mayor y el m\u00e1s urgente de los retos a que...","og_url":"https:\/\/www.laguiadepamplona.com\/actualidad\/evento\/charla-coloquio-la-ciudad-resiliente-al-cambio-climatico-ejemplos-de-mitigacion-en-europa-y-escenarios-climaticos-de-pamplona\/","og_site_name":"La Gu\u00eda de Pamplona","article_publisher":"https:\/\/www.facebook.com\/laguiadepamplonacom-133175176762273\/?ref=hl","og_image":[{"width":1920,"height":1059,"url":"https:\/\/www.laguiadepamplona.com\/actualidad\/wp-content\/uploads\/2021\/01\/museo-educacion-ambiental.jpg","type":"image\/jpeg"}],"twitter_card":"summary_large_image","twitter_site":"@LaGuiadPamplona","twitter_misc":{"Tiempo de lectura":"1 minuto"},"schema":{"@context":"https:\/\/schema.org","@graph":[{"@type":"WebPage","@id":"https:\/\/www.laguiadepamplona.com\/actualidad\/evento\/charla-coloquio-la-ciudad-resiliente-al-cambio-climatico-ejemplos-de-mitigacion-en-europa-y-escenarios-climaticos-de-pamplona\/","url":"https:\/\/www.laguiadepamplona.com\/actualidad\/evento\/charla-coloquio-la-ciudad-resiliente-al-cambio-climatico-ejemplos-de-mitigacion-en-europa-y-escenarios-climaticos-de-pamplona\/","name":"Charla \u2013 coloquio. \u2018La ciudad resiliente al cambio clim\u00e1tico. Ejemplos de mitigaci\u00f3n en Europa y escenarios clim\u00e1ticos de Pamplona. - La Gu\u00eda de Pamplona","isPartOf":{"@id":"https:\/\/www.laguiadepamplona.com\/actualidad\/#website"},"primaryImageOfPage":{"@id":"https:\/\/www.laguiadepamplona.com\/actualidad\/evento\/charla-coloquio-la-ciudad-resiliente-al-cambio-climatico-ejemplos-de-mitigacion-en-europa-y-escenarios-climaticos-de-pamplona\/#primaryimage"},"image":{"@id":"https:\/\/www.laguiadepamplona.com\/actualidad\/evento\/charla-coloquio-la-ciudad-resiliente-al-cambio-climatico-ejemplos-de-mitigacion-en-europa-y-escenarios-climaticos-de-pamplona\/#primaryimage"},"thumbnailUrl":"https:\/\/www.laguiadepamplona.com\/actualidad\/wp-content\/uploads\/2021\/01\/museo-educacion-ambiental.jpg","datePublished":"2021-01-25T15:47:30+00:00","breadcrumb":{"@id":"https:\/\/www.laguiadepamplona.com\/actualidad\/evento\/charla-coloquio-la-ciudad-resiliente-al-cambio-climatico-ejemplos-de-mitigacion-en-europa-y-escenarios-climaticos-de-pamplona\/#breadcrumb"},"inLanguage":"es","potentialAction":[{"@type":"ReadAction","target":["https:\/\/www.laguiadepamplona.com\/actualidad\/evento\/charla-coloquio-la-ciudad-resiliente-al-cambio-climatico-ejemplos-de-mitigacion-en-europa-y-escenarios-climaticos-de-pamplona\/"]}]},{"@type":"ImageObject","inLanguage":"es","@id":"https:\/\/www.laguiadepamplona.com\/actualidad\/evento\/charla-coloquio-la-ciudad-resiliente-al-cambio-climatico-ejemplos-de-mitigacion-en-europa-y-escenarios-climaticos-de-pamplona\/#primaryimage","url":"https:\/\/www.laguiadepamplona.com\/actualidad\/wp-content\/uploads\/2021\/01\/museo-educacion-ambiental.jpg","contentUrl":"https:\/\/www.laguiadepamplona.com\/actualidad\/wp-content\/uploads\/2021\/01\/museo-educacion-ambiental.jpg","width":1920,"height":1059},{"@type":"BreadcrumbList","@id":"https:\/\/www.laguiadepamplona.com\/actualidad\/evento\/charla-coloquio-la-ciudad-resiliente-al-cambio-climatico-ejemplos-de-mitigacion-en-europa-y-escenarios-climaticos-de-pamplona\/#breadcrumb","itemListElement":[{"@type":"ListItem","position":1,"name":"Portada","item":"https:\/\/www.laguiadepamplona.com\/actualidad\/"},{"@type":"ListItem","position":2,"name":"Eventos","item":"https:\/\/www.laguiadepamplona.com\/actualidad\/eventos\/"},{"@type":"ListItem","position":3,"name":"Charla \u2013 coloquio. \u2018La ciudad resiliente al cambio clim\u00e1tico. Ejemplos de mitigaci\u00f3n en Europa y escenarios clim\u00e1ticos de Pamplona."}]},{"@type":"WebSite","@id":"https:\/\/www.laguiadepamplona.com\/actualidad\/#website","url":"https:\/\/www.laguiadepamplona.com\/actualidad\/","name":"La gu\u00eda de Pamplona","description":"Noticias de Pamplona","publisher":{"@id":"https:\/\/www.laguiadepamplona.com\/actualidad\/#organization"},"potentialAction":[{"@type":"SearchAction","target":{"@type":"EntryPoint","urlTemplate":"https:\/\/www.laguiadepamplona.com\/actualidad\/?s={search_term_string}"},"query-input":{"@type":"PropertyValueSpecification","valueRequired":true,"valueName":"search_term_string"}}],"inLanguage":"es"},{"@type":"Organization","@id":"https:\/\/www.laguiadepamplona.com\/actualidad\/#organization","name":"La Gu\u00eda de Pamplona \/ Noticias","url":"https:\/\/www.laguiadepamplona.com\/actualidad\/","logo":{"@type":"ImageObject","inLanguage":"es","@id":"https:\/\/www.laguiadepamplona.com\/actualidad\/#\/schema\/logo\/image\/","url":"https:\/\/www.laguiadepamplona.com\/actualidad\/wp-content\/uploads\/2018\/11\/logo-laguiadepamplona18-web1.png","contentUrl":"https:\/\/www.laguiadepamplona.com\/actualidad\/wp-content\/uploads\/2018\/11\/logo-laguiadepamplona18-web1.png","width":600,"height":196,"caption":"La Gu\u00eda de Pamplona \/ Noticias"},"image":{"@id":"https:\/\/www.laguiadepamplona.com\/actualidad\/#\/schema\/logo\/image\/"},"sameAs":["https:\/\/www.facebook.com\/laguiadepamplonacom-133175176762273\/?ref=hl","https:\/\/x.com\/LaGuiadPamplona","https:\/\/www.instagram.com\/la_guia_de_pamplona\/","https:\/\/www.youtube.com\/user\/laguiadepamplona"]}]}},"post_mailing_queue_ids":[],"_links":{"self":[{"href":"https:\/\/www.laguiadepamplona.com\/actualidad\/wp-json\/wp\/v2\/tribe_events\/32914","targetHints":{"allow":["GET"]}}],"collection":[{"href":"https:\/\/www.laguiadepamplona.com\/actualidad\/wp-json\/wp\/v2\/tribe_events"}],"about":[{"href":"https:\/\/www.laguiadepamplona.com\/actualidad\/wp-json\/wp\/v2\/types\/tribe_events"}],"author":[{"embeddable":true,"href":"https:\/\/www.laguiadepamplona.com\/actualidad\/wp-json\/wp\/v2\/users\/1"}],"replies":[{"embeddable":true,"href":"https:\/\/www.laguiadepamplona.com\/actualidad\/wp-json\/wp\/v2\/comments?post=32914"}],"version-history":[{"count":0,"href":"https:\/\/www.laguiadepamplona.com\/actualidad\/wp-json\/wp\/v2\/tribe_events\/32914\/revisions"}],"wp:featuredmedia":[{"embeddable":true,"href":"https:\/\/www.laguiadepamplona.com\/actualidad\/wp-json\/wp\/v2\/media\/32687"}],"wp:attachment":[{"href":"https:\/\/www.laguiadepamplona.com\/actualidad\/wp-json\/wp\/v2\/media?parent=32914"}],"wp:term":[{"taxonomy":"post_tag","embeddable":true,"href":"https:\/\/www.laguiadepamplona.com\/actualidad\/wp-json\/wp\/v2\/tags?post=32914"},{"taxonomy":"tribe_events_cat","embeddable":true,"href":"https:\/\/www.laguiadepamplona.com\/actualidad\/wp-json\/wp\/v2\/tribe_events_cat?post=32914"}],"curies":[{"name":"wp","href":"https:\/\/api.w.org\/{rel}","templated":true}]}}